{"id":1342,"date":"2023-09-20T18:24:26","date_gmt":"2023-09-20T18:24:26","guid":{"rendered":"https:\/\/vpi.int\/hu\/?page_id=1342"},"modified":"2024-02-02T05:54:57","modified_gmt":"2024-02-02T05:54:57","slug":"12-nemzetkozi-jellegu-kutatas","status":"publish","type":"page","link":"https:\/\/vpi.int\/hu\/12-nemzetkozi-jellegu-kutatas\/","title":{"rendered":"Nemzetk\u00f6zi jelleg\u0171 kutat\u00e1s"},"content":{"rendered":"<p>[et_pb_section fb_built=&#8221;1&#8243; _builder_version=&#8221;4.17.1&#8243; _module_preset=&#8221;default&#8221; background_enable_color=&#8221;off&#8221; use_background_color_gradient=&#8221;on&#8221; background_color_gradient_direction=&#8221;70deg&#8221; background_color_gradient_stops=&#8221;#001a44 0%|rgba(0,168,170,0.55) 99%&#8221; background_enable_image=&#8221;off&#8221; background_blend=&#8221;soft-light&#8221; background_enable_pattern_style=&#8221;on&#8221; background_pattern_style=&#8221;diagonal-stripes-2&#8243; background_pattern_color=&#8221;rgba(0,117,118,0.17)&#8221; custom_padding=&#8221;120px||0px||false|false&#8221; animation_style=&#8221;slide&#8221; animation_direction=&#8221;bottom&#8221; animation_intensity_slide=&#8221;5%&#8221; global_colors_info=&#8221;{}&#8221;][et_pb_row _builder_version=&#8221;4.17.1&#8243; _module_preset=&#8221;default&#8221; background_enable_color=&#8221;off&#8221; custom_padding=&#8221;0px|30px|0px|30px|true|true&#8221; border_color_all=&#8221;#007576&#8243; global_colors_info=&#8221;{}&#8221;][et_pb_column type=&#8221;4_4&#8243; _builder_version=&#8221;4.17.1&#8243; _module_preset=&#8221;default&#8221; global_colors_info=&#8221;{}&#8221;][et_pb_text _builder_version=&#8221;4.17.1&#8243; _module_preset=&#8221;default&#8221; text_font=&#8221;Barlow|300||on|||||&#8221; text_text_color=&#8221;#FFFFFF&#8221; text_font_size=&#8221;22px&#8221; text_letter_spacing=&#8221;5px&#8221; text_line_height=&#8221;1.5em&#8221; header_text_color=&#8221;#FFFFFF&#8221; header_2_font=&#8221;Barlow|600||on|||||&#8221; header_2_text_color=&#8221;#FFFFFF&#8221; header_2_font_size=&#8221;40px&#8221; header_2_letter_spacing=&#8221;5px&#8221; header_2_line_height=&#8221;1.1em&#8221; width=&#8221;70%&#8221; header_2_font_size_tablet=&#8221;40px&#8221; header_2_font_size_phone=&#8221;20px&#8221; header_2_font_size_last_edited=&#8221;on|phone&#8221; global_colors_info=&#8221;{}&#8221;]<\/p>\n<h2>Nemzetk\u00f6zi jelleg\u0171 kutat\u00e1s<\/h2>\n<p>[\/et_pb_text][et_pb_blurb url=&#8221;#Services&#8221; use_icon=&#8221;on&#8221; icon_color=&#8221;#ffffff&#8221; image_icon_width=&#8221;30px&#8221; _builder_version=&#8221;4.17.1&#8243; _module_preset=&#8221;default&#8221; custom_margin=&#8221;||0px||false|false&#8221; custom_padding=&#8221;||0px||false|false&#8221; global_colors_info=&#8221;{}&#8221;][\/et_pb_blurb][\/et_pb_column][\/et_pb_row][et_pb_row _builder_version=&#8221;4.17.1&#8243; _module_preset=&#8221;default&#8221; global_colors_info=&#8221;{}&#8221;][et_pb_column type=&#8221;4_4&#8243; _builder_version=&#8221;4.17.1&#8243; _module_preset=&#8221;default&#8221; global_colors_info=&#8221;{}&#8221;][et_pb_blurb url=&#8221;#Services&#8221; use_icon=&#8221;on&#8221; font_icon=&#8221;&#x33;||divi||400&#8243; icon_color=&#8221;#ffffff&#8221; image_icon_width=&#8221;30px&#8221; _builder_version=&#8221;4.17.1&#8243; _module_preset=&#8221;default&#8221; custom_margin=&#8221;||0px||false|false&#8221; custom_padding=&#8221;||0px||false|false&#8221; global_colors_info=&#8221;{}&#8221;][\/et_pb_blurb][\/et_pb_column][\/et_pb_row][\/et_pb_section][et_pb_section fb_built=&#8221;1&#8243; admin_label=&#8221;Services&#8221; module_id=&#8221;Services&#8221; _builder_version=&#8221;4.17.1&#8243; _module_preset=&#8221;default&#8221; custom_padding=&#8221;90px|0px|50px|0px||&#8221; global_colors_info=&#8221;{}&#8221;][et_pb_row _builder_version=&#8221;4.17.1&#8243; _module_preset=&#8221;default&#8221; global_colors_info=&#8221;{}&#8221;][et_pb_column type=&#8221;4_4&#8243; _builder_version=&#8221;4.17.1&#8243; _module_preset=&#8221;default&#8221; global_colors_info=&#8221;{}&#8221;][et_pb_divider color=&#8221;#007576&#8243; divider_weight=&#8221;5px&#8221; _builder_version=&#8221;4.17.1&#8243; _module_preset=&#8221;default&#8221; width=&#8221;60px&#8221; module_alignment=&#8221;left&#8221; global_colors_info=&#8221;{}&#8221;][\/et_pb_divider][et_pb_text _builder_version=&#8221;4.17.1&#8243; _module_preset=&#8221;default&#8221; header_2_line_height=&#8221;1.3em&#8221; animation_style=&#8221;slide&#8221; animation_direction=&#8221;left&#8221; animation_intensity_slide=&#8221;5%&#8221; hover_enabled=&#8221;0&#8243; global_colors_info=&#8221;{}&#8221; sticky_enabled=&#8221;0&#8243;]<\/p>\n<h2>ISMERJE MEG A TECHNIKA \u00c1LL\u00c1S\u00c1T A NEMZETI SZABADALMI ELJ\u00c1R\u00c1SBAN<\/h2>\n<p>&nbsp;<\/p>\n<p>A nemzetk\u00f6zi jelleg\u0171 kutat\u00e1st (ITS) egy nemzetk\u00f6zi kutat\u00e1si szerv (ISA) v\u00e9gzi valamely nemzeti hivatalhoz beny\u00fajtott nemzeti szabadalmi bejelent\u00e9ssel kapcsolatban, hogy a bejelent\u00e9sben ig\u00e9nyelt tal\u00e1lm\u00e1ny t\u00e1rgya tekintet\u00e9ben a PCT-vel \u00f6sszhangban felt\u00e1rja a technika \u00e1ll\u00e1s\u00e1ra vonatkoz\u00f3 legfontosabb dokumentumokat.<\/p>\n<p><strong>A nemzetk\u00f6zi jelleg\u0171 kutat\u00e1s c\u00e9lja (ITS)<\/strong><\/p>\n<p>A nemzetk\u00f6zi jelleg\u0171 kutat\u00e1s c\u00e9lja a technika \u00e1ll\u00e1s\u00e1nak felt\u00e1r\u00e1sa, ami l\u00e9nyeges annak meghat\u00e1roz\u00e1s\u00e1hoz, hogy a nemzeti szabadalmi bejelent\u00e9s szerinti tal\u00e1lm\u00e1ny, amire oltalmat ig\u00e9nyelnek, \u00faj-e, illetve feltal\u00e1l\u00f3i tev\u00e9kenys\u00e9gen alapul-e, \u00e9s ha igen, milyen m\u00e9rt\u00e9kben. A fentiek alapj\u00e1n a nemzetk\u00f6zi kutat\u00e1si szerv elk\u00e9sz\u00edti a nemzetk\u00f6zi jelleg\u0171 kutat\u00e1si jelent\u00e9st (International-type Search Report, ITSR) vagy nyilatkozik arr\u00f3l, hogy nemzetk\u00f6zi jelleg\u0171 kutat\u00e1si jelent\u00e9st nem k\u00e9sz\u00edt.<br \/>A nemzetk\u00f6zi jelleg\u0171 kutat\u00e1si jelent\u00e9s elk\u00e9sz\u00edt\u00e9s\u00e9vel egy\u00fctt \u00edr\u00e1sos v\u00e9lem\u00e9ny nem k\u00e9sz\u00fcl.<\/p>\n<p><strong>Az elj\u00e1r\u00e1s<\/strong><\/p>\n<p>Nemzetk\u00f6zi jelleg\u0171 kutat\u00e1s ir\u00e1nti k\u00e9relmet azon orsz\u00e1g nemzeti szabadalmi hivatal\u00e1n\u00e1l lehet beny\u00fajtani, amelynek nemzeti szabadalmi joga ilyen k\u00e9relmek beny\u00fajt\u00e1s\u00e1ra lehet\u0151s\u00e9get biztos\u00edt. Nemzetk\u00f6zi jelleg\u0171 kutat\u00e1s ir\u00e1nti k\u00e9relmek beny\u00fajt\u00e1s\u00e1ra jelenleg a VSZI szerz\u0151d\u0151 \u00e1llamainak az al\u00e1bbi nemzeti hivatalain\u00e1l van lehet\u0151s\u00e9g a vonatkoz\u00f3 nemzeti szabadalmi jogszab\u00e1lyok alapj\u00e1n:<\/p>\n<p>a Szellemi Tulajdon Nemzeti Hivatala (Magyarorsz\u00e1g),<br \/>a Lengyel K\u00f6zt\u00e1rsas\u00e1g Szabadalmi Hivatala, \u00e9s<br \/>a Szlov\u00e1k K\u00f6zt\u00e1rsas\u00e1g Iparjogv\u00e9delmi Hivatala.<\/p>\n<p>A nemzetk\u00f6zi jelleg\u0171 kutat\u00e1s ir\u00e1nti k\u00e9relmet k\u00f6zvetlen\u00fcl ann\u00e1l a nemzeti szabadalmi hivataln\u00e1l kell beny\u00fajtani, ahol a nemzeti szabadalom megad\u00e1s\u00e1ra ir\u00e1nyul\u00f3 elj\u00e1r\u00e1s folyamatban van.<br \/>A nemzetk\u00f6zi jelleg\u0171 kutat\u00e1st a PCT szerinti nemzetk\u00f6zi kutat\u00e1si \u00e9s el\u0151vizsg\u00e1lati m\u00f3dszertani ir\u00e1nymutat\u00e1soknak megfelel\u0151en v\u00e9gzik.<\/p>\n<p><a href=\"https:\/\/vpi.int\/hu\/wp-content\/uploads\/2024\/02\/its-nemzetkozi-jellegu-kutatas-iranti-kerelem-urlap-01-02-2024.pdf\" target=\"_blank\" rel=\"noopener\"><span style=\"text-decoration: underline;\"><span style=\"color: #002633; text-decoration: underline;\">T\u00f6ltse le a nemzetk\u00f6zi jelleg\u0171 kutat\u00e1s ir\u00e1nti k\u00e9relem \u0171rlapj\u00e1t<\/span><\/span><\/a><span style=\"color: #002633;\"> &gt;&gt;<br \/><\/span><\/p>\n<p><strong>Hat\u00e1rid\u0151k \u00e9s teljes\u00edt\u00e9s<\/strong><\/p>\n<p>A VSZI a nemzetk\u00f6zi jelleg\u0171 kutat\u00e1st att\u00f3l a napt\u00f3l sz\u00e1m\u00edtott h\u00e1rom h\u00f3napon bel\u00fcl k\u00e9sz\u00edti el, amikor mind a k\u00e9relmet tartalmaz\u00f3 \u0171rlap, mind a vonatkoz\u00f3 d\u00edj be\u00e9rkezett a VSZI-hez.<br \/>Ha a bejelent\u00e9s \u2013 amelyhez kapcsol\u00f3d\u00f3an a nemzetk\u00f6zi jelleg\u0171 kutat\u00e1s ir\u00e1nti k\u00e9relem be\u00e9rkezett \u2013 egyn\u00e9l t\u00f6bb tal\u00e1lm\u00e1nyra vonatkozik (\u00e9s a nemzeti bejelent\u00e9s nem tekinthet\u0151 egys\u00e9gesnek), a nemzetk\u00f6zi jelleg\u0171 kutat\u00e1si jelent\u00e9s nem tartalmaz indokl\u00e1ssal ell\u00e1tott nyilatkozatot az egys\u00e9g hi\u00e1ny\u00e1r\u00f3l. Nem ker\u00fcl kiad\u00e1sra felh\u00edv\u00e1s tov\u00e1bbi kutat\u00e1si d\u00edjak megfizet\u00e9s\u00e9re, de a bejelent\u0151nek lehet\u0151s\u00e9ge van arra, hogy ezeket a d\u00edjakat k\u00f6zvetlen\u00fcl ann\u00e1l a nemzeti hivataln\u00e1l fizesse meg, ahol a nemzetk\u00f6zi jelleg\u0171 kutat\u00e1s ir\u00e1nti k\u00e9relemmel \u00e9rintett nemzeti szabadalmi bejelent\u00e9s elb\u00edr\u00e1l\u00e1sa folyamatban van.<\/p>\n<p><strong>D\u00edjak<\/strong><\/p>\n<p>A nemzetk\u00f6zi jelleg\u0171 kutat\u00e1s d\u00edj\u00e1t k\u00f6zvetlen\u00fcl a VSZI-nek kell megfizetni. A fizetend\u0151 d\u00edj(ak)at a VSZI D\u00edjt\u00e1bl\u00e1zata tartalmazza.<\/p>\n<p>[\/et_pb_text][\/et_pb_column][\/et_pb_row][\/et_pb_section][et_pb_section fb_built=&#8221;1&#8243; admin_label=&#8221;Services&#8221; _builder_version=&#8221;4.16&#8243; _module_preset=&#8221;default&#8221; custom_padding=&#8221;90px|0px|90px|0px&#8221; global_colors_info=&#8221;{}&#8221;][et_pb_row column_structure=&#8221;1_3,1_3,1_3&#8243; use_custom_gutter=&#8221;on&#8221; make_equal=&#8221;on&#8221; _builder_version=&#8221;4.17.1&#8243; _module_preset=&#8221;default&#8221; global_colors_info=&#8221;{}&#8221;][et_pb_column type=&#8221;1_3&#8243; _builder_version=&#8221;4.17.1&#8243; _module_preset=&#8221;default&#8221; global_colors_info=&#8221;{}&#8221;][et_pb_divider color=&#8221;#007576&#8243; divider_weight=&#8221;5px&#8221; _builder_version=&#8221;4.17.1&#8243; _module_preset=&#8221;default&#8221; width=&#8221;60px&#8221; module_alignment=&#8221;left&#8221; global_colors_info=&#8221;{}&#8221;][\/et_pb_divider][et_pb_text _builder_version=&#8221;4.17.1&#8243; _module_preset=&#8221;default&#8221; animation_style=&#8221;slide&#8221; animation_direction=&#8221;bottom&#8221; animation_intensity_slide=&#8221;5%&#8221; global_colors_info=&#8221;{}&#8221;]<\/p>\n<h2>A PCT-r\u0151l<\/h2>\n<p>&nbsp;<\/p>\n<p>A PCT egy olyan nemzetk\u00f6zi szerz\u0151d\u00e9s, amely lehet\u0151v\u00e9 teszi, hogy egyetlen bejelent\u00e9s beny\u00fajt\u00e1s\u00e1val egyidej\u0171leg sz\u00e1mos orsz\u00e1gban lehessen szabadalmi oltalmat ig\u00e9nyelni. A szabadalom megad\u00e1s\u00e1ra nemzeti vagy region\u00e1lis jogszab\u00e1lyok vonatkoznak.<\/p>\n<p>[\/et_pb_text][et_pb_button button_url=&#8221;https:\/\/vpi.int\/hu\/03-a-pct-rol\/&#8221; button_text=&#8221;A PCT-R\u0150L&#8221; disabled_on=&#8221;off|off|on&#8221; _builder_version=&#8221;4.17.1&#8243; _module_preset=&#8221;default&#8221; custom_button=&#8221;on&#8221; button_icon=&#8221;&#x35;||divi||400&#8243; global_colors_info=&#8221;{}&#8221;][\/et_pb_button][\/et_pb_column][et_pb_column type=&#8221;1_3&#8243; _builder_version=&#8221;4.17.1&#8243; _module_preset=&#8221;default&#8221; global_colors_info=&#8221;{}&#8221;][et_pb_divider color=&#8221;#808080&#8243; divider_weight=&#8221;5px&#8221; _builder_version=&#8221;4.17.1&#8243; _module_preset=&#8221;default&#8221; width=&#8221;60px&#8221; module_alignment=&#8221;left&#8221; global_colors_info=&#8221;{}&#8221;][\/et_pb_divider][et_pb_text _builder_version=&#8221;4.17.1&#8243; _module_preset=&#8221;default&#8221; animation_style=&#8221;slide&#8221; animation_direction=&#8221;bottom&#8221; animation_intensity_slide=&#8221;5%&#8221; global_colors_info=&#8221;{}&#8221;]<\/p>\n<h2>D\u00edjak \u00e9s visszat\u00e9r\u00edt\u00e9sek<\/h2>\n<p>&nbsp;<\/p>\n<p>T\u00f6ltse le a kutat\u00e1si d\u00edj visszat\u00e9r\u00edt\u00e9si \u0171rlapot err\u0151l az oldalr\u00f3l, ahol r\u00e9szletes utas\u00edt\u00e1sokat tal\u00e1l a beny\u00fajt\u00e1s m\u00f3dj\u00e1r\u00f3l a gyors kifizet\u00e9s \u00e9rdek\u00e9ben. A VSZI min\u0151s\u00e9gbiztos\u00edt\u00e1s\u00e1r\u00f3l \u00e9s a jogi keretekr\u0151l hivatalos dokumentumainkban olvashat.<\/p>\n<p>[\/et_pb_text][et_pb_button button_url=&#8221;https:\/\/vpi.int\/hu\/08-dijak-es-visszateritesek\/&#8221; button_text=&#8221;D\u00edjek \u00e9s visszat\u00e9r\u00edt\u00e9sek&#8221; disabled_on=&#8221;off|off|on&#8221; _builder_version=&#8221;4.17.1&#8243; _module_preset=&#8221;default&#8221; custom_button=&#8221;on&#8221; button_icon=&#8221;&#x35;||divi||400&#8243; global_colors_info=&#8221;{}&#8221;][\/et_pb_button][\/et_pb_column][et_pb_column type=&#8221;1_3&#8243; _builder_version=&#8221;4.17.1&#8243; _module_preset=&#8221;default&#8221; global_colors_info=&#8221;{}&#8221;][et_pb_divider color=&#8221;#145670&#8243; divider_weight=&#8221;5px&#8221; _builder_version=&#8221;4.17.1&#8243; _module_preset=&#8221;default&#8221; width=&#8221;60px&#8221; module_alignment=&#8221;left&#8221; global_colors_info=&#8221;{}&#8221;][\/et_pb_divider][et_pb_text _builder_version=&#8221;4.17.1&#8243; _module_preset=&#8221;default&#8221; animation_style=&#8221;slide&#8221; animation_direction=&#8221;bottom&#8221; animation_intensity_slide=&#8221;5%&#8221; global_colors_info=&#8221;{}&#8221;]<\/p>\n<h2>Tud\u00e1sk\u00f6zpont<\/h2>\n<p>&nbsp;<\/p>\n<p>A Visegr\u00e1di Szabadalmi Int\u00e9zet Tud\u00e1sk\u00f6zpontj\u00e1t azzal a c\u00e9llal hoztuk l\u00e9tre, hogy kiadv\u00e1nyok \u00e9s rendezv\u00e9nyek r\u00e9v\u00e9n megosszuk a visegr\u00e1di orsz\u00e1gok nemzetk\u00f6zi szabadalmaztat\u00e1s\u00e1val kapcsolatos kutat\u00e1sokat, statisztik\u00e1kat \u00e9s az ipar legjobb gyakorlatait.<\/p>\n<p>[\/et_pb_text][et_pb_button button_url=&#8221;https:\/\/vpi.int\/hu\/09-tudaskozpont\/&#8221; button_text=&#8221;Tud\u00e1sk\u00f6zpont&#8221; disabled_on=&#8221;off|off|on&#8221; _builder_version=&#8221;4.17.1&#8243; _module_preset=&#8221;default&#8221; custom_button=&#8221;on&#8221; button_icon=&#8221;&#x35;||divi||400&#8243; global_colors_info=&#8221;{}&#8221;][\/et_pb_button][\/et_pb_column][\/et_pb_row][et_pb_row column_structure=&#8221;1_3,1_3,1_3&#8243; _builder_version=&#8221;4.17.1&#8243; _module_preset=&#8221;default&#8221; global_colors_info=&#8221;{}&#8221;][et_pb_column type=&#8221;1_3&#8243; _builder_version=&#8221;4.17.1&#8243; _module_preset=&#8221;default&#8221; global_colors_info=&#8221;{}&#8221;][et_pb_button button_url=&#8221;https:\/\/vpi.int\/hu\/03-a-pct-rol\/&#8221; button_text=&#8221;A PCT-R\u0150L&#8221; disabled_on=&#8221;on|on|off&#8221; _builder_version=&#8221;4.17.1&#8243; _module_preset=&#8221;default&#8221; custom_button=&#8221;on&#8221; button_icon=&#8221;&#x35;||divi||400&#8243; global_colors_info=&#8221;{}&#8221;][\/et_pb_button][\/et_pb_column][et_pb_column type=&#8221;1_3&#8243; _builder_version=&#8221;4.17.1&#8243; _module_preset=&#8221;default&#8221; global_colors_info=&#8221;{}&#8221;][et_pb_button button_url=&#8221;https:\/\/vpi.int\/hu\/08-dijak-es-visszateritesek\/&#8221; button_text=&#8221;D\u00edjak \u00e9s visszat\u00e9r\u00edt\u00e9sek&#8221; disabled_on=&#8221;on|on|off&#8221; _builder_version=&#8221;4.17.1&#8243; _module_preset=&#8221;default&#8221; custom_button=&#8221;on&#8221; button_icon=&#8221;&#x35;||divi||400&#8243; global_colors_info=&#8221;{}&#8221;][\/et_pb_button][\/et_pb_column][et_pb_column type=&#8221;1_3&#8243; _builder_version=&#8221;4.17.1&#8243; _module_preset=&#8221;default&#8221; global_colors_info=&#8221;{}&#8221;][et_pb_button button_url=&#8221;https:\/\/vpi.int\/hu\/09-tudaskozpont\/&#8221; button_text=&#8221;Tud\u00e1sk\u00f6zpont&#8221; disabled_on=&#8221;on|on|off&#8221; _builder_version=&#8221;4.17.1&#8243; _module_preset=&#8221;default&#8221; custom_button=&#8221;on&#8221; button_icon=&#8221;&#x35;||divi||400&#8243; global_colors_info=&#8221;{}&#8221;][\/et_pb_button][\/et_pb_column][\/et_pb_row][\/et_pb_section][et_pb_section fb_built=&#8221;1&#8243; disabled_on=&#8221;on|on|off&#8221; _builder_version=&#8221;4.17.1&#8243; _module_preset=&#8221;default&#8221; background_color=&#8221;#145670&#8243; use_background_color_gradient=&#8221;on&#8221; background_color_gradient_direction=&#8221;70deg&#8221; background_color_gradient_stops=&#8221;rgba(0,17,30,0.78) 25%|rgba(0,117,118,0.5) 100%&#8221; background_image=&#8221;https:\/\/vpi.int\/hu\/wp-content\/uploads\/2022\/06\/VPI_citys_turquise_02_01.jpg&#8221; background_size=&#8221;initial&#8221; background_blend=&#8221;soft-light&#8221; background_enable_pattern_style=&#8221;on&#8221; background_pattern_style=&#8221;diagonal-stripes-2&#8243; background_pattern_color=&#8221;rgba(0,117,118,0.2)&#8221; custom_padding=&#8221;130px||130px||true|false&#8221; animation_style=&#8221;fade&#8221; background_last_edited=&#8221;on|phone&#8221; background_size_tablet=&#8221;contain&#8221; global_colors_info=&#8221;{}&#8221;][et_pb_row _builder_version=&#8221;4.17.1&#8243; _module_preset=&#8221;default&#8221; background_enable_color=&#8221;off&#8221; custom_padding=&#8221;30px|30px|30px|30px|true|true&#8221; border_color_all=&#8221;#007576&#8243; global_colors_info=&#8221;{}&#8221;][et_pb_column type=&#8221;4_4&#8243; _builder_version=&#8221;4.17.1&#8243; _module_preset=&#8221;default&#8221; global_colors_info=&#8221;{}&#8221;][\/et_pb_column][\/et_pb_row][\/et_pb_section][et_pb_section fb_built=&#8221;1&#8243; custom_padding_last_edited=&#8221;on|phone&#8221; disabled_on=&#8221;off|off|on&#8221; _builder_version=&#8221;4.17.1&#8243; _module_preset=&#8221;default&#8221; background_color=&#8221;#145670&#8243; use_background_color_gradient=&#8221;on&#8221; background_color_gradient_direction=&#8221;70deg&#8221; background_color_gradient_stops=&#8221;rgba(0,17,30,0.78) 25%|rgba(0,117,118,0.5) 100%&#8221; background_image=&#8221;https:\/\/vpi.int\/hu\/wp-content\/uploads\/2022\/06\/VPI_citys_turquise_02_01.jpg&#8221; background_size=&#8221;initial&#8221; background_blend=&#8221;soft-light&#8221; background_enable_pattern_style=&#8221;on&#8221; background_pattern_style=&#8221;diagonal-stripes-2&#8243; background_pattern_color=&#8221;rgba(0,117,118,0.2)&#8221; custom_padding=&#8221;130px||130px||true|false&#8221; custom_padding_tablet=&#8221;25px||25px||true|false&#8221; custom_padding_phone=&#8221;140px||140px||true|false&#8221; animation_style=&#8221;fade&#8221; background_last_edited=&#8221;on|desktop&#8221; background_image_phone=&#8221;https:\/\/vpi.int\/hu\/wp-content\/uploads\/2022\/06\/VPI_citys_mobile_01.jpg&#8221; background_enable_image_phone=&#8221;on&#8221; background_size_tablet=&#8221;contain&#8221; background_size_phone=&#8221;cover&#8221; background_image_width_phone=&#8221;0%&#8221; background_image_height_phone=&#8221;34%&#8221; global_colors_info=&#8221;{}&#8221;][et_pb_row _builder_version=&#8221;4.17.1&#8243; _module_preset=&#8221;default&#8221; background_enable_color=&#8221;off&#8221; custom_padding=&#8221;30px|30px|30px|30px|true|true&#8221; border_color_all=&#8221;#007576&#8243; global_colors_info=&#8221;{}&#8221;][et_pb_column type=&#8221;4_4&#8243; _builder_version=&#8221;4.17.1&#8243; _module_preset=&#8221;default&#8221; global_colors_info=&#8221;{}&#8221;][\/et_pb_column][\/et_pb_row][\/et_pb_section]<\/p>\n","protected":false},"excerpt":{"rendered":"<p>Nemzetk\u00f6zi jelleg\u0171 kutat\u00e1sISMERJE MEG A TECHNIKA \u00c1LL\u00c1S\u00c1T A NEMZETI SZABADALMI ELJ\u00c1R\u00c1SBAN &nbsp; A nemzetk\u00f6zi jelleg\u0171 kutat\u00e1st (ITS) egy nemzetk\u00f6zi kutat\u00e1si szerv (ISA) v\u00e9gzi valamely nemzeti hivatalhoz beny\u00fajtott nemzeti szabadalmi bejelent\u00e9ssel kapcsolatban, hogy a bejelent\u00e9sben ig\u00e9nyelt tal\u00e1lm\u00e1ny t\u00e1rgya tekintet\u00e9ben a PCT-vel \u00f6sszhangban felt\u00e1rja a technika \u00e1ll\u00e1s\u00e1ra vonatkoz\u00f3 legfontosabb dokumentumokat. A nemzetk\u00f6zi jelleg\u0171 kutat\u00e1s c\u00e9lja (ITS) A [&hellip;]<\/p>\n","protected":false},"author":2,"featured_media":0,"parent":0,"menu_order":0,"comment_status":"closed","ping_status":"closed","template":"","meta":{"_et_pb_use_builder":"on","_et_pb_old_content":"","_et_gb_content_width":"","footnotes":""},"class_list":["post-1342","page","type-page","status-publish","hentry"],"_links":{"self":[{"href":"https:\/\/vpi.int\/hu\/wp-json\/wp\/v2\/pages\/1342","targetHints":{"allow":["GET"]}}],"collection":[{"href":"https:\/\/vpi.int\/hu\/wp-json\/wp\/v2\/pages"}],"about":[{"href":"https:\/\/vpi.int\/hu\/wp-json\/wp\/v2\/types\/page"}],"author":[{"embeddable":true,"href":"https:\/\/vpi.int\/hu\/wp-json\/wp\/v2\/users\/2"}],"replies":[{"embeddable":true,"href":"https:\/\/vpi.int\/hu\/wp-json\/wp\/v2\/comments?post=1342"}],"version-history":[{"count":9,"href":"https:\/\/vpi.int\/hu\/wp-json\/wp\/v2\/pages\/1342\/revisions"}],"predecessor-version":[{"id":1465,"href":"https:\/\/vpi.int\/hu\/wp-json\/wp\/v2\/pages\/1342\/revisions\/1465"}],"wp:attachment":[{"href":"https:\/\/vpi.int\/hu\/wp-json\/wp\/v2\/media?parent=1342"}],"curies":[{"name":"wp","href":"https:\/\/api.w.org\/{rel}","templated":true}]}}