{"id":174,"date":"2022-05-22T08:46:39","date_gmt":"2022-05-22T08:46:39","guid":{"rendered":"https:\/\/vpi.int\/hu\/?page_id=174"},"modified":"2026-04-18T03:59:23","modified_gmt":"2026-04-18T03:59:23","slug":"09-tudaskozpont","status":"publish","type":"page","link":"https:\/\/vpi.int\/hu\/09-tudaskozpont\/","title":{"rendered":"Tud\u00e1sk\u00f6zpont"},"content":{"rendered":"<p>[et_pb_section fb_built=&#8221;1&#8243; _builder_version=&#8221;4.17.1&#8243; _module_preset=&#8221;default&#8221; background_enable_color=&#8221;off&#8221; use_background_color_gradient=&#8221;on&#8221; background_color_gradient_direction=&#8221;70deg&#8221; background_color_gradient_stops=&#8221;rgba(0,117,118,0.68) 0%|rgba(0,117,118,0.5) 100%&#8221; background_enable_image=&#8221;off&#8221; background_blend=&#8221;soft-light&#8221; background_enable_pattern_style=&#8221;on&#8221; background_pattern_style=&#8221;diagonal-stripes-2&#8243; background_pattern_color=&#8221;rgba(0,117,118,0.17)&#8221; custom_padding=&#8221;120px||30px|||&#8221; animation_style=&#8221;slide&#8221; animation_direction=&#8221;bottom&#8221; animation_intensity_slide=&#8221;5%&#8221; global_colors_info=&#8221;{}&#8221;][et_pb_row _builder_version=&#8221;4.17.1&#8243; _module_preset=&#8221;default&#8221; background_enable_color=&#8221;off&#8221; custom_padding=&#8221;0px|30px|0px|30px|true|true&#8221; border_color_all=&#8221;#007576&#8243; global_colors_info=&#8221;{}&#8221;][et_pb_column type=&#8221;4_4&#8243; _builder_version=&#8221;4.17.1&#8243; _module_preset=&#8221;default&#8221; global_colors_info=&#8221;{}&#8221;][et_pb_text _builder_version=&#8221;4.17.1&#8243; _module_preset=&#8221;default&#8221; text_font=&#8221;Barlow|300||on|||||&#8221; text_text_color=&#8221;#FFFFFF&#8221; text_font_size=&#8221;22px&#8221; text_letter_spacing=&#8221;5px&#8221; text_line_height=&#8221;1.5em&#8221; header_text_color=&#8221;#FFFFFF&#8221; header_2_font=&#8221;Barlow|600||on|||||&#8221; header_2_text_color=&#8221;#FFFFFF&#8221; header_2_font_size=&#8221;40px&#8221; header_2_letter_spacing=&#8221;5px&#8221; header_2_line_height=&#8221;1.1em&#8221; width=&#8221;70%&#8221; header_2_font_size_tablet=&#8221;40px&#8221; header_2_font_size_phone=&#8221;16px&#8221; header_2_font_size_last_edited=&#8221;on|phone&#8221; global_colors_info=&#8221;{}&#8221;]<\/p>\n<h2>Tud\u00e1sk\u00f6zpont<\/h2>\n<p>[\/et_pb_text][et_pb_blurb url=&#8221;#Knowledge&#8221; use_icon=&#8221;on&#8221; font_icon=&#8221;&#x33;||divi||400&#8243; icon_color=&#8221;#ffffff&#8221; image_icon_width=&#8221;30px&#8221; _builder_version=&#8221;4.17.1&#8243; _module_preset=&#8221;default&#8221; custom_margin=&#8221;||0px||false|false&#8221; custom_padding=&#8221;||0px||false|false&#8221; global_colors_info=&#8221;{}&#8221;][\/et_pb_blurb][\/et_pb_column][\/et_pb_row][\/et_pb_section][et_pb_section fb_built=&#8221;1&#8243; admin_label=&#8221;Services&#8221; module_id=&#8221;Knowledge&#8221; _builder_version=&#8221;4.17.1&#8243; _module_preset=&#8221;default&#8221; custom_padding=&#8221;90px|0px|50px|0px||&#8221; global_colors_info=&#8221;{}&#8221;][et_pb_row _builder_version=&#8221;4.17.1&#8243; _module_preset=&#8221;default&#8221; global_colors_info=&#8221;{}&#8221;][et_pb_column type=&#8221;4_4&#8243; _builder_version=&#8221;4.17.1&#8243; _module_preset=&#8221;default&#8221; global_colors_info=&#8221;{}&#8221;][et_pb_divider color=&#8221;#007576&#8243; divider_weight=&#8221;5px&#8221; _builder_version=&#8221;4.17.1&#8243; _module_preset=&#8221;default&#8221; width=&#8221;60px&#8221; module_alignment=&#8221;left&#8221; global_colors_info=&#8221;{}&#8221;][\/et_pb_divider][et_pb_text _builder_version=&#8221;4.17.1&#8243; _module_preset=&#8221;default&#8221; header_2_line_height=&#8221;1.3em&#8221; animation_style=&#8221;slide&#8221; animation_direction=&#8221;left&#8221; animation_intensity_slide=&#8221;5%&#8221; global_colors_info=&#8221;{}&#8221;]<\/p>\n<h2>Kiadv\u00e1nyok, rendezv\u00e9nyek \u00e9s hasznos inform\u00e1ci\u00f3k<\/h2>\n<p>&nbsp;<\/p>\n<p>\u00dcdv\u00f6z\u00f6lj\u00fck a Visegr\u00e1di Szabadalmi Int\u00e9zet Tud\u00e1sk\u00f6zpontj\u00e1ban, ahol rendezv\u00e9nyeket, kutat\u00e1sokat \u00e9s hasznos inform\u00e1ci\u00f3kat osztunk meg a PCT rendszer \u00e9s szolg\u00e1ltat\u00e1saink felhaszn\u00e1l\u00f3ival.<\/p>\n<p>[\/et_pb_text][\/et_pb_column][\/et_pb_row][\/et_pb_section][et_pb_section fb_built=&#8221;1&#8243; admin_label=&#8221;Services&#8221; module_id=&#8221;Knowledge&#8221; _builder_version=&#8221;4.17.1&#8243; _module_preset=&#8221;default&#8221; background_color=&#8221;rgba(72,115,117,0.18)&#8221; custom_padding=&#8221;35px|0px|50px|0px||&#8221; global_colors_info=&#8221;{}&#8221;][et_pb_row _builder_version=&#8221;4.17.1&#8243; _module_preset=&#8221;default&#8221; global_colors_info=&#8221;{}&#8221;][et_pb_column type=&#8221;4_4&#8243; _builder_version=&#8221;4.17.1&#8243; _module_preset=&#8221;default&#8221; global_colors_info=&#8221;{}&#8221;][et_pb_text _builder_version=&#8221;4.17.1&#8243; _module_preset=&#8221;default&#8221; header_2_line_height=&#8221;1.3em&#8221; animation_style=&#8221;slide&#8221; animation_direction=&#8221;bottom&#8221; animation_intensity_slide=&#8221;5%&#8221; global_colors_info=&#8221;{}&#8221;]<\/p>\n<h2>Kiadv\u00e1nyok<\/h2>\n<p>&nbsp;<\/p>\n<p>Olvasson az ipar\u00e1gi trendekr\u0151l, statisztik\u00e1kr\u00f3l \u00e9s legjobb gyakorlatokr\u00f3l. Itt tal\u00e1lja kutat\u00e1sainkat, esettanulm\u00e1nyainkat \u00e9s egy\u00e9b kiadv\u00e1nyainkat, amelyek betekint\u00e9st ny\u00fajtanak a k\u00f6z\u00e9p- \u00e9s kelet-eur\u00f3pai r\u00e9gi\u00f3 legjobb nemzetk\u00f6zi szabadalmi gyakorlataiba.<\/p>\n<p>[\/et_pb_text][\/et_pb_column][\/et_pb_row][et_pb_row _builder_version=&#8221;4.17.1&#8243; _module_preset=&#8221;default&#8221; global_colors_info=&#8221;{}&#8221;][et_pb_column type=&#8221;4_4&#8243; _builder_version=&#8221;4.17.1&#8243; _module_preset=&#8221;default&#8221; global_colors_info=&#8221;{}&#8221;][et_pb_toggle title=&#8221;Esettanulm\u00e1nyok&#8221; icon_color=&#8221;#007576&#8243; toggle_icon=&#8221;&#x33;||divi||400&#8243; use_icon_font_size=&#8221;on&#8221; icon_font_size=&#8221;26px&#8221; open_icon_color=&#8221;#007576&#8243; open_toggle_icon=&#8221;&#x32;||divi||400&#8243; open_use_icon_font_size=&#8221;on&#8221; open_icon_font_size=&#8221;26px&#8221; _builder_version=&#8221;4.17.1&#8243; _module_preset=&#8221;default&#8221; global_colors_info=&#8221;{}&#8221;]<\/p>\n<p><span style=\"text-decoration: underline;\"><strong><a href=\"https:\/\/vpi.int\/hu\/wp-content\/uploads\/2024\/12\/sygnis-hu.pdf\" target=\"_blank\" rel=\"noopener\">Deeptech Startup kalandok a PCT elj\u00e1r\u00e1sban<\/a><\/strong><\/span>\u2013Tanuls\u00e1gok, amelyeket a lengyel Sygnis innov\u00e1tor startup tanult meg neh\u00e9z \u00faton<strong><\/strong><span style=\"text-decoration: underline;\"><strong><br \/><\/strong><\/span><\/p>\n<p><span style=\"text-decoration: underline;\"><strong><a href=\"https:\/\/vpi.int\/hu\/wp-content\/uploads\/2024\/12\/startup-considerations-for-PCT-hu.pdf\" target=\"_blank\" rel=\"noopener\">Startup v\u00e1llalkoz\u00e1sok megfontol\u00e1sai a PCT-vel kapcsolatban<\/a><\/strong><\/span>\u2013 Betekint\u00e9s a PCT-utat v\u00e1laszt\u00f3 startupok \u00e1ltal megszerezhet\u0151 el\u0151ny\u00f6kbe, valamint a lengyel Saule SA startup alaposabb megfontol\u00e1sai<strong><\/strong><span style=\"text-decoration: underline;\"><strong><br \/><\/strong><\/span><\/p>\n<p><span style=\"text-decoration: underline;\"><strong><a href=\"https:\/\/vpi.int\/hu\/wp-content\/uploads\/2022\/09\/Creating_an_IP_oriented_business_culture-HU.pdf\" target=\"_blank\" rel=\"noopener\">Szellemitulajdon-k\u00f6zpont\u00fa \u00fczleti kult\u00fara ki\u00e9p\u00edt\u00e9se<\/a><\/strong><\/span> &#8211; Az esettanulm\u00e1ny egy szlov\u00e1k K+F KKV, a GA Drilling rendszerszint\u0171 szellemitulajdon-v\u00e9delmi megk\u00f6zel\u00edt\u00e9s\u00e9t mutatja be, amit a c\u00e9g az\u00e9rt dolgozott ki, mert pontosan tiszt\u00e1ban van a szellemi tulajdon \u00e9rt\u00e9k\u00e9vel.<\/p>\n<p><a href=\"https:\/\/vpi.int\/hu\/wp-content\/uploads\/2022\/09\/International-patenting-from-the-university-perspective-HU.pdf\" target=\"_blank\" rel=\"noopener\" title=\"Nemzetk\u00f6zi szabadalmaztat\u00e1s egyetemi szemsz\u00f6gb\u0151l\"><span style=\"text-decoration: underline;\"><strong>Nemzetk\u00f6zi szabadalmaztat\u00e1s egyetemi szemsz\u00f6gb\u0151l<\/strong><\/span><\/a> &#8211; Technol\u00f3giatranszfer legjobb gyakorlatok a vil\u00e1g egyik legr\u00e9gebbi egyetem\u00e9t\u0151l, a krakk\u00f3i Jagell\u00f3 Egyetemt\u0151l.<\/p>\n<p><span style=\"text-decoration: underline;\"><a href=\"https:\/\/vpi.int\/hu\/wp-content\/uploads\/2022\/09\/Pros_and_cons_of_a_PCT_application-HU.pdf\" target=\"_blank\" rel=\"noopener\"><strong> \u00c9rvek a PCT-bejelent\u00e9s mellett \u00e9s ellen<\/strong><\/a><\/span> &#8211; Egy progressz\u00edven fejl\u0151d\u0151 innovat\u00edv cseh K+F v\u00e1llalkoz\u00e1s, a Tescan Brno megfontol\u00e1sai a PCT-bejelent\u00e9s beny\u00fajt\u00e1s\u00e1val kapcsolatban.<\/p>\n<p><a href=\"https:\/\/vpi.int\/hu\/wp-content\/uploads\/2022\/10\/Benefits_of_the_PCT_route_for_big_corporations-HU-2.pdf\" target=\"_blank\" rel=\"noopener\"><span style=\"text-decoration: underline;\"><strong>A PCT \u00fat el\u0151nyei gy\u00f3gyszergy\u00e1rt\u00f3 v\u00e1llalatok sz\u00e1m\u00e1ra<\/strong><\/span><\/a> &#8211; A kelet-k\u00f6z\u00e9p-eur\u00f3pai r\u00e9gi\u00f3 egyik vezet\u0151 gy\u00f3gyszergy\u00e1rt\u00f3 v\u00e1llalata, az Egis t\u00f6rt\u00e9net\u00e9b\u0151l megismerheti, hogyan lehet cs\u00f6kkenteni a munkaterhet \u00e9s n\u00f6velni a szabadalmi bejelent\u00e9sek sikeress\u00e9gi mutat\u00f3j\u00e1t<\/p>\n<p>Az esettanulm\u00e1nyok a Nemzeti Kutat\u00e1si, Fejleszt\u00e9si \u00e9s Innov\u00e1ci\u00f3s Hivatal anyagi t\u00e1mogat\u00e1s\u00e1val k\u00e9sz\u00fcltek.<\/p>\n<p>[\/et_pb_toggle][et_pb_toggle title=&#8221;\u00c9ves jelent\u00e9sek&#8221; icon_color=&#8221;#007576&#8243; toggle_icon=&#8221;&#x33;||divi||400&#8243; use_icon_font_size=&#8221;on&#8221; icon_font_size=&#8221;26px&#8221; open_icon_color=&#8221;#007576&#8243; open_toggle_icon=&#8221;&#x32;||divi||400&#8243; open_use_icon_font_size=&#8221;on&#8221; open_icon_font_size=&#8221;26px&#8221; _builder_version=&#8221;4.17.1&#8243; _module_preset=&#8221;default&#8221; global_colors_info=&#8221;{}&#8221;]<\/p>\n<p>A VSZI <a href=\"https:\/\/vpi.int\/en\/wp-content\/uploads\/2025\/05\/vpi-annual-report-2024.pdf\" target=\"_blank\" rel=\"noopener\" title=\"VSZI \u00c9ves Jelent\u00e9s 2024\"><span style=\"text-decoration: underline;\">2024. \u00e9vre vonatkoz\u00f3 \u00e9ves jelent\u00e9se<\/span><\/a> a 2020-2024 k\u00f6z\u00f6tti id\u0151szakra vonatkoz\u00f3 t\u00e9nyekkel \u00e9s adatokkal.<\/p>\n<p>A VSZI <a href=\"https:\/\/vpi.int\/en\/wp-content\/uploads\/2024\/05\/VPI-annual-report-2023.pdf\" target=\"_blank\" rel=\"noopener\" title=\"VSZI \u00c9ves Jelent\u00e9s 2023\"><span style=\"text-decoration: underline;\">2023. \u00e9vre vonatkoz\u00f3 \u00e9ves jelent\u00e9se<\/span><\/a> a 2019-2023 k\u00f6z\u00f6tti id\u0151szakra vonatkoz\u00f3 t\u00e9nyekkel \u00e9s adatokkal.<\/p>\n<p>A VSZI <a href=\"https:\/\/vpi.int\/en\/wp-content\/uploads\/2023\/08\/vpi-annual-report-2022.pdf\" target=\"_blank\" rel=\"noopener\"><span style=\"text-decoration: underline;\">2022. \u00e9vre vonatkoz\u00f3 \u00e9ves jelent\u00e9se<\/span><\/a> a 2018-2022 k\u00f6z\u00f6tti id\u0151szakra vonatkoz\u00f3 t\u00e9nyekkel \u00e9s adatokkal.<\/p>\n<p>A VSZI <a href=\"https:\/\/vpi.int\/en\/wp-content\/uploads\/2022\/09\/vpi-annual-report-2021.pdf\" target=\"_blank\" rel=\"noopener\"><span style=\"text-decoration: underline;\">2021. \u00e9vre vonatkoz\u00f3 \u00e9ves jelent\u00e9se<\/span><\/a> a 2016-2021 k\u00f6z\u00f6tti id\u0151szakra vonatkoz\u00f3 t\u00e9nyekkel \u00e9s adatokkal.<\/p>\n<p>[\/et_pb_toggle][et_pb_toggle title=&#8221;Bross\u00far\u00e1k&#8221; icon_color=&#8221;#007576&#8243; toggle_icon=&#8221;&#x33;||divi||400&#8243; use_icon_font_size=&#8221;on&#8221; icon_font_size=&#8221;26px&#8221; open_icon_color=&#8221;#007576&#8243; open_toggle_icon=&#8221;&#x32;||divi||400&#8243; open_use_icon_font_size=&#8221;on&#8221; open_icon_font_size=&#8221;26px&#8221; _builder_version=&#8221;4.17.1&#8243; _module_preset=&#8221;default&#8221; hover_enabled=&#8221;0&#8243; global_colors_info=&#8221;{}&#8221; sticky_enabled=&#8221;0&#8243;]<\/p>\n<p>Bross\u00fara a <a href=\"https:\/\/vpi.int\/hu\/wp-content\/uploads\/2026\/04\/vpi-general-flyer-online-hu-26.pdf\" target=\"_blank\" rel=\"noopener\"><span style=\"text-decoration: underline;\">Visegr\u00e1di Szabadalmi Int\u00e9zetr\u0151l<\/span><\/a><\/p>\n<p>Bross\u00fara a <a href=\"https:\/\/vpi.int\/hu\/wp-content\/uploads\/2024\/12\/VPI-GPSS-new-hu.pdf\" target=\"_blank\" rel=\"noopener\"><span style=\"text-decoration: underline;\">glob\u00e1lis szabadalomkutat\u00e1si szolg\u00e1ltat\u00e1sokr\u00f3l (GPSS)<\/span><\/a><\/p>\n<p>Bross\u00fara a <a href=\"https:\/\/vpi.int\/hu\/wp-content\/uploads\/2024\/12\/vpi-its-new-hu.pdf\" target=\"_blank\" rel=\"noopener\"><span style=\"text-decoration: underline;\">nemzetk\u00f6zi jelleg\u0171 kutat\u00e1sr\u00f3l (ITS)<\/span><\/a><\/p>\n<p>[\/et_pb_toggle][et_pb_toggle title=&#8221;Tov\u00e1bbi dokumentumok&#8221; icon_color=&#8221;#007576&#8243; toggle_icon=&#8221;&#x33;||divi||400&#8243; use_icon_font_size=&#8221;on&#8221; icon_font_size=&#8221;26px&#8221; open_icon_color=&#8221;#007576&#8243; open_toggle_icon=&#8221;&#x32;||divi||400&#8243; open_use_icon_font_size=&#8221;on&#8221; open_icon_font_size=&#8221;26px&#8221; _builder_version=&#8221;4.17.1&#8243; _module_preset=&#8221;default&#8221; global_colors_info=&#8221;{}&#8221;]<\/p>\n<p><a href=\"https:\/\/vpi.int\/hu\/wp-content\/uploads\/2024\/12\/quick-guide-to-the-PCT-hu.pdf\" target=\"_blank\" rel=\"noopener\"><span style=\"text-decoration: underline;\"><strong>Gyors \u00fatmutat\u00f3 a PCT-hez<\/strong><\/span><\/a> \u2013 Minden, amit tudni akart a PCT-r\u0151l, de sosem \u00e9rtette igaz\u00e1n. Vil\u00e1gos \u00e9s egyszer\u0171 \u00fatmutat\u00f3 Szentp\u00e9teri Zsoltt\u00f3l, a Magyar Szabadalmi \u00dcgyviv\u0151i Kamara aleln\u00f6k\u00e9t\u0151l \u00e9s az epi (Eur\u00f3pai Szabadalmi Hivatal el\u0151tti Szakmai K\u00e9pvisel\u0151k Int\u00e9zete) eln\u00f6ks\u00e9gi tagj\u00e1t\u00f3l<\/p>\n<p><a href=\"https:\/\/vpi.int\/en\/wp-content\/uploads\/2024\/12\/v4-financial-incentives-quick-guide.pdf\" target=\"_blank\" rel=\"noopener\"><span style=\"text-decoration: underline;\"><strong>Gyors \u00fatmutat\u00f3 a szellemi tulajdon v\u00e9delm\u00e9t t\u00e1mogat\u00f3 p\u00e9nz\u00fcgyi \u00f6szt\u00f6nz\u0151kh\u00f6z a V4-orsz\u00e1gokban<\/strong><\/span><\/a> \u2013 a Jagell\u00f3 Egyetem CITTRU Technol\u00f3giatranszfer K\u00f6zpontja, a K\u00e1roly Egyetem Jogtudom\u00e1nyi Kara, a Debreceni Egyetem \u00e9s a Szlov\u00e1k Kutat\u00e1si \u00e9s Fejleszt\u00e9si Szervezet r\u00e9szv\u00e9tel\u00e9vel m\u0171k\u00f6d\u0151 projektkonzorcium \u201eA nemzeti \u00e9s region\u00e1lis p\u00e9nz\u00fcgyi rendszerekr\u0151l, programokr\u00f3l \u00e9s \u00f6szt\u00f6nz\u0151kr\u0151l sz\u00f3l\u00f3 felt\u00e9rk\u00e9pez\u00e9si jelent\u00e9s a V4-orsz\u00e1gokban\u201d c\u00edm\u0171 2023-as \u00f6sszefoglal\u00f3ja.<\/p>\n<p>[\/et_pb_toggle][\/et_pb_column][\/et_pb_row][\/et_pb_section][et_pb_section fb_built=&#8221;1&#8243; admin_label=&#8221;Services&#8221; module_id=&#8221;Knowledge&#8221; _builder_version=&#8221;4.17.1&#8243; _module_preset=&#8221;default&#8221; background_color=&#8221;#f4f4f4&#8243; custom_padding=&#8221;35px|0px|50px|0px||&#8221; global_colors_info=&#8221;{}&#8221;][et_pb_row _builder_version=&#8221;4.17.1&#8243; _module_preset=&#8221;default&#8221; global_colors_info=&#8221;{}&#8221;][et_pb_column type=&#8221;4_4&#8243; _builder_version=&#8221;4.17.1&#8243; _module_preset=&#8221;default&#8221; global_colors_info=&#8221;{}&#8221;][et_pb_text _builder_version=&#8221;4.17.1&#8243; _module_preset=&#8221;default&#8221; header_2_line_height=&#8221;1.3em&#8221; animation_style=&#8221;slide&#8221; animation_direction=&#8221;bottom&#8221; animation_intensity_slide=&#8221;5%&#8221; global_colors_info=&#8221;{}&#8221;]<\/p>\n<h2>Rendezv\u00e9nyek<\/h2>\n<p>Ismerje meg kor\u00e1bbi rendezv\u00e9nyeinket \u00e9s \u00e9rtes\u00fclj\u00f6n a j\u00f6v\u0151ben megrendez\u00e9sre ker\u00fcl\u0151kr\u0151l.<\/p>\n<p>[\/et_pb_text][\/et_pb_column][\/et_pb_row][et_pb_row _builder_version=&#8221;4.17.1&#8243; _module_preset=&#8221;default&#8221; global_colors_info=&#8221;{}&#8221;][et_pb_column type=&#8221;4_4&#8243; _builder_version=&#8221;4.17.1&#8243; _module_preset=&#8221;default&#8221; global_colors_info=&#8221;{}&#8221;][et_pb_toggle title=&#8221;Technol\u00f3giatranszfer kerekasztal besz\u00e9lget\u00e9s&#8221; open_toggle_background_color=&#8221;#ffffff&#8221; closed_toggle_background_color=&#8221;#ffffff&#8221; icon_color=&#8221;#007576&#8243; toggle_icon=&#8221;&#x33;||divi||400&#8243; use_icon_font_size=&#8221;on&#8221; icon_font_size=&#8221;26px&#8221; open_icon_color=&#8221;#007576&#8243; open_toggle_icon=&#8221;&#x32;||divi||400&#8243; open_use_icon_font_size=&#8221;on&#8221; open_icon_font_size=&#8221;26px&#8221; _builder_version=&#8221;4.17.1&#8243; _module_preset=&#8221;default&#8221; global_colors_info=&#8221;{}&#8221;]<\/p>\n<p><strong><br \/>A Visegr\u00e1di Szabadalmi Int\u00e9zet a Nemzetk\u00f6zi Visegr\u00e1di Alap (IVF) \u00e9s az ASTP, a tud\u00e1stranszfer szak\u00e9rt\u0151k egyik vezet\u0151 eur\u00f3pai szervezet\u00e9nek k\u00f6zrem\u0171k\u00f6d\u00e9s\u00e9vel online kerekasztal besz\u00e9lget\u00e9st rendez 2022. november 22-\u00e9n.<\/strong><\/p>\n<p>A r\u00e9szletek\u00e9rt k\u00e9rj\u00fck, k\u00f6vesse <span style=\"text-decoration: underline;\"><a href=\"https:\/\/www.linkedin.com\/company\/visegrad-patent-institute\" target=\"_blank\" rel=\"noopener\">Linked-in<\/a><\/span> oldalunkat.<\/p>\n<p><a href=\"https:\/\/vpi.int\/en\/wp-content\/uploads\/2022\/11\/Best-practices-of-V4-TTOs-in-international-patenting-22112022-program.pdf\" target=\"_blank\" rel=\"noopener\"><span style=\"text-decoration: underline;\">Program let\u00f6lt\u00e9se &gt;&gt;<\/span><\/a><\/p>\n<p>[\/et_pb_toggle][et_pb_toggle title=&#8221;A VSZI \u00fcnnepi konferenci\u00e1ja az 5. \u00e9vfordul\u00f3 alkalm\u00e1b\u00f3l&#8221; open_toggle_background_color=&#8221;#ffffff&#8221; closed_toggle_background_color=&#8221;#ffffff&#8221; icon_color=&#8221;#007576&#8243; toggle_icon=&#8221;&#x33;||divi||400&#8243; use_icon_font_size=&#8221;on&#8221; icon_font_size=&#8221;26px&#8221; open_icon_color=&#8221;#007576&#8243; open_toggle_icon=&#8221;&#x32;||divi||400&#8243; open_use_icon_font_size=&#8221;on&#8221; open_icon_font_size=&#8221;26px&#8221; _builder_version=&#8221;4.17.1&#8243; _module_preset=&#8221;default&#8221; global_colors_info=&#8221;{}&#8221;]<\/p>\n<p>A VSZI 2021. j\u00falius 7-\u00e9n online konferenci\u00e1t tartott m\u0171k\u00f6d\u00e9se megkezd\u00e9s\u00e9nek 5. \u00e9vfordul\u00f3ja alkalm\u00e1b\u00f3l. Az ipar\u00e1gi szerepl\u0151k, a VSZI szolg\u00e1ltat\u00e1sait ig\u00e9nybe vev\u0151 V4-es szabadalmi hivatalok \u00e9s a technol\u00f3giatranszfer irod\u00e1k r\u00e9sz\u00e9r\u0151l \u00e9rkeztek el\u0151ad\u00f3k, akik megosztott\u00e1k a VSZI-vel kapcsolatos tapasztalataikat \u00e9s a V4-es r\u00e9gi\u00f3ban a PCT-bejelent\u00e9sek beny\u00fajt\u00e1s\u00e1nak legjobb gyakorlatait.<\/p>\n<p><a href=\"https:\/\/vpi.int\/hu\/wp-content\/uploads\/2022\/08\/VPI5_conference-summary-HU.pdf\" target=\"_blank\" rel=\"noopener\"><span style=\"text-decoration: underline;\">Az 5. jubileumi konferencia \u00f6sszefoglal\u00f3ja.<\/span><\/a><\/p>\n<p>Tov\u00e1bbi r\u00e9szletek\u00e9rt t\u00f6ltse le az <a href=\"https:\/\/vpi.int\/en\/wp-content\/uploads\/2022\/08\/vpi5-program.pdf\" target=\"_blank\" rel=\"noopener\"><span style=\"text-decoration: underline;\">esem\u00e9ny napirendj\u00e9t<\/span><\/a>, \u00e9s n\u00e9zze meg az el\u0151ad\u00e1sok videofelv\u00e9tel\u00e9t a <a href=\"https:\/\/www.youtube.com\/channel\/UCHj1m5sL4MykoweSjLCOGYw\" target=\"_blank\" rel=\"noopener\"><span style=\"text-decoration: underline;\">VSZI YouTube-csatorn\u00e1j\u00e1n<\/span><\/a>.<\/p>\n<p>[\/et_pb_toggle][\/et_pb_column][\/et_pb_row][\/et_pb_section][et_pb_section fb_built=&#8221;1&#8243; admin_label=&#8221;Services&#8221; module_id=&#8221;Knowledge&#8221; _builder_version=&#8221;4.17.1&#8243; _module_preset=&#8221;default&#8221; background_color=&#8221;rgba(0,109,117,0.18)&#8221; custom_padding=&#8221;35px|0px|50px|0px||&#8221; global_colors_info=&#8221;{}&#8221;][et_pb_row _builder_version=&#8221;4.17.1&#8243; _module_preset=&#8221;default&#8221; global_colors_info=&#8221;{}&#8221;][et_pb_column type=&#8221;4_4&#8243; _builder_version=&#8221;4.17.1&#8243; _module_preset=&#8221;default&#8221; global_colors_info=&#8221;{}&#8221;][et_pb_text _builder_version=&#8221;4.17.1&#8243; _module_preset=&#8221;default&#8221; header_2_line_height=&#8221;1.3em&#8221; animation_style=&#8221;slide&#8221; animation_direction=&#8221;bottom&#8221; animation_intensity_slide=&#8221;5%&#8221; global_colors_info=&#8221;{}&#8221;]<\/p>\n<h2>K\u00e9rd\u00e9sek \u00e9s v\u00e1laszok<\/h2>\n<p>&nbsp;<\/p>\n<p>Azonnali v\u00e1laszokat kaphat a leggyakoribb k\u00e9rd\u00e9sekre.<\/p>\n<p>[\/et_pb_text][\/et_pb_column][\/et_pb_row][et_pb_row _builder_version=&#8221;4.17.1&#8243; _module_preset=&#8221;default&#8221; global_colors_info=&#8221;{}&#8221;][et_pb_column type=&#8221;4_4&#8243; _builder_version=&#8221;4.17.1&#8243; _module_preset=&#8221;default&#8221; global_colors_info=&#8221;{}&#8221;][et_pb_toggle title=&#8221;Mi a Szabadalmi Egy\u00fcttm\u0171k\u00f6d\u00e9si Szerz\u0151d\u00e9s (PCT) \u00e9s milyen el\u0151nyei vannak? &#8221; icon_color=&#8221;#007576&#8243; toggle_icon=&#8221;&#x33;||divi||400&#8243; use_icon_font_size=&#8221;on&#8221; icon_font_size=&#8221;26px&#8221; open_icon_color=&#8221;#007576&#8243; open_toggle_icon=&#8221;&#x32;||divi||400&#8243; open_use_icon_font_size=&#8221;on&#8221; open_icon_font_size=&#8221;26px&#8221; _builder_version=&#8221;4.17.1&#8243; _module_preset=&#8221;default&#8221; title_line_height=&#8221;1.3em&#8221; global_colors_info=&#8221;{}&#8221;]<\/p>\n<p>A PCT legnagyobb el\u0151nye, hogy egyetlen bejelent\u00e9sre (nemzetk\u00f6zi szabadalmi bejelent\u00e9s) els\u0151bbs\u00e9gi id\u0151pontot biztos\u00edt a PCT minden szerz\u0151d\u0151 \u00e1llam\u00e1ban, amivel id\u0151t nyer a bejelent\u0151 ahhoz, hogy kiv\u00e1lassza azon k\u00fclf\u00f6ldi orsz\u00e1gokat, illetve r\u00e9gi\u00f3kat, ahol majd szabadalmi oltalmat szeretne szerezni. Ezek kiv\u00e1laszt\u00e1sakor ugyanis \u00fczletileg \u00e9s p\u00e9nz\u00fcgyileg fontos d\u00f6nt\u00e9seket kell meghozni, hiszen a szabadalmaztatni k\u00edv\u00e1nt term\u00e9k\/elj\u00e1r\u00e1s k\u00e9s\u0151bbi piac\u00e1nak a meghat\u00e1roz\u00e1sa sz\u00e1mos olyan t\u00e9nyez\u0151t\u0151l is f\u00fcgg, amelyek a bejelent\u00e9s korai szakasz\u00e1ban m\u00e9g nem l\u00e1tszanak tiszt\u00e1n. <br \/>A PCT m\u00e1sik nagy el\u0151nye, hogy a nemzetk\u00f6zi szakaszban kiadott nemzetk\u00f6zi kutat\u00e1si jelent\u00e9s az ahhoz kapcsol\u00f3d\u00f3 \u00edr\u00e1sos v\u00e9lem\u00e9nnyel, valamint az el\u0151vizsg\u00e1lati jelent\u00e9s lehet\u0151s\u00e9get ad a bejelent\u00e9s t\u00f6k\u00e9letes\u00edt\u00e9s\u00e9re m\u00e9g a nemzeti\/region\u00e1lis szakasz el\u0151tt. <br \/>A PCT biztos\u00edtja a nemzetk\u00f6zi szabadalmi bejelent\u00e9sek tekintet\u00e9ben az egys\u00e9ges formai \u00e9s elj\u00e1r\u00e1si k\u00f6vetelm\u00e9nyeket, valamint a k\u00f6zpontos\u00edtott k\u00f6zz\u00e9t\u00e9telt. A nemzetk\u00f6zi szabadalmi bejelent\u00e9st egy nyelven, k\u00f6lts\u00e9ghat\u00e9konyan \u00e9s viszonylag egyszer\u0171en lehet elind\u00edtani.<\/p>\n<p>[\/et_pb_toggle][et_pb_toggle title=&#8221;Szerezhet\u0151-e a PCT szerint tett nemzetk\u00f6zi szabadalmi bejelent\u00e9ssel szabadalmi oltalom?&#8221; icon_color=&#8221;#007576&#8243; toggle_icon=&#8221;&#x33;||divi||400&#8243; use_icon_font_size=&#8221;on&#8221; icon_font_size=&#8221;26px&#8221; open_icon_color=&#8221;#007576&#8243; open_toggle_icon=&#8221;&#x32;||divi||400&#8243; open_use_icon_font_size=&#8221;on&#8221; open_icon_font_size=&#8221;26px&#8221; _builder_version=&#8221;4.17.1&#8243; _module_preset=&#8221;default&#8221; title_line_height=&#8221;1.3em&#8221; global_colors_info=&#8221;{}&#8221;]<\/p>\n<p>Nemzetk\u00f6zi szabadalmi bejelent\u00e9ssel nem lehet k\u00f6zvetlen\u00fcl szabadalmi oltalmat szerezni. Minden egyes orsz\u00e1gban\/r\u00e9gi\u00f3ban, ahol szabadalmi oltalmat k\u00edv\u00e1nnak szerezni, k\u00fcl\u00f6n-k\u00fcl\u00f6n meg kell ind\u00edtani a nemzetk\u00f6zi szabadalmi bejelent\u00e9sre vonatkoz\u00f3an a nemzeti\/region\u00e1lis szakaszt, \u00e9s az \u00e9rv\u00e9nyes d\u00edjszab\u00e1sok szerinti d\u00edjakat is meg kell fizetni. Ezt k\u00f6vet\u0151en az illet\u00e9kes nemzeti\/region\u00e1lis hat\u00f3s\u00e1gok folytatj\u00e1k le a szabadalom megad\u00e1s\u00e1ra ir\u00e1nyul\u00f3 elj\u00e1r\u00e1st a nemzeti\/region\u00e1lis jogszab\u00e1lyoknak megfelel\u0151en.<br \/>B\u0151vebb inform\u00e1ci\u00f3 az orsz\u00e1gonk\u00e9nti\/r\u00e9gi\u00f3kk\u00e9nti jogszab\u00e1lyokr\u00f3l el\u00e9rhet\u0151 a WIPO honlapj\u00e1n (<a href=\"https:\/\/www.wipo.int\/pct\/en\/guide\/index.html\" target=\"_blank\" rel=\"noopener\"><span style=\"text-decoration: underline;\">https:\/\/www.wipo.int\/pct\/en\/guide\/index.html<\/span><\/a>) szerepl\u0151 t\u00e1bl\u00e1zat \u201eNational Chapter\u201d oszlop\u00e1nak mell\u00e9klet\u00e9re kattintva.<\/p>\n<p>[\/et_pb_toggle][et_pb_toggle title=&#8221;Hol lehet beny\u00fajtani a nemzetk\u00f6zi szabadalmi bejelent\u00e9st? &#8221; icon_color=&#8221;#007576&#8243; toggle_icon=&#8221;&#x33;||divi||400&#8243; use_icon_font_size=&#8221;on&#8221; icon_font_size=&#8221;26px&#8221; open_icon_color=&#8221;#007576&#8243; open_toggle_icon=&#8221;&#x32;||divi||400&#8243; open_use_icon_font_size=&#8221;on&#8221; open_icon_font_size=&#8221;26px&#8221; _builder_version=&#8221;4.17.1&#8243; _module_preset=&#8221;default&#8221; title_line_height=&#8221;1.3em&#8221; global_colors_info=&#8221;{}&#8221;]<\/p>\n<p>Nemzetk\u00f6zi szabadalmi bejelent\u00e9s beny\u00fajthat\u00f3 az \u00e1tvev\u0151 hivatalk\u00e9nt is m\u0171k\u00f6d\u0151 nemzeti szabadalmi hivatalokn\u00e1l vagy k\u00f6zvetlen\u00fcl a Szellemi Tulajdon Vil\u00e1gszervezet\u00e9nek Nemzetk\u00f6zi Irod\u00e1j\u00e1n\u00e1l (WIPO IB). A k\u00e9relemben a Visegr\u00e1di Szabadalmi Int\u00e9zet (VSZI) megjel\u00f6l\u00e9se sz\u00fcks\u00e9ges ahhoz, hogy a VSZI legyen a nemzetk\u00f6zi kutat\u00e1si \u00e9s \u2012 ig\u00e9ny szerint \u2012 a nemzetk\u00f6zi el\u0151vizsg\u00e1lati szerv. Ehhez a bejelent\u00e9si k\u00e9relem (PCT\/RO\/101 jel\u0171 nyomtatv\u00e1ny) Box No. VII. pontj\u00e1ban az ISA\/XV jel\u00f6l\u00e9st sz\u00fcks\u00e9ges megtenni. <\/p>\n<p>[\/et_pb_toggle][et_pb_toggle title=&#8221;Mi\u00e9rt \u00e9rdemes a VSZI-t v\u00e1lasztani nemzetk\u00f6zi kutat\u00e1si szervk\u00e9nt?&#8221; icon_color=&#8221;#007576&#8243; toggle_icon=&#8221;&#x33;||divi||400&#8243; use_icon_font_size=&#8221;on&#8221; icon_font_size=&#8221;26px&#8221; open_icon_color=&#8221;#007576&#8243; open_toggle_icon=&#8221;&#x32;||divi||400&#8243; open_use_icon_font_size=&#8221;on&#8221; open_icon_font_size=&#8221;26px&#8221; _builder_version=&#8221;4.17.1&#8243; _module_preset=&#8221;default&#8221; title_line_height=&#8221;1.3em&#8221; global_colors_info=&#8221;{}&#8221;]<\/p>\n<p>A bejelent\u0151 nemzeti nyelven tudja beny\u00fajtani a bejelent\u00e9st \u00e9s minden fontos inform\u00e1ci\u00f3hoz a saj\u00e1t nyelv\u00e9n juthat hozz\u00e1.<br \/>A nemzetk\u00f6zi szabadalmi bejelent\u00e9shez kapcsol\u00f3d\u00f3 kor\u00e1bbi nemzeti bejelent\u00e9s kapcs\u00e1n k\u00e9sz\u00edtett kutat\u00e1si jelent\u00e9st a VSZI k\u00e9relemre figyelembe veszi, \u00e9s ebben az esetben a nemzetk\u00f6zi kutat\u00e1si d\u00edjb\u00f3l 40%-os visszat\u00e9r\u00edt\u00e9s j\u00e1r. Ehhez meg kell jel\u00f6lni a k\u00e9relemben az els\u0151bbs\u00e9g alapj\u00e1ul szolg\u00e1l\u00f3 nemzeti szabadalmi vagy haszn\u00e1latiminta-oltalmi bejelent\u00e9st, \u00e9s egyidej\u0171leg az ennek kapcs\u00e1n k\u00e9sz\u00fclt kutat\u00e1si jelent\u00e9s figyelembev\u00e9tel\u00e9t is k\u00e9rni kell a PCT\/RO\/101 jel\u0171 nyomtatv\u00e1ny Box No VII. 1.1. pontj\u00e1ban. Tov\u00e1bbi fontos r\u00e9szletekr\u0151l a Dokumentumok oldalon olvashat.<\/p>\n<p>[\/et_pb_toggle][et_pb_toggle title=&#8221;Mit kell tartalmaznia a nemzetk\u00f6zi szabadalmi bejelent\u00e9snek?&#8221; icon_color=&#8221;#007576&#8243; toggle_icon=&#8221;&#x33;||divi||400&#8243; use_icon_font_size=&#8221;on&#8221; icon_font_size=&#8221;26px&#8221; open_icon_color=&#8221;#007576&#8243; open_toggle_icon=&#8221;&#x32;||divi||400&#8243; open_use_icon_font_size=&#8221;on&#8221; open_icon_font_size=&#8221;26px&#8221; _builder_version=&#8221;4.17.1&#8243; _module_preset=&#8221;default&#8221; title_line_height=&#8221;1.3em&#8221; global_colors_info=&#8221;{}&#8221;]<\/p>\n<p>A bejelent\u00e9si nap elismer\u00e9s\u00e9hez a nemzetk\u00f6zi szabadalmi bejelent\u00e9snek minim\u00e1lisan tartalmaznia kell a kit\u00f6lt\u00f6tt bejelent\u00e9si k\u00e9relmet (PCT\/RO\/101 jel\u0171 nyomtatv\u00e1ny), a le\u00edr\u00e1st, az ig\u00e9nyponto(ka)t, a kivonatot, \u00e9s sz\u00fcks\u00e9g eset\u00e9n a rajzo(ka)t.<\/p>\n<p>[\/et_pb_toggle][et_pb_toggle title=&#8221;Milyen nyelven lehet beny\u00fajtani a nemzetk\u00f6zi bejelent\u00e9st?&#8221; icon_color=&#8221;#007576&#8243; toggle_icon=&#8221;&#x33;||divi||400&#8243; use_icon_font_size=&#8221;on&#8221; icon_font_size=&#8221;26px&#8221; open_icon_color=&#8221;#007576&#8243; open_toggle_icon=&#8221;&#x32;||divi||400&#8243; open_use_icon_font_size=&#8221;on&#8221; open_icon_font_size=&#8221;26px&#8221; _builder_version=&#8221;4.17.1&#8243; _module_preset=&#8221;default&#8221; title_line_height=&#8221;1.3em&#8221; global_colors_info=&#8221;{}&#8221;]<\/p>\n<p>A nemzetk\u00f6zi szabadalmi bejelent\u00e9s a VSZI-hez az al\u00e1bbi \u00f6t nyelven ny\u00fajthat\u00f3 be: angol, cseh, lengyel, magyar \u00e9s szlov\u00e1k.<\/p>\n<p>[\/et_pb_toggle][et_pb_toggle title=&#8221;Amennyiben valamely nemzeti nyelven t\u00f6rt\u00e9nt a bejelent\u00e9s, sz\u00fcks\u00e9g van-e a k\u00e9s\u0151bbiekben angol ford\u00edt\u00e1sra?&#8221; icon_color=&#8221;#007576&#8243; toggle_icon=&#8221;&#x33;||divi||400&#8243; use_icon_font_size=&#8221;on&#8221; icon_font_size=&#8221;26px&#8221; open_icon_color=&#8221;#007576&#8243; open_toggle_icon=&#8221;&#x32;||divi||400&#8243; open_use_icon_font_size=&#8221;on&#8221; open_icon_font_size=&#8221;26px&#8221; _builder_version=&#8221;4.17.1&#8243; _module_preset=&#8221;default&#8221; title_line_height=&#8221;1.3em&#8221; global_colors_info=&#8221;{}&#8221;]<\/p>\n<p>Igen, amennyiben a bejelent\u00e9s \u00e9s a le\u00edr\u00e1s nyelve nem angol volt, a bejelent\u00e9s k\u00f6zz\u00e9t\u00e9tel\u00e9hez sz\u00fcks\u00e9ges angol nyelv\u0171 ford\u00edt\u00e1st a legkor\u00e1bbi els\u0151bbs\u00e9g napj\u00e1t\u00f3l sz\u00e1m\u00edtott 14 h\u00f3napon bel\u00fcl kell beny\u00fajtani az \u00e1tvev\u0151 hivatalhoz.<\/p>\n<p>[\/et_pb_toggle][et_pb_toggle title=&#8221;A nemzeti hivatalon k\u00edv\u00fcl be kell-e ny\u00fajtani m\u00e1shol a sz\u00fcks\u00e9ges iratokat?&#8221; icon_color=&#8221;#007576&#8243; toggle_icon=&#8221;&#x33;||divi||400&#8243; use_icon_font_size=&#8221;on&#8221; icon_font_size=&#8221;26px&#8221; open_icon_color=&#8221;#007576&#8243; open_toggle_icon=&#8221;&#x32;||divi||400&#8243; open_use_icon_font_size=&#8221;on&#8221; open_icon_font_size=&#8221;26px&#8221; _builder_version=&#8221;4.17.1&#8243; _module_preset=&#8221;default&#8221; title_line_height=&#8221;1.3em&#8221; global_colors_info=&#8221;{}&#8221;]<\/p>\n<p>A PCT rendszer\u00e9nek k\u00f6zponti adminisztr\u00e1ci\u00f3j\u00e1t Genfben, a WIPO Nemzetk\u00f6zi Irod\u00e1ja (WIPO IB) v\u00e9gzi, ez\u00e9rt a sz\u00fcks\u00e9ges dokumentumokat minden esetben ide is el kell juttatni. A legegyszer\u0171bb az ePCT rendszer\u00e9n kereszt\u00fcl t\u00f6rt\u00e9n\u0151 megk\u00fcld\u00e9s. A dokumentumokat az \u00e1tvev\u0151 hivatali funkci\u00f3t is ell\u00e1t\u00f3 nemzeti hivatalokon kereszt\u00fcl is meg lehet k\u00fcldeni. Amennyiben a bejelent\u0151 k\u00e9ri, a bejelent\u00e9st \u00e1tvev\u0151 nemzeti hivatal d\u00edj ellen\u00e9ben elk\u00e9sz\u00edti az els\u0151bbs\u00e9gi iratot \u00e9s megk\u00fcldi a WIPO IB-nak. Ezt a k\u00e9r\u00e9st a bejelent\u00e9si k\u00e9relemben (PCT\/RO\/101 jel\u0171 nyomtatv\u00e1ny), a Box No. VI-ban, a \u201eFurnishing priority documents\u201d c\u00edm alatti r\u00e9szben kell jelezni.<\/p>\n<p>[\/et_pb_toggle][et_pb_toggle title=&#8221;Van-e kit\u00f6lt\u00e9si seg\u00e9dlet a nemzetk\u00f6zi bejelent\u00e9si k\u00e9relemhez? &#8221; icon_color=&#8221;#007576&#8243; toggle_icon=&#8221;&#x33;||divi||400&#8243; use_icon_font_size=&#8221;on&#8221; icon_font_size=&#8221;26px&#8221; open_icon_color=&#8221;#007576&#8243; open_toggle_icon=&#8221;&#x32;||divi||400&#8243; open_use_icon_font_size=&#8221;on&#8221; open_icon_font_size=&#8221;26px&#8221; _builder_version=&#8221;4.17.1&#8243; _module_preset=&#8221;default&#8221; title_line_height=&#8221;1.3em&#8221; global_colors_info=&#8221;{}&#8221;]<\/p>\n<p>Igen, a <span style=\"text-decoration: underline;\"><a href=\"https:\/\/www.wipo.int\/pct\/en\/forms\/\" target=\"_blank\" rel=\"noopener\">https:\/\/www.wipo.int\/pct\/en\/forms\/<\/a><\/span> oldalon el\u00e9rhet\u0151 a k\u00e9relem, valamint ehhez egy kit\u00f6lt\u00e9si minta (angolul). Tov\u00e1bbi hasznos inform\u00e1ci\u00f3 tal\u00e1lhat\u00f3 az \u201ePCT\u201d oldalon.<\/p>\n<p>[\/et_pb_toggle][et_pb_toggle title=&#8221;Hol \u00e9rhet\u0151 el a fizetend\u0151 d\u00edjakkal kapcsolatban a legfrissebb inform\u00e1ci\u00f3? &#8221; icon_color=&#8221;#007576&#8243; toggle_icon=&#8221;&#x33;||divi||400&#8243; use_icon_font_size=&#8221;on&#8221; icon_font_size=&#8221;26px&#8221; open_icon_color=&#8221;#007576&#8243; open_toggle_icon=&#8221;&#x32;||divi||400&#8243; open_use_icon_font_size=&#8221;on&#8221; open_icon_font_size=&#8221;26px&#8221; _builder_version=&#8221;4.17.1&#8243; _module_preset=&#8221;default&#8221; title_line_height=&#8221;1.3em&#8221; global_colors_info=&#8221;{}&#8221;]<\/p>\n<p>A fizetend\u0151 d\u00edjakkal kapcsolatos aktu\u00e1lis inform\u00e1ci\u00f3 a WIPO honlapj\u00e1n az al\u00e1bbi linken \u00e9rhet\u0151 el: <span style=\"text-decoration: underline;\"><a href=\"https:\/\/www.wipo.int\/pct\/en\/fees\/\" target=\"_blank\" rel=\"noopener\">https:\/\/www.wipo.int\/pct\/en\/fees\/<\/a><\/span><\/p>\n<p>[\/et_pb_toggle][et_pb_toggle title=&#8221;Ki \u00e1llap\u00edtja meg a nemzetk\u00f6zi szabadalmi bejelent\u00e9s kapcs\u00e1n fizetend\u0151 d\u00edjakat?&#8221; icon_color=&#8221;#007576&#8243; toggle_icon=&#8221;&#x33;||divi||400&#8243; use_icon_font_size=&#8221;on&#8221; icon_font_size=&#8221;26px&#8221; open_icon_color=&#8221;#007576&#8243; open_toggle_icon=&#8221;&#x32;||divi||400&#8243; open_use_icon_font_size=&#8221;on&#8221; open_icon_font_size=&#8221;26px&#8221; _builder_version=&#8221;4.17.1&#8243; _module_preset=&#8221;default&#8221; title_line_height=&#8221;1.3em&#8221; global_colors_info=&#8221;{}&#8221;]<\/p>\n<p>A tov\u00e1bb\u00edt\u00e1si d\u00edjat az illet\u00e9kes szerz\u0151d\u0151 \u00e1llam \u00e1llap\u00edtja meg. A nemzetk\u00f6zi kutat\u00e1si illet\u00e9ket az illet\u00e9kes nemzetk\u00f6zi kutat\u00e1si hivatal \u00e1llap\u00edtja meg. A nemzetk\u00f6zi bejelent\u00e9si illet\u00e9ket a WIPO hat\u00e1rozza meg.<\/p>\n<p>[\/et_pb_toggle][et_pb_toggle title=&#8221;Milyen d\u00edjakat kell megfizetni a nemzetk\u00f6zi bejelent\u00e9s beny\u00fajt\u00e1sakor?&#8221; icon_color=&#8221;#007576&#8243; toggle_icon=&#8221;&#x33;||divi||400&#8243; use_icon_font_size=&#8221;on&#8221; icon_font_size=&#8221;26px&#8221; open_icon_color=&#8221;#007576&#8243; open_toggle_icon=&#8221;&#x32;||divi||400&#8243; open_use_icon_font_size=&#8221;on&#8221; open_icon_font_size=&#8221;26px&#8221; _builder_version=&#8221;4.17.1&#8243; _module_preset=&#8221;default&#8221; title_line_height=&#8221;1.3em&#8221; global_colors_info=&#8221;{}&#8221;]<\/p>\n<p>A bejelent\u00e9ssel egyid\u0151ben az al\u00e1bbi d\u00edjakat kell megfizetni:<br \/>\u2022 nemzetk\u00f6zi bejelent\u00e9si illet\u00e9k<br \/>\u2022 tov\u00e1bb\u00edt\u00e1si d\u00edj (amennyiben valamelyik nemzeti hivataln\u00e1l ker\u00fcl beny\u00fajt\u00e1sra a bejelent\u00e9s)<br \/>\u2022 nemzetk\u00f6zi kutat\u00e1si illet\u00e9k<br \/>A d\u00edjfizet\u00e9s pontos menet\u00e9r\u0151l \u00e9s a jelenleg aktu\u00e1lis d\u00edjakr\u00f3l a &#8220;PCT&#8221; oldalon let\u00f6lthet\u0151 D\u00edjt\u00e1bl\u00e1zatb\u00f3l \u00e9s a <span style=\"text-decoration: underline;\"><a href=\"https:\/\/www.wipo.int\/pct\/en\/guide\/index.html\" target=\"_blank\" rel=\"noopener\">WIPO<\/a> <\/span>weboldal\u00e1n a \u201eReceiving Office\u201d oszlop\u00e1nak mell\u00e9klet\u00e9re kattintva t\u00e1j\u00e9koz\u00f3dhat.<\/p>\n<p>[\/et_pb_toggle][et_pb_toggle title=&#8221;Mikor kell megfizetni a d\u00edjakat?&#8221; icon_color=&#8221;#007576&#8243; toggle_icon=&#8221;&#x33;||divi||400&#8243; use_icon_font_size=&#8221;on&#8221; icon_font_size=&#8221;26px&#8221; open_icon_color=&#8221;#007576&#8243; open_toggle_icon=&#8221;&#x32;||divi||400&#8243; open_use_icon_font_size=&#8221;on&#8221; open_icon_font_size=&#8221;26px&#8221; _builder_version=&#8221;4.17.1&#8243; _module_preset=&#8221;default&#8221; title_line_height=&#8221;1.3em&#8221; global_colors_info=&#8221;{}&#8221;]<\/p>\n<p>A d\u00edjak a nemzetk\u00f6zi szabadalmi bejelent\u00e9s beny\u00fajt\u00e1sakor esed\u00e9kesek, de legk\u00e9s\u0151bb a nemzetk\u00f6zi szabadalmi bejelent\u00e9s beny\u00fajt\u00e1s\u00e1t\u00f3l sz\u00e1m\u00edtott egy h\u00f3napon bel\u00fcl is megfizethet\u0151k.<\/p>\n<p>[\/et_pb_toggle][et_pb_toggle title=&#8221;Hov\u00e1 kell a d\u00edjakat megfizetni?&#8221; icon_color=&#8221;#007576&#8243; toggle_icon=&#8221;&#x33;||divi||400&#8243; use_icon_font_size=&#8221;on&#8221; icon_font_size=&#8221;26px&#8221; open_icon_color=&#8221;#007576&#8243; open_toggle_icon=&#8221;&#x32;||divi||400&#8243; open_use_icon_font_size=&#8221;on&#8221; open_icon_font_size=&#8221;26px&#8221; _builder_version=&#8221;4.17.1&#8243; _module_preset=&#8221;default&#8221; title_line_height=&#8221;1.3em&#8221; global_colors_info=&#8221;{}&#8221;]<\/p>\n<p>A nemzetk\u00f6zi szabadalmi bejelent\u00e9si illet\u00e9ket \u00e9s a nemzetk\u00f6zi kutat\u00e1si illet\u00e9ket minden esetben az \u00e1tvev\u0151 hivataln\u00e1l kell megfizetni. K\u00e9rj\u00fck, l\u00e1togasson el a \u201eContact us\u201d oldalra a VSZI \u00e1tvev\u0151 hivatalok el\u00e9rhet\u0151s\u00e9geinek megtekint\u00e9s\u00e9\u00e9rt. Tov\u00e1bbi inform\u00e1ci\u00f3t tal\u00e1l a WIPO honlapj\u00e1n: (<span style=\"text-decoration: underline;\"><a href=\"https:\/\/www.wipo.int\/pct\/en\/guide\/index.html\" target=\"_blank\" rel=\"noopener\">https:\/\/www.wipo.int\/pct\/en\/guide\/index.html<\/a><\/span>) a t\u00e1bl\u00e1zat \u201eReceiving Office\u201d oszlop\u00e1nak mell\u00e9klet\u00e9re kattintva.<\/p>\n<p>[\/et_pb_toggle][et_pb_toggle title=&#8221;Milyen kedvezm\u00e9nyeket lehet ig\u00e9nybe venni a d\u00edjak fizet\u00e9s\u00e9n\u00e9l, illetve az elj\u00e1r\u00e1s sor\u00e1n? &#8221; icon_color=&#8221;#007576&#8243; toggle_icon=&#8221;&#x33;||divi||400&#8243; use_icon_font_size=&#8221;on&#8221; icon_font_size=&#8221;26px&#8221; open_icon_color=&#8221;#007576&#8243; open_toggle_icon=&#8221;&#x32;||divi||400&#8243; open_use_icon_font_size=&#8221;on&#8221; open_icon_font_size=&#8221;26px&#8221; _builder_version=&#8221;4.17.1&#8243; _module_preset=&#8221;default&#8221; title_line_height=&#8221;1.3em&#8221; global_colors_info=&#8221;{}&#8221;]<\/p>\n<p>Ha a bejelent\u0151 szem\u00e9lye azonos a feltal\u00e1l\u00f3val (\u00e9s \u00e1llampolg\u00e1ra vagy lakosa a VSZI valamely tag\u00e1llam\u00e1nak), a nemzetk\u00f6zi bejelent\u00e9si illet\u00e9k 10%-\u00e1t kell csak megfizetni. <br \/>A VSZI-n\u00e9l a nemzetk\u00f6zi kutat\u00e1si illet\u00e9kb\u0151l kor\u00e1bbi kutat\u00e1s rendelkez\u00e9sre \u00e1ll\u00e1sakor ut\u00f3lagosan 40%-os visszat\u00e9r\u00edt\u00e9s kaphat\u00f3, l\u00e1sd a \u201eMi\u00e9rt \u00e9rdemes a VSZI-t v\u00e1lasztani nemzetk\u00f6zi kutat\u00e1si szervk\u00e9nt?\u201d k\u00e9rd\u00e9sn\u00e9l le\u00edrtakat.<\/p>\n<p>[\/et_pb_toggle][et_pb_toggle title=&#8221;Hogyan vehetem ig\u00e9nybe a visszat\u00e9r\u00edt\u00e9st?&#8221; icon_color=&#8221;#007576&#8243; toggle_icon=&#8221;&#x33;||divi||400&#8243; use_icon_font_size=&#8221;on&#8221; icon_font_size=&#8221;26px&#8221; open_icon_color=&#8221;#007576&#8243; open_toggle_icon=&#8221;&#x32;||divi||400&#8243; open_use_icon_font_size=&#8221;on&#8221; open_icon_font_size=&#8221;26px&#8221; _builder_version=&#8221;4.17.1&#8243; _module_preset=&#8221;default&#8221; title_line_height=&#8221;1.3em&#8221; global_colors_info=&#8221;{}&#8221;]<\/p>\n<p>Amennyiben a nemzetk\u00f6zi szabadalmi bejelent\u00e9se vonatkoz\u00e1s\u00e1ban egy kor\u00e1bbi nemzeti bejelent\u00e9s kapcs\u00e1n elk\u00e9sz\u00edtett kutat\u00e1si jelent\u00e9s a rendelkez\u00e9s\u00e9re \u00e1ll, a bejelent\u00e9si k\u00e9relem (PCT\/RO\/101 jel\u0171 nyomtatv\u00e1ny) kit\u00f6lt\u00e9s\u00e9n\u00e9l a Request Box No. VII. 1.1 pontban kell k\u00e9rni ennek a kutat\u00e1si jelent\u00e9snek a figyelembev\u00e9tel\u00e9t. Itt kell megjel\u00f6lni, hogy melyik kor\u00e1bbi bejelent\u00e9s kapcs\u00e1n k\u00e9sz\u00fclt kutat\u00e1sra hivatkozik, illetve ugyanebben a pontban kell nyilatkozni arr\u00f3l is, hogy a kor\u00e1bbi kutat\u00e1si eredm\u00e9nyek VSZI-nek t\u00f6rt\u00e9n\u0151 tov\u00e1bb\u00edt\u00e1s\u00e1t k\u00e9ri-e az \u00e1tvev\u0151 hivatalt\u00f3l vagy nem. Abban az esetben, ha a nemzetk\u00f6zi bejelent\u00e9s alapj\u00e1ul egy kor\u00e1bbi nemzeti bejelent\u00e9s szolg\u00e1lt, \u00fagy a VSZI rendelkez\u00e9s\u00e9re \u00e1llnak ezek az adatok.<br \/>A VSZI a kutat\u00e1s elv\u00e9gz\u00e9s\u00e9t k\u00f6vet\u0151en, a nemzetk\u00f6zi kutat\u00e1si jelent\u00e9s \u00e9s a hozz\u00e1 kapcsol\u00f3d\u00f3 \u00edr\u00e1sos v\u00e9lem\u00e9ny megk\u00fcld\u00e9s\u00e9vel egyidej\u0171leg t\u00e1j\u00e9koztat\u00e1st k\u00fcld a bejelent\u0151nek a visszat\u00e9r\u00edt\u00e9s t\u00e9ny\u00e9r\u0151l a PCT\/ISA\/213 jel\u0171 nyomtatv\u00e1nyon. A visszat\u00e9r\u00edt\u00e9s a VSZI-hez beny\u00fajtott \u00e9s kit\u00f6lt\u00f6tt, Search Fee Refund Form-on k\u00e9relmezhet\u0151 a PCT\/ISA\/213 jel\u0171 nyomtatv\u00e1ny k\u00e9zhezv\u00e9tel\u00e9t\u0151l sz\u00e1m\u00edtott 6 h\u00f3napon bel\u00fcl. Tov\u00e1bbi inform\u00e1ci\u00f3\u00e9rt \u00e9s a nyomtatv\u00e1ny let\u00f6lt\u00e9s\u00e9\u00e9rt, k\u00e9rj\u00fck, l\u00e1togasson el a \u201eDokumentumok\u201d oldalra.<\/p>\n<p>[\/et_pb_toggle][et_pb_toggle title=&#8221;Ig\u00e9nybe vehet\u0151-e seg\u00edts\u00e9g a bejelent\u00e9s beny\u00fajt\u00e1s\u00e1hoz?&#8221; icon_color=&#8221;#007576&#8243; toggle_icon=&#8221;&#x33;||divi||400&#8243; use_icon_font_size=&#8221;on&#8221; icon_font_size=&#8221;26px&#8221; open_icon_color=&#8221;#007576&#8243; open_toggle_icon=&#8221;&#x32;||divi||400&#8243; open_use_icon_font_size=&#8221;on&#8221; open_icon_font_size=&#8221;26px&#8221; _builder_version=&#8221;4.17.1&#8243; _module_preset=&#8221;default&#8221; title_line_height=&#8221;1.3em&#8221; global_colors_info=&#8221;{}&#8221;]<\/p>\n<p>A VSZI-n\u00e9l k\u00f6zvetlen PCT bejelent\u00e9si \u00fcgyint\u00e9z\u00e9s nem t\u00f6rt\u00e9nik. A bejelent\u00e9si k\u00e9relem kit\u00f6lt\u00e9s\u00e9vel kapcsolatban \u00e1ltal\u00e1nos t\u00e1j\u00e9koztat\u00e1st \u00e9s tov\u00e1bbi k\u00e9rd\u00e9seire v\u00e1laszokat k\u00f6zvetlen\u00fcl a tag\u00e1llamok nemzeti szabadalmi hivatalain\u00e1l kaphat. El\u00e9rhet\u0151s\u00e9geikr\u0151l a &#8220;Kapcsolat&#8221; oldalon t\u00e1j\u00e9koz\u00f3dhat. <br \/>Jogi vagy iparjogv\u00e9delmi tan\u00e1csad\u00e1s\u00e9rt \u00e9s hivatalos k\u00e9pvisel\u0151 ig\u00e9nybev\u00e9tele \u00e9rdek\u00e9ben l\u00e9pjen kapcsolatba a nemzeti szabadalmi \u00fcgyviv\u0151i, illetve \u00fcgyv\u00e9di kamar\u00e1kban nyilv\u00e1ntartott hivat\u00e1sos k\u00e9pvisel\u0151kkel. <\/p>\n<p>[\/et_pb_toggle][et_pb_toggle title=&#8221;Hol t\u00e1j\u00e9koz\u00f3dhatok b\u0151vebben a PCT kapcs\u00e1n?&#8221; icon_color=&#8221;#007576&#8243; toggle_icon=&#8221;&#x33;||divi||400&#8243; use_icon_font_size=&#8221;on&#8221; icon_font_size=&#8221;26px&#8221; open_icon_color=&#8221;#007576&#8243; open_toggle_icon=&#8221;&#x32;||divi||400&#8243; open_use_icon_font_size=&#8221;on&#8221; open_icon_font_size=&#8221;26px&#8221; _builder_version=&#8221;4.17.1&#8243; _module_preset=&#8221;default&#8221; title_line_height=&#8221;1.3em&#8221; global_colors_info=&#8221;{}&#8221;]<\/p>\n<p>A PCT rendszer\u00e9r\u0151l a WIPO honlapj\u00e1n lehet b\u0151vebben t\u00e1j\u00e9koz\u00f3dni (<span style=\"text-decoration: underline;\"><a href=\"https:\/\/www.wipo.int\/pct\/en\/\" target=\"_blank\" rel=\"noopener\">https:\/\/www.wipo.int\/pct\/en\/ <\/a><\/span>) vagy a &#8220;PCT&#8221;oldalon.<\/p>\n<p>[\/et_pb_toggle][\/et_pb_column][\/et_pb_row][\/et_pb_section][et_pb_section fb_built=&#8221;1&#8243; admin_label=&#8221;Split Section&#8221; _builder_version=&#8221;4.16&#8243; _module_preset=&#8221;default&#8221; custom_padding=&#8221;0px||0px|&#8221; animation_style=&#8221;fold&#8221; animation_direction=&#8221;bottom&#8221; animation_intensity_fold=&#8221;4%&#8221; global_colors_info=&#8221;{}&#8221;][et_pb_row column_structure=&#8221;1_2,1_2&#8243; use_custom_gutter=&#8221;on&#8221; gutter_width=&#8221;1&#8243; make_equal=&#8221;on&#8221; module_class=&#8221; et_pb_row_fullwidth&#8221; _builder_version=&#8221;4.17.1&#8243; _module_preset=&#8221;default&#8221; background_size=&#8221;initial&#8221; background_position=&#8221;top_left&#8221; background_repeat=&#8221;repeat&#8221; width=&#8221;100%&#8221; width_tablet=&#8221;100%&#8221; width_phone=&#8221;100%&#8221; width_last_edited=&#8221;on|desktop&#8221; max_width=&#8221;100%&#8221; max_width_tablet=&#8221;100%&#8221; max_width_phone=&#8221;100%&#8221; max_width_last_edited=&#8221;on|desktop&#8221; custom_margin=&#8221;0px||0px|&#8221; custom_padding=&#8221;0px||0px|&#8221; make_fullwidth=&#8221;on&#8221; global_colors_info=&#8221;{}&#8221;][et_pb_column type=&#8221;1_2&#8243; _builder_version=&#8221;4.17.1&#8243; _module_preset=&#8221;default&#8221; use_background_color_gradient=&#8221;on&#8221; background_color_gradient_direction=&#8221;60deg&#8221; background_color_gradient_stops=&#8221;#007576 0%|rgba(41,196,169,0.29) 100%&#8221; background_enable_image=&#8221;off&#8221; background_position=&#8221;top_left&#8221; custom_padding=&#8221;|||&#8221; global_colors_info=&#8221;{}&#8221; custom_padding__hover=&#8221;|||&#8221;][\/et_pb_column][et_pb_column type=&#8221;1_2&#8243; _builder_version=&#8221;4.16&#8243; _module_preset=&#8221;default&#8221; background_color=&#8221;#f4f4f4&#8243; background_position=&#8221;top_left&#8221; custom_padding=&#8221;8%|6%|8%|6%&#8221; global_colors_info=&#8221;{}&#8221; custom_padding__hover=&#8221;|||&#8221;][et_pb_text _builder_version=&#8221;4.17.1&#8243; _module_preset=&#8221;default&#8221; header_2_line_height=&#8221;1.3em&#8221; custom_padding=&#8221;||38px|||&#8221; animation_style=&#8221;slide&#8221; animation_direction=&#8221;right&#8221; animation_intensity_slide=&#8221;5%&#8221; global_colors_info=&#8221;{}&#8221;]<\/p>\n<h2>SZOLG\u00c1LTAT\u00c1SOK<\/h2>\n<p>&nbsp;<\/p>\n<p>A Visegr\u00e1di Szabadalmi Int\u00e9zet mint a Szabadalmi Egy\u00fcttm\u0171k\u00f6d\u00e9si Szerz\u0151d\u00e9s (PCT) szerinti <strong>nemzetk\u00f6zi kutat\u00e1si hat\u00f3s\u00e1g<\/strong> \u00e9s <strong>nemzetk\u00f6zi el\u0151vizsg\u00e1lati hat\u00f3s\u00e1g<\/strong>, a PCT-vel \u00f6sszhangban a k\u00f6vetkez\u0151 szolg\u00e1ltat\u00e1sokat ny\u00fajtja:<\/p>\n<p><a href=\"https:\/\/vpi.int\/hu\/05-nemzetkozi-kutatas\/\"><span style=\"text-decoration: underline;\">Nemzetk\u00f6zi kutat\u00e1s (IS) &gt;&gt;<\/span><\/a><br \/><span style=\"text-decoration: underline;\"><a href=\"https:\/\/vpi.int\/hu\/06-nemzetkozi-elovizsgalat\/\">Nemzetk\u00f6zi el\u0151vizsg\u00e1lat (IPE) &gt;&gt;<\/a><\/span><br \/><span style=\"text-decoration: underline;\"><a href=\"https:\/\/vpi.int\/hu\/07-kiegeszito-nemzetkozi-kutatas\/\">Kieg\u00e9sz\u00edt\u0151 nemzetk\u00f6zi kutat\u00e1s (SIS) &gt;&gt;<\/a><\/span><br \/><span style=\"text-decoration: underline;\"><a href=\"https:\/\/vpi.int\/hu\/12-nemzetkozi-jellegu-kutatas\/\">Nemzetk\u00f6zi jelleg\u0171 kutat\u00e1s (ITS) &gt;&gt;<\/a><br \/><a href=\"https:\/\/vpi.int\/hu\/13-ujdonsagkutatasi-szolgaltatas\/\">\u00dajdons\u00e1gkutat\u00e1si szolg\u00e1ltat\u00e1s (NSS) &gt;&gt;<\/a><br \/><a href=\"https:\/\/vpi.int\/hu\/14-szabadalmazhatosagi-velemennyel-kiegeszitett-ujdonsagkutatas\/\">Szabadalmazhat\u00f3s\u00e1gi v\u00e9lem\u00e9nnyel kieg\u00e9sz\u00edtett \u00fajdons\u00e1gkutat\u00e1s (NSPPR) &gt;&gt;<\/a><\/span><\/p>\n<p>[\/et_pb_text][et_pb_button button_url=&#8221;https:\/\/vpi.int\/hu\/04-szolgaltatasok\/&#8221; button_text=&#8221;Szolg\u00e1ltat\u00e1sokr\u00f3l b\u0151vebben&#8221; _builder_version=&#8221;4.17.1&#8243; _module_preset=&#8221;default&#8221; custom_button=&#8221;on&#8221; button_icon=&#8221;&#x35;||divi||400&#8243; global_colors_info=&#8221;{}&#8221;][\/et_pb_button][\/et_pb_column][\/et_pb_row][\/et_pb_section][et_pb_section fb_built=&#8221;1&#8243; admin_label=&#8221;Services&#8221; _builder_version=&#8221;4.16&#8243; _module_preset=&#8221;default&#8221; custom_padding=&#8221;90px|0px|90px|0px&#8221; global_colors_info=&#8221;{}&#8221;][et_pb_row column_structure=&#8221;1_3,1_3,1_3&#8243; use_custom_gutter=&#8221;on&#8221; make_equal=&#8221;on&#8221; _builder_version=&#8221;4.17.1&#8243; _module_preset=&#8221;default&#8221; global_colors_info=&#8221;{}&#8221;][et_pb_column type=&#8221;1_3&#8243; _builder_version=&#8221;4.17.1&#8243; _module_preset=&#8221;default&#8221; global_colors_info=&#8221;{}&#8221;][et_pb_divider color=&#8221;#007576&#8243; divider_weight=&#8221;5px&#8221; _builder_version=&#8221;4.17.1&#8243; _module_preset=&#8221;default&#8221; width=&#8221;60px&#8221; module_alignment=&#8221;left&#8221; global_colors_info=&#8221;{}&#8221;][\/et_pb_divider][et_pb_text _builder_version=&#8221;4.17.1&#8243; _module_preset=&#8221;default&#8221; animation_style=&#8221;slide&#8221; animation_direction=&#8221;bottom&#8221; animation_intensity_slide=&#8221;5%&#8221; global_colors_info=&#8221;{}&#8221;]<\/p>\n<h2>A PCT-r\u0151l<\/h2>\n<p>&nbsp;<\/p>\n<p>A PCT egy olyan nemzetk\u00f6zi szerz\u0151d\u00e9s, amely lehet\u0151v\u00e9 teszi, hogy egyetlen bejelent\u00e9s beny\u00fajt\u00e1s\u00e1val egyidej\u0171leg sz\u00e1mos orsz\u00e1gban lehessen szabadalmi oltalmat ig\u00e9nyelni. A szabadalom megad\u00e1s\u00e1ra nemzeti vagy region\u00e1lis jogszab\u00e1lyok vonatkoznak.<\/p>\n<p>[\/et_pb_text][et_pb_button button_url=&#8221;https:\/\/vpi.int\/hu\/03-a-pct-rol\/&#8221; button_text=&#8221;A PCT-R\u0150L&#8221; disabled_on=&#8221;off|off|on&#8221; _builder_version=&#8221;4.17.1&#8243; _module_preset=&#8221;default&#8221; custom_button=&#8221;on&#8221; button_icon=&#8221;&#x35;||divi||400&#8243; global_colors_info=&#8221;{}&#8221;][\/et_pb_button][\/et_pb_column][et_pb_column type=&#8221;1_3&#8243; _builder_version=&#8221;4.17.1&#8243; _module_preset=&#8221;default&#8221; global_colors_info=&#8221;{}&#8221;][et_pb_divider color=&#8221;#808080&#8243; divider_weight=&#8221;5px&#8221; _builder_version=&#8221;4.17.1&#8243; _module_preset=&#8221;default&#8221; width=&#8221;60px&#8221; module_alignment=&#8221;left&#8221; global_colors_info=&#8221;{}&#8221;][\/et_pb_divider][et_pb_text _builder_version=&#8221;4.17.1&#8243; _module_preset=&#8221;default&#8221; animation_style=&#8221;slide&#8221; animation_direction=&#8221;bottom&#8221; animation_intensity_slide=&#8221;5%&#8221; global_colors_info=&#8221;{}&#8221;]<\/p>\n<h2>D\u00edjak \u00e9s visszat\u00e9r\u00edt\u00e9sek<\/h2>\n<p>&nbsp;<\/p>\n<p>T\u00f6ltse le a kutat\u00e1si d\u00edj visszat\u00e9r\u00edt\u00e9si \u0171rlapot err\u0151l az oldalr\u00f3l, ahol r\u00e9szletes utas\u00edt\u00e1sokat tal\u00e1l a beny\u00fajt\u00e1s m\u00f3dj\u00e1r\u00f3l a gyors kifizet\u00e9s \u00e9rdek\u00e9ben. A VSZI min\u0151s\u00e9gbiztos\u00edt\u00e1s\u00e1r\u00f3l \u00e9s a jogi keretekr\u0151l hivatalos dokumentumainkban olvashat.<\/p>\n<p>[\/et_pb_text][et_pb_button button_url=&#8221;https:\/\/vpi.int\/hu\/08-dijak-es-visszateritesek\/&#8221; button_text=&#8221;D\u00edjek \u00e9s visszat\u00e9r\u00edt\u00e9sek&#8221; disabled_on=&#8221;off|off|on&#8221; _builder_version=&#8221;4.17.1&#8243; _module_preset=&#8221;default&#8221; custom_button=&#8221;on&#8221; button_icon=&#8221;&#x35;||divi||400&#8243; global_colors_info=&#8221;{}&#8221;][\/et_pb_button][\/et_pb_column][et_pb_column type=&#8221;1_3&#8243; _builder_version=&#8221;4.17.1&#8243; _module_preset=&#8221;default&#8221; global_colors_info=&#8221;{}&#8221;][et_pb_divider color=&#8221;#145670&#8243; divider_weight=&#8221;5px&#8221; _builder_version=&#8221;4.17.1&#8243; _module_preset=&#8221;default&#8221; width=&#8221;60px&#8221; module_alignment=&#8221;left&#8221; global_colors_info=&#8221;{}&#8221;][\/et_pb_divider][et_pb_text _builder_version=&#8221;4.17.1&#8243; _module_preset=&#8221;default&#8221; animation_style=&#8221;slide&#8221; animation_direction=&#8221;bottom&#8221; animation_intensity_slide=&#8221;5%&#8221; global_colors_info=&#8221;{}&#8221;]<\/p>\n<h2>Tud\u00e1sk\u00f6zpont<\/h2>\n<p>&nbsp;<\/p>\n<p>A Visegr\u00e1di Szabadalmi Int\u00e9zet Tud\u00e1sk\u00f6zpontj\u00e1t azzal a c\u00e9llal hoztuk l\u00e9tre, hogy kiadv\u00e1nyok \u00e9s rendezv\u00e9nyek r\u00e9v\u00e9n megosszuk a visegr\u00e1di orsz\u00e1gok nemzetk\u00f6zi szabadalmaztat\u00e1s\u00e1val kapcsolatos kutat\u00e1sokat, statisztik\u00e1kat \u00e9s az ipar legjobb gyakorlatait.<\/p>\n<p>[\/et_pb_text][et_pb_button button_url=&#8221;https:\/\/vpi.int\/hu\/09-tudaskozpont\/&#8221; button_text=&#8221;Tud\u00e1sk\u00f6zpont&#8221; disabled_on=&#8221;off|off|on&#8221; _builder_version=&#8221;4.17.1&#8243; _module_preset=&#8221;default&#8221; custom_button=&#8221;on&#8221; button_icon=&#8221;&#x35;||divi||400&#8243; global_colors_info=&#8221;{}&#8221;][\/et_pb_button][\/et_pb_column][\/et_pb_row][et_pb_row column_structure=&#8221;1_3,1_3,1_3&#8243; _builder_version=&#8221;4.17.1&#8243; _module_preset=&#8221;default&#8221; global_colors_info=&#8221;{}&#8221;][et_pb_column type=&#8221;1_3&#8243; _builder_version=&#8221;4.17.1&#8243; _module_preset=&#8221;default&#8221; global_colors_info=&#8221;{}&#8221;][et_pb_button button_url=&#8221;https:\/\/vpi.int\/hu\/03-a-pct-rol\/&#8221; button_text=&#8221;A PCT-R\u0150L&#8221; disabled_on=&#8221;on|on|off&#8221; _builder_version=&#8221;4.17.1&#8243; _module_preset=&#8221;default&#8221; custom_button=&#8221;on&#8221; button_icon=&#8221;&#x35;||divi||400&#8243; global_colors_info=&#8221;{}&#8221;][\/et_pb_button][\/et_pb_column][et_pb_column type=&#8221;1_3&#8243; _builder_version=&#8221;4.17.1&#8243; _module_preset=&#8221;default&#8221; global_colors_info=&#8221;{}&#8221;][et_pb_button button_url=&#8221;https:\/\/vpi.int\/hu\/08-dijak-es-visszateritesek\/&#8221; button_text=&#8221;D\u00edjak \u00e9s visszat\u00e9r\u00edt\u00e9sek&#8221; disabled_on=&#8221;on|on|off&#8221; _builder_version=&#8221;4.17.1&#8243; _module_preset=&#8221;default&#8221; custom_button=&#8221;on&#8221; button_icon=&#8221;&#x35;||divi||400&#8243; global_colors_info=&#8221;{}&#8221;][\/et_pb_button][\/et_pb_column][et_pb_column type=&#8221;1_3&#8243; _builder_version=&#8221;4.17.1&#8243; _module_preset=&#8221;default&#8221; global_colors_info=&#8221;{}&#8221;][et_pb_button button_url=&#8221;https:\/\/vpi.int\/hu\/09-tudaskozpont\/&#8221; button_text=&#8221;Tud\u00e1sk\u00f6zpont&#8221; disabled_on=&#8221;on|on|off&#8221; _builder_version=&#8221;4.17.1&#8243; _module_preset=&#8221;default&#8221; custom_button=&#8221;on&#8221; button_icon=&#8221;&#x35;||divi||400&#8243; global_colors_info=&#8221;{}&#8221;][\/et_pb_button][\/et_pb_column][\/et_pb_row][\/et_pb_section][et_pb_section fb_built=&#8221;1&#8243; disabled_on=&#8221;on|on|off&#8221; _builder_version=&#8221;4.17.1&#8243; _module_preset=&#8221;default&#8221; background_color=&#8221;#145670&#8243; use_background_color_gradient=&#8221;on&#8221; background_color_gradient_direction=&#8221;70deg&#8221; background_color_gradient_stops=&#8221;rgba(0,17,30,0.78) 25%|rgba(0,117,118,0.5) 100%&#8221; background_image=&#8221;https:\/\/vpi.int\/hu\/wp-content\/uploads\/2022\/06\/VPI_citys_turquise_02_01.jpg&#8221; background_size=&#8221;initial&#8221; background_blend=&#8221;soft-light&#8221; background_enable_pattern_style=&#8221;on&#8221; background_pattern_style=&#8221;diagonal-stripes-2&#8243; background_pattern_color=&#8221;rgba(0,117,118,0.2)&#8221; custom_padding=&#8221;130px||130px||true|false&#8221; animation_style=&#8221;fade&#8221; background_last_edited=&#8221;on|phone&#8221; background_size_tablet=&#8221;contain&#8221; global_colors_info=&#8221;{}&#8221;][et_pb_row _builder_version=&#8221;4.17.1&#8243; _module_preset=&#8221;default&#8221; background_enable_color=&#8221;off&#8221; custom_padding=&#8221;30px|30px|30px|30px|true|true&#8221; border_color_all=&#8221;#007576&#8243; global_colors_info=&#8221;{}&#8221;][et_pb_column type=&#8221;4_4&#8243; _builder_version=&#8221;4.17.1&#8243; _module_preset=&#8221;default&#8221; global_colors_info=&#8221;{}&#8221;][\/et_pb_column][\/et_pb_row][\/et_pb_section][et_pb_section fb_built=&#8221;1&#8243; custom_padding_last_edited=&#8221;on|phone&#8221; disabled_on=&#8221;off|off|on&#8221; _builder_version=&#8221;4.17.1&#8243; _module_preset=&#8221;default&#8221; background_color=&#8221;#145670&#8243; use_background_color_gradient=&#8221;on&#8221; background_color_gradient_direction=&#8221;70deg&#8221; background_color_gradient_stops=&#8221;rgba(0,17,30,0.78) 25%|rgba(0,117,118,0.5) 100%&#8221; background_image=&#8221;https:\/\/vpi.int\/hu\/wp-content\/uploads\/2022\/06\/VPI_citys_turquise_02_01.jpg&#8221; background_size=&#8221;initial&#8221; background_blend=&#8221;soft-light&#8221; background_enable_pattern_style=&#8221;on&#8221; background_pattern_style=&#8221;diagonal-stripes-2&#8243; background_pattern_color=&#8221;rgba(0,117,118,0.2)&#8221; custom_padding=&#8221;130px||130px||true|false&#8221; custom_padding_tablet=&#8221;25px||25px||true|false&#8221; custom_padding_phone=&#8221;140px||140px||true|false&#8221; animation_style=&#8221;fade&#8221; background_last_edited=&#8221;on|desktop&#8221; background_image_phone=&#8221;https:\/\/vpi.int\/hu\/wp-content\/uploads\/2022\/06\/VPI_citys_mobile_01.jpg&#8221; background_enable_image_phone=&#8221;on&#8221; background_size_tablet=&#8221;contain&#8221; background_size_phone=&#8221;cover&#8221; background_image_width_phone=&#8221;0%&#8221; background_image_height_phone=&#8221;34%&#8221; global_colors_info=&#8221;{}&#8221;][et_pb_row _builder_version=&#8221;4.17.1&#8243; _module_preset=&#8221;default&#8221; background_enable_color=&#8221;off&#8221; custom_padding=&#8221;30px|30px|30px|30px|true|true&#8221; border_color_all=&#8221;#007576&#8243; global_colors_info=&#8221;{}&#8221;][et_pb_column type=&#8221;4_4&#8243; _builder_version=&#8221;4.17.1&#8243; _module_preset=&#8221;default&#8221; global_colors_info=&#8221;{}&#8221;][\/et_pb_column][\/et_pb_row][\/et_pb_section]<\/p>\n","protected":false},"excerpt":{"rendered":"<p>Tud\u00e1sk\u00f6zpontKiadv\u00e1nyok, rendezv\u00e9nyek \u00e9s hasznos inform\u00e1ci\u00f3k &nbsp; \u00dcdv\u00f6z\u00f6lj\u00fck a Visegr\u00e1di Szabadalmi Int\u00e9zet Tud\u00e1sk\u00f6zpontj\u00e1ban, ahol rendezv\u00e9nyeket, kutat\u00e1sokat \u00e9s hasznos inform\u00e1ci\u00f3kat osztunk meg a PCT rendszer \u00e9s szolg\u00e1ltat\u00e1saink felhaszn\u00e1l\u00f3ival.Kiadv\u00e1nyok &nbsp; Olvasson az ipar\u00e1gi trendekr\u0151l, statisztik\u00e1kr\u00f3l \u00e9s legjobb gyakorlatokr\u00f3l. Itt tal\u00e1lja kutat\u00e1sainkat, esettanulm\u00e1nyainkat \u00e9s egy\u00e9b kiadv\u00e1nyainkat, amelyek betekint\u00e9st ny\u00fajtanak a k\u00f6z\u00e9p- \u00e9s kelet-eur\u00f3pai r\u00e9gi\u00f3 legjobb nemzetk\u00f6zi szabadalmi gyakorlataiba.Deeptech Startup [&hellip;]<\/p>\n","protected":false},"author":2,"featured_media":0,"parent":0,"menu_order":0,"comment_status":"closed","ping_status":"closed","template":"","meta":{"_et_pb_use_builder":"on","_et_pb_old_content":"<!-- wp:divi\/layout -->\n<div class=\"wp-block-divi-layout\">[et_pb_section fb_built=\"1\" _builder_version=\"4.17.1\" _module_preset=\"default\" background_image=\"https:\/\/vpi.int\/hu\/wp-content\/uploads\/2022\/05\/VPI_citys-2.jpg\" background_size=\"contain\" background_position=\"center_right\" background_enable_pattern_style=\"on\" background_pattern_style=\"diagonal-stripes-2\" background_pattern_color=\"rgba(0,117,118,0.14)\" max_height=\"400px\" max_height_tablet=\"238px\" max_height_phone=\"125px\" max_height_last_edited=\"on|phone\" background_last_edited=\"on|phone\" background_size_tablet=\"contain\" background_size_phone=\"contain\" background_position_tablet=\"center\" global_colors_info=\"{}\"][et_pb_row _builder_version=\"4.17.1\" _module_preset=\"default\" custom_padding=\"100px||100px||true|false\" global_colors_info=\"{}\"][et_pb_column type=\"4_4\" _builder_version=\"4.17.1\" _module_preset=\"default\" global_colors_info=\"{}\"][\/et_pb_column][\/et_pb_row][\/et_pb_section][et_pb_section fb_built=\"1\" _builder_version=\"4.17.1\" _module_preset=\"default\" background_enable_color=\"off\" use_background_color_gradient=\"on\" background_color_gradient_direction=\"70deg\" background_color_gradient_stops=\"rgba(0,117,118,0.68) 0%|rgba(0,117,118,0.5) 100%\" background_enable_image=\"off\" background_blend=\"soft-light\" background_enable_pattern_style=\"on\" background_pattern_style=\"diagonal-stripes-2\" background_pattern_color=\"rgba(0,117,118,0.17)\" custom_padding=\"47px|||||\" global_colors_info=\"{}\"][et_pb_row _builder_version=\"4.17.1\" _module_preset=\"default\" background_enable_color=\"off\" custom_padding=\"30px|30px|30px|30px|true|true\" border_color_all=\"#007576\" global_colors_info=\"{}\"][et_pb_column type=\"4_4\" _builder_version=\"4.17.1\" _module_preset=\"default\" global_colors_info=\"{}\"][et_pb_text _builder_version=\"4.17.1\" _module_preset=\"default\" text_font=\"Barlow|300||on|||||\" text_text_color=\"#FFFFFF\" text_font_size=\"22px\" text_letter_spacing=\"5px\" text_line_height=\"1.5em\" header_text_color=\"#FFFFFF\" header_2_font=\"Barlow|600||on|||||\" header_2_text_color=\"#FFFFFF\" header_2_font_size=\"40px\" header_2_letter_spacing=\"5px\" header_2_line_height=\"1.1em\" width=\"70%\" global_colors_info=\"{}\"]<h2>Lorem ipsum dolor<br>sit amet<\/h2>\n<p>&nbsp;<\/p>\n<p>This is a Banner. Lorem ipsum dolor sit amet, consectetur adipisicing elit, sed do eiusmod tempor incididunt ut labore et dolore magna aliqua.<\/p>[\/et_pb_text][et_pb_button button_text=\"Click Here\" _builder_version=\"4.17.1\" _module_preset=\"default\" global_colors_info=\"{}\"][\/et_pb_button][\/et_pb_column][\/et_pb_row][\/et_pb_section][et_pb_section fb_built=\"1\" admin_label=\"Services\" _builder_version=\"4.16\" _module_preset=\"default\" custom_padding=\"90px|0px|90px|0px\" global_colors_info=\"{}\"][et_pb_row column_structure=\"1_2,1_2\" _builder_version=\"4.17.1\" _module_preset=\"default\" global_colors_info=\"{}\"][et_pb_column type=\"1_2\" _builder_version=\"4.17.1\" _module_preset=\"default\" global_colors_info=\"{}\"][et_pb_divider color=\"#007576\" divider_weight=\"5px\" _builder_version=\"4.17.1\" _module_preset=\"default\" width=\"60px\" module_alignment=\"left\" global_colors_info=\"{}\"][\/et_pb_divider][et_pb_text _builder_version=\"4.17.1\" _module_preset=\"default\" global_colors_info=\"{}\"]<h2>About Visegrad Patent Institute<\/h2>\n<p>&nbsp;<\/p>\n<p><strong>Lorem ipsum dolor sit amet, consectetur adipisicing elit, sed do eiusmod tempor incididunt ut labore et dolore magna aliqua.<\/strong> Ut enim ad minim veniam, quis nostrud exercitation ullamco laboris nisi ut aliquip ex ea commodo consequat. Duis aute irure dolor in reprehenderit in voluptate velit esse cillum dolore eu fugiat nulla pariatur. Excepteur sint occaecat cupidatat non proident, sunt in culpa qui officia deserunt mollit anim id est laborum. Ur sint occaecat cupidatat non proident, sunt in culpa qui officia deserunt mollit anim id est laborum.<\/p>[\/et_pb_text][\/et_pb_column][et_pb_column type=\"1_2\" _builder_version=\"4.17.1\" _module_preset=\"default\" global_colors_info=\"{}\"][et_pb_text _builder_version=\"4.17.1\" _module_preset=\"default\" global_colors_info=\"{}\"]<p>Lorem ipsum dolor sit amet, consectetur adipisicing elit, sed do eiusmod tempor incididunt ut labore et dolore magna aliqua. Ut enim ad minim veniam, quis nostrud exercitation ullamco laboris nisi ut aliquip ex ea commodo consequat. Duis aute irure dolor in reprehenderit in voluptate velit esse cillum dolore eu fugiat nulla pariatur. Excepteur sint occaecat cupidatat non proident, sunt in culpa qui officia deserunt mollit anim id est laborum. Ur sint occaecat cupidatat non proident, sunt in culpa qui officia deserunt mollit anim id est laborum. Duis aute irure dolor in reprehenderit in voluptate velit esse cillum dolore eu fugiat nulla pariatur.Lorem ipsum dolor sit amet, consectetur adipisicing elit, sed do eiusmod tempor incididunt ut labore et dolore magna aliqua. Ut enim ad minim veniam, quis nostrud exercitation ullamco laboris nisi ut aliquip ex ea commodo consequat. Lorem ipsum dolor sit amet, consectetur adipisicing.<\/p>\n<p><a href=\"#\">this is a link &gt;&gt;<\/a><\/p>[\/et_pb_text][\/et_pb_column][\/et_pb_row][\/et_pb_section][et_pb_section fb_built=\"1\" admin_label=\"Split Section\" _builder_version=\"4.16\" _module_preset=\"default\" custom_padding=\"0px||0px|\" animation_style=\"fold\" animation_direction=\"bottom\" animation_intensity_fold=\"4%\" global_colors_info=\"{}\"][et_pb_row column_structure=\"1_2,1_2\" use_custom_gutter=\"on\" gutter_width=\"1\" make_equal=\"on\" module_class=\" et_pb_row_fullwidth\" _builder_version=\"4.17.1\" _module_preset=\"default\" background_size=\"initial\" background_position=\"top_left\" background_repeat=\"repeat\" width=\"100%\" width_tablet=\"100%\" width_phone=\"100%\" width_last_edited=\"on|desktop\" max_width=\"100%\" max_width_tablet=\"100%\" max_width_phone=\"100%\" max_width_last_edited=\"on|desktop\" custom_margin=\"0px||0px|\" custom_padding=\"0px||0px|\" make_fullwidth=\"on\" global_colors_info=\"{}\"][et_pb_column type=\"1_2\" _builder_version=\"4.17.1\" _module_preset=\"default\" use_background_color_gradient=\"on\" background_color_gradient_direction=\"60deg\" background_color_gradient_stops=\"#007576 0%|rgba(41,196,169,0.29) 100%\" background_enable_image=\"off\" background_position=\"top_left\" custom_padding=\"|||\" global_colors_info=\"{}\" custom_padding__hover=\"|||\"][\/et_pb_column][et_pb_column type=\"1_2\" _builder_version=\"4.16\" _module_preset=\"default\" background_color=\"#f4f4f4\" background_position=\"top_left\" custom_padding=\"8%|6%|8%|6%\" global_colors_info=\"{}\" custom_padding__hover=\"|||\"][et_pb_text _builder_version=\"4.17.1\" _module_preset=\"default\" custom_padding=\"||38px|||\" global_colors_info=\"{}\"]<h2>About the PCT<\/h2>\n<p>&nbsp;<\/p>\n<p><strong>Lorem ipsum dolor sit amet, consectetur adipisicing elit, sed do eiusmod tempor incididunt ut labore et dolore magna aliqua.<\/strong> Ut enim ad minim veniam, quis nostrud exercitation ullamco laboris nisi ut aliquip ex ea commodo consequat. Duis aute irure dolor in reprehenderit in voluptate velit esse cillum dolore eu fugiat nulla pariatur. Excepteur sint occaecat cupidatat non proident, sunt in culpa qui officia deserunt mollit anim id est laborum. Ur sint occaecat cupidatat non proident, sunt in culpa qui officia deserunt mollit anim id est laborum.<\/p>[\/et_pb_text][et_pb_button button_text=\"Click Here\" _builder_version=\"4.17.1\" _module_preset=\"default\" global_colors_info=\"{}\"][\/et_pb_button][\/et_pb_column][\/et_pb_row][\/et_pb_section][et_pb_section fb_built=\"1\" admin_label=\"Services\" _builder_version=\"4.16\" _module_preset=\"default\" custom_padding=\"90px|0px|90px|0px\" global_colors_info=\"{}\"][et_pb_row column_structure=\"1_3,1_3,1_3\" _builder_version=\"4.17.1\" _module_preset=\"default\" global_colors_info=\"{}\"][et_pb_column type=\"1_3\" _builder_version=\"4.17.1\" _module_preset=\"default\" global_colors_info=\"{}\"][et_pb_divider color=\"#007576\" divider_weight=\"5px\" _builder_version=\"4.17.1\" _module_preset=\"default\" width=\"60px\" module_alignment=\"left\" global_colors_info=\"{}\"][\/et_pb_divider][et_pb_text _builder_version=\"4.17.1\" _module_preset=\"default\" global_colors_info=\"{}\"]<h2>Services<\/h2>\n<p>&nbsp;<\/p>\n<p>Lorem ipsum dolor sit amet, consectetur adipisicing elit, sed do eiusmod tempor incididunt ut labore et dolore magna aliqua. Ut enim ad minim veniam, quis nostrud exercitation ullamco laboris nisi ut aliquip ex ea commodo consequat.&nbsp;<\/p>[\/et_pb_text][et_pb_button button_text=\"Click Here\" _builder_version=\"4.17.1\" _module_preset=\"default\" global_colors_info=\"{}\"][\/et_pb_button][\/et_pb_column][et_pb_column type=\"1_3\" _builder_version=\"4.17.1\" _module_preset=\"default\" global_colors_info=\"{}\"][et_pb_divider color=\"#808080\" divider_weight=\"5px\" _builder_version=\"4.17.1\" _module_preset=\"default\" width=\"60px\" module_alignment=\"left\" global_colors_info=\"{}\"][\/et_pb_divider][et_pb_text _builder_version=\"4.17.1\" _module_preset=\"default\" global_colors_info=\"{}\"]<h2>Documents<\/h2>\n<p>&nbsp;<\/p>\n<p>Lorem ipsum dolor sit amet, consectetur adipisicing elit, sed do eiusmod tempor incididunt ut labore et dolore magna aliqua. Ut enim ad minim veniam, quis nostrud exercitation ullamco laboris nisi ut aliquip ex ea commodo consequat.<\/p>[\/et_pb_text][et_pb_button button_text=\"Click Here\" _builder_version=\"4.17.1\" _module_preset=\"default\" global_colors_info=\"{}\"][\/et_pb_button][\/et_pb_column][et_pb_column type=\"1_3\" _builder_version=\"4.17.1\" _module_preset=\"default\" global_colors_info=\"{}\"][et_pb_divider color=\"#145670\" divider_weight=\"5px\" _builder_version=\"4.17.1\" _module_preset=\"default\" width=\"60px\" module_alignment=\"left\" global_colors_info=\"{}\"][\/et_pb_divider][et_pb_text _builder_version=\"4.17.1\" _module_preset=\"default\" global_colors_info=\"{}\"]<h2>Knowledge hub<\/h2>\n<p>&nbsp;<\/p>\n<p>Lorem ipsum dolor sit amet, consectetur adipisicing elit, sed do eiusmod tempor incididunt ut labore et dolore magna aliqua. Ut enim ad minim veniam, quis nostrud exercitation ullamco laboris nisi ut aliquip ex ea commodo consequat.<\/p>[\/et_pb_text][et_pb_button button_text=\"Click Here\" _builder_version=\"4.17.1\" _module_preset=\"default\" global_colors_info=\"{}\"][\/et_pb_button][\/et_pb_column][\/et_pb_row][\/et_pb_section][et_pb_section fb_built=\"1\" disabled_on=\"on|on|off\" _builder_version=\"4.17.1\" _module_preset=\"default\" background_color=\"#145670\" use_background_color_gradient=\"on\" background_color_gradient_direction=\"70deg\" background_color_gradient_stops=\"rgba(0,17,30,0.78) 25%|rgba(0,117,118,0.5) 100%\" background_image=\"https:\/\/vpi.int\/hu\/wp-content\/uploads\/2022\/05\/VPI_citys_turquise_02.jpg\" background_size=\"initial\" background_blend=\"soft-light\" background_enable_pattern_style=\"on\" background_pattern_style=\"diagonal-stripes-2\" background_pattern_color=\"rgba(0,117,118,0.2)\" custom_padding=\"140px||140px||true|false\" background_last_edited=\"on|phone\" background_size_tablet=\"contain\" global_colors_info=\"{}\"][et_pb_row _builder_version=\"4.17.1\" _module_preset=\"default\" background_enable_color=\"off\" custom_padding=\"30px|30px|30px|30px|true|true\" border_color_all=\"#007576\" global_colors_info=\"{}\"][et_pb_column type=\"4_4\" _builder_version=\"4.17.1\" _module_preset=\"default\" global_colors_info=\"{}\"][et_pb_text _builder_version=\"4.17.1\" _module_preset=\"default\" text_font=\"Barlow|300||on|||||\" text_text_color=\"#FFFFFF\" text_font_size=\"22px\" text_letter_spacing=\"5px\" text_line_height=\"1.5em\" header_text_color=\"#FFFFFF\" header_2_font=\"Barlow|600||on|||||\" header_2_text_color=\"#FFFFFF\" header_2_font_size=\"40px\" header_2_letter_spacing=\"5px\" header_2_line_height=\"1.1em\" width=\"70%\" text_text_shadow_style=\"preset1\" global_colors_info=\"{}\"]<h2>Contact us<\/h2>[\/et_pb_text][\/et_pb_column][\/et_pb_row][\/et_pb_section][et_pb_section fb_built=\"1\" _builder_version=\"4.17.1\" _module_preset=\"default\" width=\"100%\" custom_padding=\"||35px|||\" global_colors_info=\"{}\"][et_pb_row _builder_version=\"4.17.1\" _module_preset=\"default\" global_colors_info=\"{}\"][et_pb_column type=\"4_4\" _builder_version=\"4.17.1\" _module_preset=\"default\" global_colors_info=\"{}\"][et_pb_text _builder_version=\"4.17.1\" _module_preset=\"default\" global_colors_info=\"{}\"]<h2>VPI Secretariat and Director<\/h2>[\/et_pb_text][\/et_pb_column][\/et_pb_row][et_pb_row column_structure=\"1_2,1_2\" _builder_version=\"4.17.1\" _module_preset=\"default\" global_colors_info=\"{}\"][et_pb_column type=\"1_2\" _builder_version=\"4.17.1\" _module_preset=\"default\" global_colors_info=\"{}\"][et_pb_text _builder_version=\"4.17.1\" _module_preset=\"default\" global_colors_info=\"{}\"]<p><strong>Postal address:<\/strong><br>Visegrad Patent Institute<br>II. J\u00e1nos P\u00e1l p\u00e1pa t\u00e9r 7.<br>H-1081 Budapest<br>Hungary<\/p>\n<p><strong>Director:<\/strong><br>Dr. Johanna Stadler<br>E-mail: director@vpi.int<br>Telephone (Director): +36 20 386 3557<\/p>\n<p><strong>Secretariat:<\/strong><br>E-mail: secretariat@vpi.int<br>Telefon (Secretariat): +36 1 951 5770, +36 70 386 3507<\/p>[\/et_pb_text][\/et_pb_column][et_pb_column type=\"1_2\" _builder_version=\"4.17.1\" _module_preset=\"default\" global_colors_info=\"{}\"][et_pb_text _builder_version=\"4.17.1\" _module_preset=\"default\" global_colors_info=\"{}\"]<p><strong>Opening hours:<\/strong><br>Monday to Friday 9:00-14:00<\/p>\n<p><strong>Bank account:<\/strong><br>Account holder's name: Visegrad Patent Institute<br>Bank: Raiffeisen Bank Zrt., 1133 Budapest, V\u00e1ci \u00fat 116-118.<br>IBAN: HU66-12012204-01799099-00200000<br>SWIFT Code: UBRTHUHB<\/p>\n<p><strong>GPS location:<\/strong> 47\u00b029'43.5\"N 19\u00b004'36.2\"E<\/p>[\/et_pb_text][\/et_pb_column][\/et_pb_row][\/et_pb_section][et_pb_section fb_built=\"1\" _builder_version=\"4.17.1\" _module_preset=\"default\" global_colors_info=\"{}\"][et_pb_row column_structure=\"1_4,1_4,1_4,1_4\" _builder_version=\"4.17.1\" _module_preset=\"default\" global_colors_info=\"{}\"][et_pb_column type=\"1_4\" _builder_version=\"4.17.1\" _module_preset=\"default\" global_colors_info=\"{}\"][et_pb_image src=\"https:\/\/vpi.int\/hu\/wp-content\/uploads\/2022\/05\/UKAS9001-small.jpg\" title_text=\"UKAS9001-small\" _builder_version=\"4.17.1\" _module_preset=\"default\" global_colors_info=\"{}\"][\/et_pb_image][\/et_pb_column][et_pb_column type=\"1_4\" _builder_version=\"4.17.1\" _module_preset=\"default\" global_colors_info=\"{}\"][et_pb_image src=\"https:\/\/vpi.int\/hu\/wp-content\/uploads\/2022\/05\/visegrad_fund_logo_blue.jpg\" title_text=\"visegrad_fund_logo_blue\" _builder_version=\"4.17.1\" _module_preset=\"default\" global_colors_info=\"{}\"][\/et_pb_image][\/et_pb_column][et_pb_column type=\"1_4\" _builder_version=\"4.17.1\" _module_preset=\"default\" global_colors_info=\"{}\"][\/et_pb_column][et_pb_column type=\"1_4\" _builder_version=\"4.17.1\" _module_preset=\"default\" global_colors_info=\"{}\"][\/et_pb_column][\/et_pb_row][\/et_pb_section][et_pb_section fb_built=\"1\" _builder_version=\"4.17.1\" _module_preset=\"default\" background_color=\"rgba(68,68,68,0.1)\" custom_padding=\"16px|||||\" global_colors_info=\"{}\"][et_pb_row column_structure=\"1_4,1_4,1_4,1_4\" _builder_version=\"4.17.1\" _module_preset=\"default\" global_colors_info=\"{}\"][et_pb_column type=\"1_4\" _builder_version=\"4.17.1\" _module_preset=\"default\" global_colors_info=\"{}\"][et_pb_text _builder_version=\"4.17.1\" _module_preset=\"default\" global_colors_info=\"{}\"]<p><strong>Czech branch office<\/strong><\/p>\n<p>Industrial Property Office of the Czech Republic<br>Anton\u00edna \u010cerm\u00e1ka 2a<br>160 68 Praha 6 \u2013 Bubene\u010d<br>Czech Republic<br>E-mail: cz@vpi.int, posta@upv.cz<br>Phone: 220 383 111<br>Fax: 224 324 718<\/p>\n<p><strong>Opening hours:<\/strong><br>Monday: 8:00 \u2013 17:00<br>Tuesday: 8:00 \u2013 16:00<br>Wednesday: 8:00 \u2013 17:00<br>Thursday: 8:00 \u2013 16:00<br>Friday: 8:00 \u2013 14:30<\/p>\n<p><strong>GPS location:<\/strong> 50\u00b006'28.1\"N 14\u00b024'02.2\"E<\/p>[\/et_pb_text][\/et_pb_column][et_pb_column type=\"1_4\" _builder_version=\"4.17.1\" _module_preset=\"default\" global_colors_info=\"{}\"][et_pb_text _builder_version=\"4.17.1\" _module_preset=\"default\" global_colors_info=\"{}\"]<p><strong>Hungarian branch office<\/strong><\/p>\n<p>Hungarian Intellectual Property Office<br>II. J\u00e1nos P\u00e1l p\u00e1pa t\u00e9r 7.<br>H-1081 Budapest<br>Hungary<br>E-mail: hu@vpi.int, sztnh@hipo.gov.hu<br>Phone: +36 (1) 312 4400<br>Fax: +36 (1) 474 5534<\/p>\n<p><strong>Opening hours:<\/strong><br>Monday 9.00 - 13.00<br>Tuesday 9.00 - 13.00<br>Wednesday 10.00 - 18.00<br>Thursday 9.00 -13.00<br>Friday 9.00 - 11.00<\/p>[\/et_pb_text][\/et_pb_column][et_pb_column type=\"1_4\" _builder_version=\"4.17.1\" _module_preset=\"default\" global_colors_info=\"{}\"][et_pb_text _builder_version=\"4.17.1\" _module_preset=\"default\" global_colors_info=\"{}\"]<p><strong>Polish branch office<\/strong><\/p>\n<p>Patent Office of the Republic of Poland <br>Al. Niepodleg\u0142o\u015bci 188\/192<br>00-950 Warszawa<br>Poland<br>P.O. box 203<br>E-mail: pl@vpi.int, Contact.Center@uprp.gov.pl<br>Phone: +48 22 579 05 55<br>Fax: +48 22 579 00 01<\/p>\n<p><strong>Opening hours:<\/strong><br>Monday to Friday 8:00 \u2013 16:00<\/p>\n<p>Correspondence can be submitted to the Patent Office of the Republic of Poland also after working hours and on days off.<\/p>\n<p><strong>GPS location:<\/strong> 52.216101,21.007458,14<\/p>[\/et_pb_text][\/et_pb_column][et_pb_column type=\"1_4\" _builder_version=\"4.17.1\" _module_preset=\"default\" global_colors_info=\"{}\"][et_pb_text _builder_version=\"4.17.1\" _module_preset=\"default\" global_colors_info=\"{}\"]<p><strong>Slovak branch office<\/strong><\/p>\n<p>Industrial Property Office of the Slovak Republic<br>\u0160vermova 43<br>974 04 Bansk\u00e1 Bystrica 4<br>Slovak Republic<br>E-mail: sk@vpi.int, infocentrum@indprop.gov.sk<br>Phone: +421 48 4300 131<br>Fax: +421 48 4132 563<\/p>\n<p><strong>Opening hours:<\/strong><br>Monday 9:00 - 15:00<br>Tuesday 9:00 - 15:00<br>Wednesday 9:00 - 15:00<br>Thursday 9:00 - 15:00<br>Friday 9:00 - 15:00<\/p>\n<p><strong>GPS s\u00faradnice:<\/strong> 48.731761, 19.125667:<\/p>[\/et_pb_text][\/et_pb_column][\/et_pb_row][\/et_pb_section][et_pb_section fb_built=\"1\" _builder_version=\"4.17.1\" _module_preset=\"default\" background_color=\"#808080\" custom_padding=\"16px||0px||false|false\" global_colors_info=\"{}\"][et_pb_row column_structure=\"1_4,1_4,1_4,1_4\" _builder_version=\"4.17.1\" _module_preset=\"default\" custom_padding=\"||0px|||\" global_colors_info=\"{}\"][et_pb_column type=\"1_4\" _builder_version=\"4.17.1\" _module_preset=\"default\" global_colors_info=\"{}\"][et_pb_text _builder_version=\"4.17.1\" _module_preset=\"default\" text_text_color=\"#FFFFFF\" global_colors_info=\"{}\"]<p><strong>Secretariat of the Visegrad Patent Institute<\/strong><\/p>\n<p>II. J\u00e1nos P\u00e1l p\u00e1pa t\u00e9r 7.<br>H-1081 Budapest, Hungary<br>E-mail: secretariat@vpi.int<br>Phone: +36 1&nbsp;613 5130<br><a href=\"#\">www.vpi.int<\/a><\/p>[\/et_pb_text][\/et_pb_column][et_pb_column type=\"1_4\" _builder_version=\"4.17.1\" _module_preset=\"default\" global_colors_info=\"{}\"][\/et_pb_column][et_pb_column type=\"1_4\" _builder_version=\"4.17.1\" _module_preset=\"default\" global_colors_info=\"{}\"][\/et_pb_column][et_pb_column type=\"1_4\" _builder_version=\"4.17.1\" _module_preset=\"default\" global_colors_info=\"{}\"][et_pb_text _builder_version=\"4.17.1\" _module_preset=\"default\" text_text_color=\"#FFFFFF\" global_colors_info=\"{}\"]<p><strong>Design and Code<\/strong><\/p>\n<p>Roni Zongor \/ DESIGN<\/p>\n<p><em>\"Design with care\"<\/em><\/p>\n<p><a href=\"#\">www.design.ronizongor.com<\/a><\/p>[\/et_pb_text][\/et_pb_column][\/et_pb_row][\/et_pb_section]<\/div>\n<!-- \/wp:divi\/layout -->","_et_gb_content_width":"","footnotes":""},"class_list":["post-174","page","type-page","status-publish","hentry"],"_links":{"self":[{"href":"https:\/\/vpi.int\/hu\/wp-json\/wp\/v2\/pages\/174","targetHints":{"allow":["GET"]}}],"collection":[{"href":"https:\/\/vpi.int\/hu\/wp-json\/wp\/v2\/pages"}],"about":[{"href":"https:\/\/vpi.int\/hu\/wp-json\/wp\/v2\/types\/page"}],"author":[{"embeddable":true,"href":"https:\/\/vpi.int\/hu\/wp-json\/wp\/v2\/users\/2"}],"replies":[{"embeddable":true,"href":"https:\/\/vpi.int\/hu\/wp-json\/wp\/v2\/comments?post=174"}],"version-history":[{"count":136,"href":"https:\/\/vpi.int\/hu\/wp-json\/wp\/v2\/pages\/174\/revisions"}],"predecessor-version":[{"id":1659,"href":"https:\/\/vpi.int\/hu\/wp-json\/wp\/v2\/pages\/174\/revisions\/1659"}],"wp:attachment":[{"href":"https:\/\/vpi.int\/hu\/wp-json\/wp\/v2\/media?parent=174"}],"curies":[{"name":"wp","href":"https:\/\/api.w.org\/{rel}","templated":true}]}}