{"id":177,"date":"2022-05-22T08:47:05","date_gmt":"2022-05-22T08:47:05","guid":{"rendered":"https:\/\/vpi.int\/pl\/?page_id=177"},"modified":"2026-03-21T06:37:00","modified_gmt":"2026-03-21T06:37:00","slug":"10-aktualnosci","status":"publish","type":"page","link":"https:\/\/vpi.int\/pl\/10-aktualnosci\/","title":{"rendered":"Aktualno\u015bci"},"content":{"rendered":"<p>[et_pb_section fb_built=&#8221;1&#8243; _builder_version=&#8221;4.17.1&#8243; _module_preset=&#8221;default&#8221; background_enable_color=&#8221;off&#8221; use_background_color_gradient=&#8221;on&#8221; background_color_gradient_direction=&#8221;70deg&#8221; background_color_gradient_stops=&#8221;rgba(0,117,118,0.68) 0%|rgba(0,117,118,0.5) 100%&#8221; background_enable_image=&#8221;off&#8221; background_blend=&#8221;soft-light&#8221; background_enable_pattern_style=&#8221;on&#8221; background_pattern_style=&#8221;diagonal-stripes-2&#8243; background_pattern_color=&#8221;rgba(0,117,118,0.17)&#8221; custom_padding=&#8221;47px||0px|||&#8221; global_colors_info=&#8221;{}&#8221;][et_pb_row custom_padding_last_edited=&#8221;on|phone&#8221; _builder_version=&#8221;4.17.1&#8243; _module_preset=&#8221;default&#8221; background_enable_color=&#8221;off&#8221; custom_margin_tablet=&#8221;&#8221; custom_margin_phone=&#8221;||||false|true&#8221; custom_margin_last_edited=&#8221;on|phone&#8221; custom_padding=&#8221;0px|30px|0px|30px|true|true&#8221; custom_padding_tablet=&#8221;0px|30px|0px|30px|true|true&#8221; custom_padding_phone=&#8221;|3px||3px|true|true&#8221; border_color_all=&#8221;#007576&#8243; global_colors_info=&#8221;{}&#8221;][et_pb_column type=&#8221;4_4&#8243; _builder_version=&#8221;4.17.1&#8243; _module_preset=&#8221;default&#8221; global_colors_info=&#8221;{}&#8221;][et_pb_text _builder_version=&#8221;4.17.1&#8243; _module_preset=&#8221;default&#8221; text_font=&#8221;Barlow|300||on|||||&#8221; text_text_color=&#8221;#FFFFFF&#8221; text_font_size=&#8221;22px&#8221; text_letter_spacing=&#8221;5px&#8221; text_line_height=&#8221;1.3em&#8221; header_text_color=&#8221;#FFFFFF&#8221; header_2_font=&#8221;Barlow|600||on|||||&#8221; header_2_text_color=&#8221;#FFFFFF&#8221; header_2_font_size=&#8221;40px&#8221; header_2_letter_spacing=&#8221;5px&#8221; header_2_line_height=&#8221;1.3em&#8221; width=&#8221;70%&#8221; text_font_size_tablet=&#8221;22px&#8221; text_font_size_phone=&#8221;16px&#8221; text_font_size_last_edited=&#8221;on|phone&#8221; header_2_font_size_tablet=&#8221;40px&#8221; header_2_font_size_phone=&#8221;22px&#8221; header_2_font_size_last_edited=&#8221;on|phone&#8221; module_alignment_tablet=&#8221;&#8221; module_alignment_phone=&#8221;center&#8221; module_alignment_last_edited=&#8221;on|phone&#8221; global_colors_info=&#8221;{}&#8221;]<\/p>\n<h2>Aktualno\u015bci<\/h2>\n<p>[\/et_pb_text][et_pb_blurb url=&#8221;#News&#8221; use_icon=&#8221;on&#8221; font_icon=&#8221;&#x33;||divi||400&#8243; icon_color=&#8221;#ffffff&#8221; image_icon_width=&#8221;30px&#8221; _builder_version=&#8221;4.17.1&#8243; _module_preset=&#8221;default&#8221; custom_margin=&#8221;||0px||false|false&#8221; custom_padding=&#8221;||0px||false|false&#8221; global_colors_info=&#8221;{}&#8221;][\/et_pb_blurb][\/et_pb_column][\/et_pb_row][et_pb_row _builder_version=&#8221;4.17.1&#8243; _module_preset=&#8221;default&#8221; global_colors_info=&#8221;{}&#8221;][et_pb_column type=&#8221;4_4&#8243; _builder_version=&#8221;4.17.1&#8243; _module_preset=&#8221;default&#8221; global_colors_info=&#8221;{}&#8221;][et_pb_social_media_follow _builder_version=&#8221;4.17.1&#8243; _module_preset=&#8221;default&#8221; text_orientation=&#8221;left&#8221; custom_padding=&#8221;|||30px|false|false&#8221; custom_padding_tablet=&#8221;|||30px|false|false&#8221; custom_padding_phone=&#8221;|||3px|false|false&#8221; custom_padding_last_edited=&#8221;on|desktop&#8221; animation_style=&#8221;slide&#8221; animation_direction=&#8221;bottom&#8221; animation_intensity_slide=&#8221;5%&#8221; text_orientation_tablet=&#8221;left&#8221; text_orientation_phone=&#8221;&#8221; text_orientation_last_edited=&#8221;on|phone&#8221; global_colors_info=&#8221;{}&#8221;][et_pb_social_media_follow_network social_network=&#8221;linkedin&#8221; url=&#8221;https:\/\/www.linkedin.com\/company\/visegrad-patent-institute&#8221; _builder_version=&#8221;4.17.1&#8243; _module_preset=&#8221;default&#8221; background_color=&#8221;#145670&#8243; background_enable_color=&#8221;on&#8221; global_colors_info=&#8221;{}&#8221; follow_button=&#8221;off&#8221; url_new_window=&#8221;on&#8221;]linkedin[\/et_pb_social_media_follow_network][et_pb_social_media_follow_network social_network=&#8221;youtube&#8221; url=&#8221;https:\/\/www.youtube.com\/channel\/UCHj1m5sL4MykoweSjLCOGYw&#8221; _builder_version=&#8221;4.17.1&#8243; _module_preset=&#8221;default&#8221; background_color=&#8221;#007576&#8243; background_enable_color=&#8221;on&#8221; global_colors_info=&#8221;{}&#8221; follow_button=&#8221;off&#8221; url_new_window=&#8221;on&#8221;]youtube[\/et_pb_social_media_follow_network][\/et_pb_social_media_follow][\/et_pb_column][\/et_pb_row][\/et_pb_section][et_pb_section fb_built=&#8221;1&#8243; admin_label=&#8221;Split Section&#8221; module_id=&#8221;News&#8221; _builder_version=&#8221;4.17.1&#8243; _module_preset=&#8221;default&#8221; custom_padding=&#8221;0px||0px|&#8221; animation_style=&#8221;fold&#8221; animation_direction=&#8221;bottom&#8221; animation_intensity_fold=&#8221;4%&#8221; global_colors_info=&#8221;{}&#8221;][et_pb_row column_structure=&#8221;1_4,3_4&#8243; use_custom_gutter=&#8221;on&#8221; gutter_width=&#8221;1&#8243; make_equal=&#8221;on&#8221; module_class=&#8221; et_pb_row_fullwidth&#8221; _builder_version=&#8221;4.17.1&#8243; _module_preset=&#8221;default&#8221; background_size=&#8221;initial&#8221; background_position=&#8221;top_left&#8221; background_repeat=&#8221;repeat&#8221; width=&#8221;100%&#8221; width_tablet=&#8221;100%&#8221; width_phone=&#8221;100%&#8221; width_last_edited=&#8221;on|desktop&#8221; max_width=&#8221;100%&#8221; max_width_tablet=&#8221;100%&#8221; max_width_phone=&#8221;100%&#8221; max_width_last_edited=&#8221;on|desktop&#8221; custom_margin=&#8221;0px||0px|&#8221; custom_padding=&#8221;0px||0px|&#8221; make_fullwidth=&#8221;on&#8221; global_colors_info=&#8221;{}&#8221;][et_pb_column type=&#8221;1_4&#8243; _builder_version=&#8221;4.17.1&#8243; _module_preset=&#8221;default&#8221; use_background_color_gradient=&#8221;on&#8221; background_color_gradient_direction=&#8221;60deg&#8221; background_color_gradient_stops=&#8221;#007576 0%|rgba(41,196,169,0.29) 100%&#8221; background_enable_image=&#8221;off&#8221; background_position=&#8221;top_left&#8221; custom_padding=&#8221;|||&#8221; global_colors_info=&#8221;{}&#8221; custom_padding__hover=&#8221;|||&#8221;][\/et_pb_column][et_pb_column type=&#8221;3_4&#8243; _builder_version=&#8221;4.17.1&#8243; _module_preset=&#8221;default&#8221; background_enable_color=&#8221;off&#8221; background_position=&#8221;top_left&#8221; custom_padding=&#8221;2%|6%|0px|6%|false|false&#8221; global_colors_info=&#8221;{}&#8221; custom_padding__hover=&#8221;|||&#8221;][et_pb_text _builder_version=&#8221;4.17.1&#8243; _module_preset=&#8221;default&#8221; header_2_line_height=&#8221;1.3em&#8221; custom_padding=&#8221;||38px|||&#8221; custom_padding_tablet=&#8221;||38px|||&#8221; custom_padding_phone=&#8221;20px||||false|false&#8221; custom_padding_last_edited=&#8221;on|phone&#8221; animation_style=&#8221;slide&#8221; animation_direction=&#8221;bottom&#8221; animation_intensity_slide=&#8221;5%&#8221; hover_enabled=&#8221;0&#8243; global_colors_info=&#8221;{}&#8221; sticky_enabled=&#8221;0&#8243;]<\/p>\n<h2>Podpisano protok\u00f3\u0142 ustale\u0144 z chorwackim SIPO<\/h2>\n<p>&nbsp;<\/p>\n<p><strong>10 marca 2026 r.<\/strong><\/p>\n<p>W ramach dzia\u0142a\u0144 maj\u0105cych na celu rozszerzenie sieci wsp\u00f3\u0142pracy z krajami s\u0105siaduj\u0105cymi Wyszehradzki Instytut Patentowy (WIP) podpisa\u0142 10 marca 2026 r. w Zagrzebiu protok\u00f3\u0142 ustale\u0144 (MoU) z Pa\u0144stwowym Urz\u0119dem ds. W\u0142asno\u015bci Intelektualnej Republiki Chorwacji. W imieniu obu instytucji dokument podpisa\u0142y pani Ljiljana Kuterovac, dyrektor generalny SIPO, oraz pani Johanna Stadler, dyrektor WIP.<\/p>\n<p>Protok\u00f3\u0142 ustale\u0144 tworzy ramy dla wsp\u00f3lnych dzia\u0142a\u0144 w zakresie zwi\u0119kszania \u015bwiadomo\u015bci na temat mi\u0119dzynarodowego systemu patentowego w ramach Uk\u0142adu o wsp\u00f3\u0142pracy patentowej (PCT) i dalszego rozwoju wsp\u00f3\u0142pracy pomi\u0119dzy SIPO i WIP na rzecz ekosystem\u00f3w innowacji Republiki Chorwacji i pa\u0144stw V4.<\/p>\n<p>R\u00f3wnolegle do ceremonii podpisania protoko\u0142u SIPO i WIP przeprowadzi\u0142y produktywne negocjacje, dokonuj\u0105c przegl\u0105du obecnej sytuacji i wyzwa\u0144 oraz analizuj\u0105c mo\u017cliwe sposoby jeszcze lepszego wspierania innowacyjno\u015bci w regionie.<\/p>\n<p>W spotkaniu uczestniczy\u0142 r\u00f3wnie\u017c pan Szabolcs Farkas, prezes W\u0119gierskiego Urz\u0119du W\u0142asno\u015bci Intelektualnej (HIPO) i przewodnicz\u0105cy Rady Administracyjnej WIP, aby wesprze\u0107 dzia\u0142ania WIP na rzecz wsp\u00f3\u0142pracy.<\/p>\n<p>WIP ma nadziej\u0119 na wzmocnienie wsp\u00f3\u0142pracy z SIPO z korzy\u015bci\u0105 dla u\u017cytkownik\u00f3w z Chorwacji i wyra\u017ca wdzi\u0119czno\u015b\u0107 pani dyrektor generalnej za jej wsparcie na rzecz osi\u0105gni\u0119cia tego celu.<\/p>\n<p>&nbsp;<\/p>\n<p>[\/et_pb_text][\/et_pb_column][\/et_pb_row][et_pb_row column_structure=&#8221;1_4,3_4&#8243; use_custom_gutter=&#8221;on&#8221; gutter_width=&#8221;1&#8243; make_equal=&#8221;on&#8221; module_class=&#8221; et_pb_row_fullwidth&#8221; _builder_version=&#8221;4.17.1&#8243; _module_preset=&#8221;default&#8221; background_size=&#8221;initial&#8221; background_position=&#8221;top_left&#8221; background_repeat=&#8221;repeat&#8221; width=&#8221;100%&#8221; width_tablet=&#8221;100%&#8221; width_phone=&#8221;100%&#8221; width_last_edited=&#8221;on|desktop&#8221; max_width=&#8221;100%&#8221; max_width_tablet=&#8221;100%&#8221; max_width_phone=&#8221;100%&#8221; max_width_last_edited=&#8221;on|desktop&#8221; custom_margin=&#8221;0px||0px|&#8221; custom_padding=&#8221;0px||0px|&#8221; make_fullwidth=&#8221;on&#8221; global_colors_info=&#8221;{}&#8221;][et_pb_column type=&#8221;1_4&#8243; _builder_version=&#8221;4.17.1&#8243; _module_preset=&#8221;default&#8221; background_color=&#8221;rgba(0,117,118,0.4)&#8221; background_enable_image=&#8221;off&#8221; background_position=&#8221;top_left&#8221; custom_padding=&#8221;|||&#8221; global_colors_info=&#8221;{}&#8221; custom_padding__hover=&#8221;|||&#8221;][\/et_pb_column][et_pb_column type=&#8221;3_4&#8243; _builder_version=&#8221;4.17.1&#8243; _module_preset=&#8221;default&#8221; background_color=&#8221;#f4f4f4&#8243; background_position=&#8221;top_left&#8221; custom_padding=&#8221;2%|6%|0px|6%|false|false&#8221; global_colors_info=&#8221;{}&#8221; custom_padding__hover=&#8221;|||&#8221;][et_pb_text _builder_version=&#8221;4.17.1&#8243; _module_preset=&#8221;default&#8221; header_2_line_height=&#8221;1.3em&#8221; header_4_line_height=&#8221;1.3em&#8221; custom_padding=&#8221;||38px|||&#8221; custom_padding_tablet=&#8221;||38px|||&#8221; custom_padding_phone=&#8221;20px||38px||false|false&#8221; custom_padding_last_edited=&#8221;on|phone&#8221; animation_style=&#8221;slide&#8221; animation_direction=&#8221;bottom&#8221; animation_intensity_slide=&#8221;5%&#8221; global_colors_info=&#8221;{}&#8221;]<\/p>\n<h2>Us\u0142uga badania nowo\u015bci jest dost\u0119pna dla zg\u0142aszaj\u0105cych ze S\u0142owenii podczas procedury krajowej<\/h2>\n<p>&nbsp;<\/p>\n<p><strong>3 marca 2026 r.<\/strong><\/p>\n<p>Wyszehradzki Instytut Patentowy (WIP) i S\u0142owe\u0144ski Urz\u0105d W\u0142asno\u015bci Intelektualnej (SIPO) podpisa\u0142y w listopadzie 2023 r. protok\u00f3\u0142 ustale\u0144 ustanawiaj\u0105cy ramy wsp\u00f3\u0142pracy pomi\u0119dzy tymi dwoma organizacjami. Protok\u00f3\u0142 ustale\u0144 ma na celu wspieranie s\u0142owe\u0144skich zg\u0142aszaj\u0105cych w krajowych i mi\u0119dzynarodowych dzia\u0142aniach w obszarze patentowania oraz realizacj\u0119 wsp\u00f3lnych dzia\u0142a\u0144 na rzecz podnoszenia \u015bwiadomo\u015bci na temat patentowania wynalazk\u00f3w w ramach mi\u0119dzynarodowego systemu patentowego oraz komercyjnych us\u0142ug prowadzenia poszukiwa\u0144 w stanie techniki, kt\u00f3re \u015bwiadczone s\u0105 przez Wyszehradzki Instytut Patentowy.<\/p>\n<p>Wsp\u00f3\u0142praca pomi\u0119dzy tymi dwoma organizacjami przesz\u0142a na kolejny etap po podpisaniu przez pani\u0105 Karin \u017dvokelj (dyrektor SIPO) i pani\u0105 Johann\u0119 Stadler (dyrektor WIP) 3 marca 2026 r. w Budapeszcie porozumienia o wsp\u00f3\u0142pracy w zakresie poszukiwa\u0144 pomi\u0119dzy tymi dwoma instytucjami. <\/p>\n<p>Na mocy porozumienia us\u0142uga WIP w zakresie prowadzenia poszukiwa\u0144 zosta\u0142a udost\u0119pniona s\u0142owe\u0144skim zg\u0142aszaj\u0105cym na etapie krajowej procedury patentowej, co daje im wi\u0119cej mo\u017cliwo\u015bci uzyskania informacji na temat zdolno\u015bci patentowej ich wynalazku.<\/p>\n<p>WIP z przyjemno\u015bci\u0105 b\u0119dzie \u015bwiadczy\u0107 us\u0142ug\u0119 poszukiwania w zakresie patent\u00f3w dla SIPO i zg\u0142aszaj\u0105cych ze S\u0142owenii. Us\u0142uga ta obejmuje pisemn\u0105 opini\u0119 na temat zdolno\u015bci patentowej wydan\u0105 zgodnie ze standardami PCT.<\/p>\n<p>&nbsp;<\/p>\n<p>[\/et_pb_text][\/et_pb_column][\/et_pb_row][et_pb_row column_structure=&#8221;1_4,3_4&#8243; use_custom_gutter=&#8221;on&#8221; gutter_width=&#8221;1&#8243; make_equal=&#8221;on&#8221; module_class=&#8221; et_pb_row_fullwidth&#8221; _builder_version=&#8221;4.17.1&#8243; _module_preset=&#8221;default&#8221; background_size=&#8221;initial&#8221; background_position=&#8221;top_left&#8221; background_repeat=&#8221;repeat&#8221; width=&#8221;100%&#8221; width_tablet=&#8221;100%&#8221; width_phone=&#8221;100%&#8221; width_last_edited=&#8221;on|desktop&#8221; max_width=&#8221;100%&#8221; max_width_tablet=&#8221;100%&#8221; max_width_phone=&#8221;100%&#8221; max_width_last_edited=&#8221;on|desktop&#8221; custom_margin=&#8221;0px||0px|&#8221; custom_padding=&#8221;0px||0px|&#8221; make_fullwidth=&#8221;on&#8221; global_colors_info=&#8221;{}&#8221;][et_pb_column type=&#8221;1_4&#8243; _builder_version=&#8221;4.17.1&#8243; _module_preset=&#8221;default&#8221; use_background_color_gradient=&#8221;on&#8221; background_color_gradient_direction=&#8221;60deg&#8221; background_color_gradient_stops=&#8221;#007576 0%|rgba(41,196,169,0.29) 100%&#8221; background_enable_image=&#8221;off&#8221; background_position=&#8221;top_left&#8221; custom_padding=&#8221;|||&#8221; global_colors_info=&#8221;{}&#8221; custom_padding__hover=&#8221;|||&#8221;][\/et_pb_column][et_pb_column type=&#8221;3_4&#8243; _builder_version=&#8221;4.17.1&#8243; _module_preset=&#8221;default&#8221; background_enable_color=&#8221;off&#8221; background_position=&#8221;top_left&#8221; custom_padding=&#8221;2%|6%|0px|6%|false|false&#8221; global_colors_info=&#8221;{}&#8221; custom_padding__hover=&#8221;|||&#8221;][et_pb_text _builder_version=&#8221;4.17.1&#8243; _module_preset=&#8221;default&#8221; header_2_line_height=&#8221;1.3em&#8221; custom_padding=&#8221;||38px|||&#8221; custom_padding_tablet=&#8221;||38px|||&#8221; custom_padding_phone=&#8221;20px||||false|false&#8221; custom_padding_last_edited=&#8221;on|phone&#8221; animation_style=&#8221;slide&#8221; animation_direction=&#8221;bottom&#8221; animation_intensity_slide=&#8221;5%&#8221; global_colors_info=&#8221;{}&#8221;]<\/p>\n<h2>Pozytywna rekomendacja CTC dla Wyszehradzkiego Instytutu Patentowego (WIP) w sprawie przed\u0142u\u017cenia statusu ISA i IPEA<\/h2>\n<p>&nbsp;<\/p>\n<p><strong>4 lutego 2026 r.<\/strong><\/p>\n<p>W siedzibie \u015awiatowej Organizacji W\u0142asno\u015bci Intelektualnej (WIPO) w Genewie, w dniach 2-3 lutego 2026 r., odby\u0142o si\u0119, pod przewodnictwem prof. Unnata P Pandita (Indie), 33. posiedzenie Komitetu ds. Wsp\u00f3\u0142pracy Technicznej (CTC) w ramach Uk\u0142adu o wsp\u00f3\u0142pracy patentowej.<\/p>\n<p>Po\u015br\u00f3d wielu istotnych kwestii, najwa\u017cniejszym punktem porz\u0105dku obrad dotycz\u0105cym organ\u00f3w PCT by\u0142o przed\u0142u\u017cenie wyznaczenia Mi\u0119dzynarodowych Organ\u00f3w Poszukiwa\u0144 (ISA) i Mi\u0119dzynarodowych Organ\u00f3w Bada\u0144 Wst\u0119pnych (IPEA) na okres 10 lat od 1 stycznia 2028 r. Przedstawiciele organ\u00f3w PCT zaprezentowali podsumowanie prac poszczeg\u00f3lnych organ\u00f3w w ci\u0105gu ostatniej dekady i uzasadnienie wniosk\u00f3w o przed\u0142u\u017cenie ich statusu jako organ\u00f3w PCT.<\/p>\n<p>Na spotkaniu CTC Wyszehradzki Instytut Patentowy reprezentowa\u0142a pani Johanna Stadler, dyrektor WIP. Po przeprowadzeniu oceny przez CTC, WIP otrzyma\u0142 pozytywn\u0105 rekomendacj\u0119, co oznacza, \u017ce Zgromadzenie Zwi\u0105zku PCT zosta\u0142o poproszone o zatwierdzenie przed\u0142u\u017cenia statusu WIP jako Mi\u0119dzynarodowego Organu Poszukiwa\u0144 i Mi\u0119dzynarodowego Organu Bada\u0144 Wst\u0119pnych na kolejne 10 lat licz\u0105c od 1 stycznia 2028 r. <\/p>\n<p>Ostateczna decyzja o przed\u0142u\u017ceniu statusu zostanie podj\u0119ta na kolejnym posiedzeniu Zgromadzenia Zwi\u0105zku PCT w Genewie w lipcu 2026 r.<\/p>\n<p>&nbsp;<\/p>\n<p>&nbsp;<\/p>\n<p>[\/et_pb_text][\/et_pb_column][\/et_pb_row][et_pb_row column_structure=&#8221;1_4,3_4&#8243; use_custom_gutter=&#8221;on&#8221; gutter_width=&#8221;1&#8243; make_equal=&#8221;on&#8221; module_class=&#8221; et_pb_row_fullwidth&#8221; _builder_version=&#8221;4.17.1&#8243; _module_preset=&#8221;default&#8221; background_size=&#8221;initial&#8221; background_position=&#8221;top_left&#8221; background_repeat=&#8221;repeat&#8221; width=&#8221;100%&#8221; width_tablet=&#8221;100%&#8221; width_phone=&#8221;100%&#8221; width_last_edited=&#8221;on|desktop&#8221; max_width=&#8221;100%&#8221; max_width_tablet=&#8221;100%&#8221; max_width_phone=&#8221;100%&#8221; max_width_last_edited=&#8221;on|desktop&#8221; custom_margin=&#8221;0px||0px|&#8221; custom_padding=&#8221;0px||0px|&#8221; make_fullwidth=&#8221;on&#8221; global_colors_info=&#8221;{}&#8221;][et_pb_column type=&#8221;1_4&#8243; _builder_version=&#8221;4.17.1&#8243; _module_preset=&#8221;default&#8221; background_color=&#8221;rgba(0,117,118,0.4)&#8221; background_enable_image=&#8221;off&#8221; background_position=&#8221;top_left&#8221; custom_padding=&#8221;|||&#8221; global_colors_info=&#8221;{}&#8221; custom_padding__hover=&#8221;|||&#8221;][\/et_pb_column][et_pb_column type=&#8221;3_4&#8243; _builder_version=&#8221;4.17.1&#8243; _module_preset=&#8221;default&#8221; background_color=&#8221;#f4f4f4&#8243; background_position=&#8221;top_left&#8221; custom_padding=&#8221;2%|6%|0px|6%|false|false&#8221; global_colors_info=&#8221;{}&#8221; custom_padding__hover=&#8221;|||&#8221;][et_pb_text _builder_version=&#8221;4.17.1&#8243; _module_preset=&#8221;default&#8221; header_2_line_height=&#8221;1.3em&#8221; header_4_line_height=&#8221;1.3em&#8221; custom_padding=&#8221;||38px|||&#8221; custom_padding_tablet=&#8221;||38px|||&#8221; custom_padding_phone=&#8221;20px||38px||false|false&#8221; custom_padding_last_edited=&#8221;on|phone&#8221; animation_style=&#8221;slide&#8221; animation_direction=&#8221;bottom&#8221; animation_intensity_slide=&#8221;5%&#8221; global_colors_info=&#8221;{}&#8221;]<\/p>\n<h2>W grudniu nie ma zmian w godzinach otwarcia WIP<\/h2>\n<p>&nbsp;<\/p>\n<p><strong>22 grudnia 2025<\/strong><\/p>\n<p>Pragniemy poinformowa\u0107 naszych zg\u0142aszaj\u0105cych i wszystkich zainteresowanych, \u017ce Wyszehradzki Instytut Patentowy pozostaje do Pa\u0144stwa dyspozycji w ostatnich dniach grudnia w tych samych godzinach otwarcia co przez ca\u0142y rok.<\/p>\n<p>Wyszehradzki Instytut Patentowy \u017cyczy wszystkim zg\u0142aszaj\u0105cym i wsp\u00f3\u0142pracownikom Weso\u0142ych \u015awi\u0105t, zas\u0142u\u017conego odpoczynku w gronie rodziny i przyjaci\u00f3\u0142 oraz pomy\u015blno\u015bci w Nowym Roku 2026.<\/p>\n<p>&nbsp;<\/p>\n<p>&nbsp;<\/p>\n<p>[\/et_pb_text][\/et_pb_column][\/et_pb_row][et_pb_row column_structure=&#8221;1_4,3_4&#8243; use_custom_gutter=&#8221;on&#8221; gutter_width=&#8221;1&#8243; make_equal=&#8221;on&#8221; module_class=&#8221; et_pb_row_fullwidth&#8221; _builder_version=&#8221;4.17.1&#8243; _module_preset=&#8221;default&#8221; background_size=&#8221;initial&#8221; background_position=&#8221;top_left&#8221; background_repeat=&#8221;repeat&#8221; width=&#8221;100%&#8221; width_tablet=&#8221;100%&#8221; width_phone=&#8221;100%&#8221; width_last_edited=&#8221;on|desktop&#8221; max_width=&#8221;100%&#8221; max_width_tablet=&#8221;100%&#8221; max_width_phone=&#8221;100%&#8221; max_width_last_edited=&#8221;on|desktop&#8221; custom_margin=&#8221;0px||0px|&#8221; custom_padding=&#8221;0px||0px|&#8221; make_fullwidth=&#8221;on&#8221; global_colors_info=&#8221;{}&#8221;][et_pb_column type=&#8221;1_4&#8243; _builder_version=&#8221;4.17.1&#8243; _module_preset=&#8221;default&#8221; use_background_color_gradient=&#8221;on&#8221; background_color_gradient_direction=&#8221;60deg&#8221; background_color_gradient_stops=&#8221;#007576 0%|rgba(41,196,169,0.29) 100%&#8221; background_enable_image=&#8221;off&#8221; background_position=&#8221;top_left&#8221; custom_padding=&#8221;|||&#8221; global_colors_info=&#8221;{}&#8221; custom_padding__hover=&#8221;|||&#8221;][\/et_pb_column][et_pb_column type=&#8221;3_4&#8243; _builder_version=&#8221;4.17.1&#8243; _module_preset=&#8221;default&#8221; background_enable_color=&#8221;off&#8221; background_position=&#8221;top_left&#8221; custom_padding=&#8221;2%|6%|0px|6%|false|false&#8221; global_colors_info=&#8221;{}&#8221; custom_padding__hover=&#8221;|||&#8221;][et_pb_text _builder_version=&#8221;4.17.1&#8243; _module_preset=&#8221;default&#8221; header_2_line_height=&#8221;1.3em&#8221; custom_padding=&#8221;||38px|||&#8221; custom_padding_tablet=&#8221;||38px|||&#8221; custom_padding_phone=&#8221;20px||||false|false&#8221; custom_padding_last_edited=&#8221;on|phone&#8221; animation_style=&#8221;slide&#8221; animation_direction=&#8221;bottom&#8221; animation_intensity_slide=&#8221;5%&#8221; global_colors_info=&#8221;{}&#8221;]<\/p>\n<h2>Us\u0142uga badania wa\u017cno\u015bci uruchomiona w dniu 1 pa\u017adziernika 2025 r.<\/h2>\n<p>&nbsp;<\/p>\n<p><strong>1 pa\u017adziernika 2025 r.<\/strong><\/p>\n<p>W ramach oferty Us\u0142ug Globalnego Badania Zg\u0142osze\u0144 Patentowych (GPSS), Wyszehradzki Instytut Patentowy (WIP) uruchomi\u0142 w dniu 1 pa\u017adziernika now\u0105 us\u0142ug\u0119 badania. Podobnie jak dwie inne us\u0142ugi w ramach GPSS, us\u0142uga badania wa\u017cno\u015bci patentu (VSS) jest powszechnie dost\u0119pna dla klient\u00f3w na ca\u0142ym \u015bwiecie, niezale\u017cnie od kraju pochodzenia.<\/p>\n<p>Us\u0142uga badania wa\u017cno\u015bci patentu dostarcza informacje o stanie techniki dla danego obowi\u0105zuj\u0105cego patentu w zaledwie 4 tygodnie. Us\u0142uga identyfikuje dokumenty patentowe i inne publikacje, kt\u00f3re mo\u017cna uwzgl\u0119dni\u0107 przy ocenie nowo\u015bci i poziomu wynalazczego w odniesieniu do konkretnego patentu.<\/p>\n<p>Informacje pozyskane poprzez us\u0142ug\u0119 VSS mo\u017cna wykorzysta\u0107 na przyk\u0142ad podczas wnoszenia sprzeciwu\/w toku post\u0119powa\u0144 spornych lub s\u0105dowych, a tak\u017ce mog\u0105 by\u0107 pomocne w przygotowaniu lepszej argumentacji w przypadku roszcze\u0144 o naruszenie praw. Szczeg\u00f3\u0142owe badanie patentowe mo\u017ce ponadto ochroni\u0107 inwestycj\u0119 przed transakcj\u0105 dotycz\u0105c\u0105 danego patentu.<\/p>\n<p>W odpowiedzi na opinie u\u017cytkownik\u00f3w innych us\u0142ug w ramach GPSS, us\u0142uga VSS zosta\u0142a uruchomiona jako cz\u0119\u015b\u0107 sta\u0142ych dzia\u0142a\u0144 WIP maj\u0105cych na celu poszerzanie us\u0142ug i popraw\u0119 komfortu u\u017cytkowania systemu PCT.<\/p>\n<p>Aby uzyska\u0107 wi\u0119cej informacji, odwied\u017a stron\u0119 po\u015bwi\u0119con\u0105 us\u0142udze badania wa\u017cno\u015bci.<\/p>\n<p><a href=\"https:\/\/vpi.int\/pl\/15-usluga-badania-waznosci-patentow\/\" target=\"_blank\" rel=\"noopener\"><span style=\"text-decoration: underline;\">Wi\u0119cej o us\u0142udze badania wa\u017cno\u015bci &gt;&gt;<\/span><\/a><\/p>\n<p>&nbsp;<\/p>\n<p>[\/et_pb_text][\/et_pb_column][\/et_pb_row][et_pb_row column_structure=&#8221;1_4,3_4&#8243; use_custom_gutter=&#8221;on&#8221; gutter_width=&#8221;1&#8243; make_equal=&#8221;on&#8221; module_class=&#8221; et_pb_row_fullwidth&#8221; _builder_version=&#8221;4.17.1&#8243; _module_preset=&#8221;default&#8221; background_size=&#8221;initial&#8221; background_position=&#8221;top_left&#8221; background_repeat=&#8221;repeat&#8221; width=&#8221;100%&#8221; width_tablet=&#8221;100%&#8221; width_phone=&#8221;100%&#8221; width_last_edited=&#8221;on|desktop&#8221; max_width=&#8221;100%&#8221; max_width_tablet=&#8221;100%&#8221; max_width_phone=&#8221;100%&#8221; max_width_last_edited=&#8221;on|desktop&#8221; custom_margin=&#8221;0px||0px|&#8221; custom_padding=&#8221;0px||0px|&#8221; make_fullwidth=&#8221;on&#8221; global_colors_info=&#8221;{}&#8221;][et_pb_column type=&#8221;1_4&#8243; _builder_version=&#8221;4.17.1&#8243; _module_preset=&#8221;default&#8221; background_color=&#8221;rgba(0,117,118,0.4)&#8221; background_enable_image=&#8221;off&#8221; background_position=&#8221;top_left&#8221; custom_padding=&#8221;|||&#8221; global_colors_info=&#8221;{}&#8221; custom_padding__hover=&#8221;|||&#8221;][\/et_pb_column][et_pb_column type=&#8221;3_4&#8243; _builder_version=&#8221;4.17.1&#8243; _module_preset=&#8221;default&#8221; background_color=&#8221;#f4f4f4&#8243; background_position=&#8221;top_left&#8221; custom_padding=&#8221;2%|6%|0px|6%|false|false&#8221; global_colors_info=&#8221;{}&#8221; custom_padding__hover=&#8221;|||&#8221;][et_pb_text _builder_version=&#8221;4.17.1&#8243; _module_preset=&#8221;default&#8221; header_2_line_height=&#8221;1.3em&#8221; header_4_line_height=&#8221;1.3em&#8221; custom_padding=&#8221;||38px|||&#8221; custom_padding_tablet=&#8221;||38px|||&#8221; custom_padding_phone=&#8221;20px||38px||false|false&#8221; custom_padding_last_edited=&#8221;on|phone&#8221; animation_style=&#8221;slide&#8221; animation_direction=&#8221;bottom&#8221; animation_intensity_slide=&#8221;5%&#8221; global_colors_info=&#8221;{}&#8221;]<\/p>\n<h2>Obni\u017cka ceny za Us\u0142ug\u0119 Badania Nowo\u015bci<\/h2>\n<p>&nbsp;<\/p>\n<p><strong>7 lipca 2025 r.<\/strong><\/p>\n<p>Us\u0142uga Badania Nowo\u015bci (NSS) jest od 7 lipca 2025 r. dost\u0119pna w obni\u017conej cenie wynosz\u0105cej 650 euro w ramach dzia\u0142a\u0144 Wyszehradzkiego Instytutu Patentowego na rzecz u\u0142atwiania u\u017cytkowania systemu.<\/p>\n<p>NSS jest cz\u0119\u015bci\u0105 Us\u0142ugi Globalnego Badania Zg\u0142osze\u0144 Patentowych (GPSS), kt\u00f3ra udost\u0119pnia klientom na ca\u0142ym \u015bwiecie sprawozdanie z poszukiwania w przejrzystym formacie i w niezwykle kr\u00f3tkim, czterotygodniowym terminie. Us\u0142uga ma na celu dostarczenie wsparcia potencjalnym zg\u0142aszaj\u0105cym\/zg\u0142aszaj\u0105cym w systemie PCT w podejmowaniu przemy\u015blanych decyzji przed podj\u0119ciem finansowych i prawnych zobowi\u0105za\u0144 zwi\u0105zanych z wniesieniem formalnego zg\u0142oszenia patentowego.<\/p>\n<p>Siostrzan\u0105 us\u0142ug\u0105 NSS jest Us\u0142uga Badania Nowo\u015bci ze Wst\u0119pnym Raportem na temat Zdolno\u015bci Patentowej (NSPPR), kt\u00f3ra r\u00f3wnie\u017c oferuje odpowiedzi ekspert\u00f3w na pytania dotycz\u0105ce nowo\u015bci i zdolno\u015bci patentowej bez zb\u0119dnych formalno\u015bci. O ile us\u0142uga NSS ko\u0144czy si\u0119 sprawozdaniem z poszukiwa\u0144, us\u0142uga NSPPR oferuje tak\u017ce szczeg\u00f3\u0142ow\u0105, uzasadnion\u0105 opini\u0119 na temat tego, czy wynalazek spe\u0142nia trzy kryteria zdolno\u015bci patentowej.<\/p>\n<p>Oba badania s\u0105 przeprowadzane przez do\u015bwiadczonych ekspert\u00f3w patentowych zgodnie z wymogami systemu PCT i z wykorzystaniem minimalnej dokumentacji PCT.<\/p>\n<p>Obni\u017canie koszt\u00f3w to jeden ze sposob\u00f3w w jaki WIP stale pracuje nad popraw\u0105 dost\u0119pno\u015bci swoich us\u0142ug i uczynieniem ich przyjaznymi dla potencjalnych zg\u0142aszaj\u0105cych. Us\u0142ugi GPSS mog\u0105 zrewolucjonizowa\u0107 spos\u00f3b, w jaki innowacyjne organizacje chroni\u0105 swoje wynalazki, podnosz\u0105c wska\u017anik powodzenia przysz\u0142ych zg\u0142osze\u0144 patentowych.<\/p>\n<p><a href=\"https:\/\/vpi.int\/pl\/13-usluga-poszukiwania-nowosci\/\" target=\"_blank\" rel=\"noopener\"><span style=\"text-decoration: underline;\">Aby uzyska\u0107 wi\u0119cej informacji o us\u0142udze, prosimy odwiedzi\u0107 stron\u0119 NSS &gt;&gt;<\/span><\/a><\/p>\n<p>&nbsp;<\/p>\n<p>[\/et_pb_text][\/et_pb_column][\/et_pb_row][et_pb_row column_structure=&#8221;1_4,3_4&#8243; use_custom_gutter=&#8221;on&#8221; gutter_width=&#8221;1&#8243; make_equal=&#8221;on&#8221; module_class=&#8221; et_pb_row_fullwidth&#8221; _builder_version=&#8221;4.17.1&#8243; _module_preset=&#8221;default&#8221; background_size=&#8221;initial&#8221; background_position=&#8221;top_left&#8221; background_repeat=&#8221;repeat&#8221; width=&#8221;100%&#8221; width_tablet=&#8221;100%&#8221; width_phone=&#8221;100%&#8221; width_last_edited=&#8221;on|desktop&#8221; max_width=&#8221;100%&#8221; max_width_tablet=&#8221;100%&#8221; max_width_phone=&#8221;100%&#8221; max_width_last_edited=&#8221;on|desktop&#8221; custom_margin=&#8221;0px||0px|&#8221; custom_padding=&#8221;0px||0px|&#8221; make_fullwidth=&#8221;on&#8221; global_colors_info=&#8221;{}&#8221;][et_pb_column type=&#8221;1_4&#8243; _builder_version=&#8221;4.17.1&#8243; _module_preset=&#8221;default&#8221; use_background_color_gradient=&#8221;on&#8221; background_color_gradient_direction=&#8221;60deg&#8221; background_color_gradient_stops=&#8221;#007576 0%|rgba(41,196,169,0.29) 100%&#8221; background_enable_image=&#8221;off&#8221; background_position=&#8221;top_left&#8221; custom_padding=&#8221;|||&#8221; global_colors_info=&#8221;{}&#8221; custom_padding__hover=&#8221;|||&#8221;][\/et_pb_column][et_pb_column type=&#8221;3_4&#8243; _builder_version=&#8221;4.17.1&#8243; _module_preset=&#8221;default&#8221; background_enable_color=&#8221;off&#8221; background_position=&#8221;top_left&#8221; custom_padding=&#8221;2%|6%|0px|6%|false|false&#8221; global_colors_info=&#8221;{}&#8221; custom_padding__hover=&#8221;|||&#8221;][et_pb_text _builder_version=&#8221;4.17.1&#8243; _module_preset=&#8221;default&#8221; header_2_line_height=&#8221;1.3em&#8221; custom_padding=&#8221;||38px|||&#8221; custom_padding_tablet=&#8221;||38px|||&#8221; custom_padding_phone=&#8221;20px||||false|false&#8221; custom_padding_last_edited=&#8221;on|phone&#8221; animation_style=&#8221;slide&#8221; animation_direction=&#8221;bottom&#8221; animation_intensity_slide=&#8221;5%&#8221; global_colors_info=&#8221;{}&#8221;]<\/p>\n<h2>Jest ju\u017c dost\u0119pny Raport Roczny WIP za 2024 rok<\/h2>\n<p>&nbsp;<\/p>\n<p><strong>20 maja 2025 r.<\/strong><\/p>\n<p>Z przyjemno\u015bci\u0105 informujemy, \u017ce zosta\u0142 ju\u017c opublikowany Raport Roczny Wyszehradzkiego Instytutu Patentowego (WIP) za 2024 r.<\/p>\n<p>Publikacja przedstawia dzia\u0142alno\u015b\u0107 instytucjonaln\u0105 WIP w 2024 r. oraz dane i trendy dotycz\u0105ce zg\u0142osze\u0144 PCT za po\u015brednictwem WIP za lata 2020-2024.<\/p>\n<p>Raport mo\u017cna pobra\u0107 w zak\u0142adce <a href=\"https:\/\/vpi.int\/pl\/09-centrum-wiedzy\/\" target=\"_blank\" rel=\"noopener\"><span style=\"text-decoration: underline;\">Centrum Wiedzy<\/span><\/a> w sekcji Raport Roczny.<\/p>\n<p><a href=\"https:\/\/vpi.int\/en\/wp-content\/uploads\/2025\/05\/vpi-annual-report-2024.pdf\" target=\"_blank\" rel=\"noopener\"><span style=\"text-decoration: underline;\">Pobierz Raport &gt;&gt;<\/span><\/a><\/p>\n<p>[\/et_pb_text][\/et_pb_column][\/et_pb_row][et_pb_row column_structure=&#8221;1_4,3_4&#8243; use_custom_gutter=&#8221;on&#8221; gutter_width=&#8221;1&#8243; make_equal=&#8221;on&#8221; module_class=&#8221; et_pb_row_fullwidth&#8221; _builder_version=&#8221;4.17.1&#8243; _module_preset=&#8221;default&#8221; background_size=&#8221;initial&#8221; background_position=&#8221;top_left&#8221; background_repeat=&#8221;repeat&#8221; width=&#8221;100%&#8221; width_tablet=&#8221;100%&#8221; width_phone=&#8221;100%&#8221; width_last_edited=&#8221;on|desktop&#8221; max_width=&#8221;100%&#8221; max_width_tablet=&#8221;100%&#8221; max_width_phone=&#8221;100%&#8221; max_width_last_edited=&#8221;on|desktop&#8221; custom_margin=&#8221;0px||0px|&#8221; custom_padding=&#8221;0px||0px|&#8221; make_fullwidth=&#8221;on&#8221; global_colors_info=&#8221;{}&#8221;][et_pb_column type=&#8221;1_4&#8243; _builder_version=&#8221;4.17.1&#8243; _module_preset=&#8221;default&#8221; background_color=&#8221;rgba(0,117,118,0.4)&#8221; background_enable_image=&#8221;off&#8221; background_position=&#8221;top_left&#8221; custom_padding=&#8221;|||&#8221; global_colors_info=&#8221;{}&#8221; custom_padding__hover=&#8221;|||&#8221;][\/et_pb_column][et_pb_column type=&#8221;3_4&#8243; _builder_version=&#8221;4.17.1&#8243; _module_preset=&#8221;default&#8221; background_color=&#8221;#f4f4f4&#8243; background_position=&#8221;top_left&#8221; custom_padding=&#8221;2%|6%|0px|6%|false|false&#8221; global_colors_info=&#8221;{}&#8221; custom_padding__hover=&#8221;|||&#8221;][et_pb_text _builder_version=&#8221;4.17.1&#8243; _module_preset=&#8221;default&#8221; header_2_line_height=&#8221;1.3em&#8221; header_4_line_height=&#8221;1.3em&#8221; custom_padding=&#8221;||38px|||&#8221; custom_padding_tablet=&#8221;||38px|||&#8221; custom_padding_phone=&#8221;20px||38px||false|false&#8221; custom_padding_last_edited=&#8221;on|phone&#8221; animation_style=&#8221;slide&#8221; animation_direction=&#8221;bottom&#8221; animation_intensity_slide=&#8221;5%&#8221; global_colors_info=&#8221;{}&#8221;]<\/p>\n<h2>W Wiedniu podpisano protok\u00f3\u0142 ustale\u0144 pomi\u0119dzy Austriackim Urz\u0119dem Patentowym a WIP<\/h2>\n<p>&nbsp;<\/p>\n<p><strong>15 maja 2025 r.<\/strong><\/p>\n<p>Wyszehradzki Instytut Patentowy (WIP) podpisa\u0142 protok\u00f3\u0142 ustale\u0144 z Austriackim Urz\u0119dem Patentowym (APO) 15 maja 2025 r.<br \/>Dokument podpisany przez Stefana Haraska, prezesa APO, i Johann\u0119 Stadler, dyrektora WIP, ustanawia ramy wsp\u00f3\u0142pracy mi\u0119dzy obiema organizacjami w celu promowania wymiany gospodarczej i technologicznej oraz zwi\u0119kszania \u015bwiadomo\u015bci na temat pokojowej wsp\u00f3\u0142pracy technicznej w Europie \u015arodkowej.<\/p>\n<p>Protok\u00f3\u0142 ustale\u0144 z APO ma szczeg\u00f3lne znaczenie dla WIP, gdy\u017c dzia\u0142alno\u015b\u0107 Austriackiego Urz\u0119du Patentowego i jego przyjazne dla klient\u00f3w rozwi\u0105zania pos\u0142u\u017cy\u0142y jako model dla Wyszehradzkiego Instytutu Patentowego. Protok\u00f3\u0142 ustale\u0144 bazuje na silnych zwi\u0105zkach mi\u0119dzy obiema organizacjami i otwiera nowe mo\u017cliwo\u015bci dla WIP w zakresie rozszerzenia sieci wsp\u00f3\u0142pracy w Europie \u015arodkowej.<\/p>\n<p>Cieszymy si\u0119 na jeszcze \u015bci\u015blejsz\u0105 wsp\u00f3\u0142prac\u0119 z naszymi austriackimi kolegami w przysz\u0142o\u015bci.<\/p>\n<p>[\/et_pb_text][\/et_pb_column][\/et_pb_row][et_pb_row column_structure=&#8221;1_4,3_4&#8243; use_custom_gutter=&#8221;on&#8221; gutter_width=&#8221;1&#8243; make_equal=&#8221;on&#8221; module_class=&#8221; et_pb_row_fullwidth&#8221; _builder_version=&#8221;4.17.1&#8243; _module_preset=&#8221;default&#8221; background_size=&#8221;initial&#8221; background_position=&#8221;top_left&#8221; background_repeat=&#8221;repeat&#8221; width=&#8221;100%&#8221; width_tablet=&#8221;100%&#8221; width_phone=&#8221;100%&#8221; width_last_edited=&#8221;on|desktop&#8221; max_width=&#8221;100%&#8221; max_width_tablet=&#8221;100%&#8221; max_width_phone=&#8221;100%&#8221; max_width_last_edited=&#8221;on|desktop&#8221; custom_margin=&#8221;0px||0px|&#8221; custom_padding=&#8221;0px||0px|&#8221; make_fullwidth=&#8221;on&#8221; global_colors_info=&#8221;{}&#8221;][et_pb_column type=&#8221;1_4&#8243; _builder_version=&#8221;4.17.1&#8243; _module_preset=&#8221;default&#8221; use_background_color_gradient=&#8221;on&#8221; background_color_gradient_direction=&#8221;60deg&#8221; background_color_gradient_stops=&#8221;#007576 0%|rgba(41,196,169,0.29) 100%&#8221; background_enable_image=&#8221;off&#8221; background_position=&#8221;top_left&#8221; custom_padding=&#8221;|||&#8221; global_colors_info=&#8221;{}&#8221; custom_padding__hover=&#8221;|||&#8221;][\/et_pb_column][et_pb_column type=&#8221;3_4&#8243; _builder_version=&#8221;4.17.1&#8243; _module_preset=&#8221;default&#8221; background_enable_color=&#8221;off&#8221; background_position=&#8221;top_left&#8221; custom_padding=&#8221;2%|6%|0px|6%|false|false&#8221; global_colors_info=&#8221;{}&#8221; custom_padding__hover=&#8221;|||&#8221;][et_pb_text _builder_version=&#8221;4.17.1&#8243; _module_preset=&#8221;default&#8221; header_2_line_height=&#8221;1.3em&#8221; custom_padding=&#8221;||38px|||&#8221; custom_padding_tablet=&#8221;||38px|||&#8221; custom_padding_phone=&#8221;20px||||false|false&#8221; custom_padding_last_edited=&#8221;on|phone&#8221; animation_style=&#8221;slide&#8221; animation_direction=&#8221;bottom&#8221; animation_intensity_slide=&#8221;5%&#8221; global_colors_info=&#8221;{}&#8221;]<\/p>\n<h2>10. rocznica podpisania Umowy o WIP<\/h2>\n<p>&nbsp;<\/p>\n<p><strong>26 lutego 2025 r.<\/strong><\/p>\n<p>Dzisiaj mija 10 lat od dnia, kiedy cztery kraje z Europy \u015arodkowo-Wschodniej, a mianowicie Czechy, Polska, S\u0142owacja i W\u0119gry, podj\u0119\u0142y decyzj\u0119 o po\u0142\u0105czeniu zasob\u00f3w swoich urz\u0119d\u00f3w w\u0142asno\u015bci przemys\u0142owej, a ich przedstawiciele podpisali Umow\u0119 o Wyszehradzkim Instytucie Patentowym. To prze\u0142omowe wydarzenie by\u0142o wynikiem szeregu rund negocjacji, kt\u00f3re umo\u017cliwi\u0142y nam wyruszenie w naprawd\u0119 ekscytuj\u0105c\u0105 podr\u00f3\u017c.<\/p>\n<p>Na podstawie Umowy podpisanej 26 lutego 2015 r. i po decyzji Zgromadzenia WIPO PCT, WIP rozpocz\u0105\u0142 dzia\u0142alno\u015b\u0107 1 lipca 2016 r. w celu wspierania innowacji i kreatywno\u015bci oraz promowania wzrostu gospodarczego i konkurencyjno\u015bci w regionie Europy \u015arodkowo-Wschodniej. W nast\u0119pnych latach podpisano porozumienia o wsp\u00f3\u0142pracy z Litw\u0105, Serbi\u0105 i S\u0142oweni\u0105 dzi\u0119ki czemu mieszka\u0144cy tych kraj\u00f3w mog\u0105 r\u00f3wnie\u017c korzysta\u0107 z us\u0142ug WIP.<\/p>\n<p>W ci\u0105gu dziesi\u0119ciu lat od podpisania Umowy WIP d\u0105\u017cy\u0142 do uzyskania pozycji \u201eorganu PCT na wyci\u0105gni\u0119cie r\u0119ki\u201d w regionie, zapewniaj\u0105c zg\u0142aszaj\u0105cym us\u0142ugi \u015bwiatowej klasy i mo\u017cliwo\u015b\u0107 zarz\u0105dzania zg\u0142oszeniem PCT w j\u0119zyku ojczystym, tym samym zwi\u0119kszaj\u0105c ich szanse na skuteczne sk\u0142adanie zg\u0142osze\u0144 patentowych na ca\u0142ym \u015bwiecie.<\/p>\n<p>Chcieliby\u015bmy podzi\u0119kowa\u0107 wszystkim, kt\u00f3rzy przyczynili si\u0119 do powstania Wyszehradzkiego Instytutu Patentowego. Jeste\u015bmy wdzi\u0119czni wszystkim wybitnym szefom oddzia\u0142\u00f3w WIP i innych partnerskich organizacji mi\u0119dzynarodowych, zar\u00f3wno by\u0142ym, jak i obecnym, kt\u00f3rzy wspierali utworzenie naszego regionalnego organu PCT i kt\u00f3rzy od tamtej chwili swoj\u0105 prac\u0105 wspierali jego codzienne funkcjonowanie. Jednak najwi\u0119ksze wyrazy wdzi\u0119czno\u015bci kierujemy do wszystkich innowacyjnych i kreatywnych os\u00f3b, kt\u00f3re powierzy\u0142y los swoich wynalazk\u00f3w wiedzy i fachowo\u015bci naszych koleg\u00f3w.<\/p>\n<p>B\u0119dziemy kontynuowa\u0107 prace nad rozwijaniem naszych us\u0142ug, aby jak najlepiej spe\u0142nia\u0107 wymagania i zaspokaja\u0107 potrzeby zg\u0142aszaj\u0105cych, zgodnie z preambu\u0142\u0105 do Umowy o WIP, i aby oferowa\u0107 u\u017cytkownikom systemu patentowego z Europy \u015arodkowo-Wschodniej korzystne i skuteczne instrumenty uzyskiwania mi\u0119dzynarodowej ochrony patentowej oraz u\u0142atwi\u0107 w tym celu dost\u0119p u\u017cytkownik\u00f3w do systemu PCT.<\/p>\n<p>\u015awi\u0119tuj z nami ten wa\u017cny dzie\u0144 i \u015bled\u017a nasz profil na LinkedIn, aby uzyska\u0107 informacje z pierwszej r\u0119ki na temat nowych wydarze\u0144 i us\u0142ug.<\/p>\n<p><a href=\"https:\/\/www.linkedin.com\/company\/visegrad-patent-institute\" target=\"_blank\" rel=\"noopener\"><span style=\"text-decoration: underline;\">Obserwuj nasz profil na LinkedIn &gt;&gt;<\/span><\/a><\/p>\n<p>[\/et_pb_text][\/et_pb_column][\/et_pb_row][et_pb_row column_structure=&#8221;1_4,3_4&#8243; use_custom_gutter=&#8221;on&#8221; gutter_width=&#8221;1&#8243; make_equal=&#8221;on&#8221; module_class=&#8221; et_pb_row_fullwidth&#8221; _builder_version=&#8221;4.17.1&#8243; _module_preset=&#8221;default&#8221; background_size=&#8221;initial&#8221; background_position=&#8221;top_left&#8221; background_repeat=&#8221;repeat&#8221; width=&#8221;100%&#8221; width_tablet=&#8221;100%&#8221; width_phone=&#8221;100%&#8221; width_last_edited=&#8221;on|desktop&#8221; max_width=&#8221;100%&#8221; max_width_tablet=&#8221;100%&#8221; max_width_phone=&#8221;100%&#8221; max_width_last_edited=&#8221;on|desktop&#8221; custom_margin=&#8221;0px||0px|&#8221; custom_padding=&#8221;0px||0px|&#8221; make_fullwidth=&#8221;on&#8221; global_colors_info=&#8221;{}&#8221;][et_pb_column type=&#8221;1_4&#8243; _builder_version=&#8221;4.17.1&#8243; _module_preset=&#8221;default&#8221; background_color=&#8221;rgba(0,117,118,0.4)&#8221; background_enable_image=&#8221;off&#8221; background_position=&#8221;top_left&#8221; custom_padding=&#8221;|||&#8221; global_colors_info=&#8221;{}&#8221; custom_padding__hover=&#8221;|||&#8221;][\/et_pb_column][et_pb_column type=&#8221;3_4&#8243; _builder_version=&#8221;4.17.1&#8243; _module_preset=&#8221;default&#8221; background_color=&#8221;#f4f4f4&#8243; background_position=&#8221;top_left&#8221; custom_padding=&#8221;2%|6%|0px|6%|false|false&#8221; global_colors_info=&#8221;{}&#8221; custom_padding__hover=&#8221;|||&#8221;][et_pb_text _builder_version=&#8221;4.17.1&#8243; _module_preset=&#8221;default&#8221; header_2_line_height=&#8221;1.3em&#8221; header_4_line_height=&#8221;1.3em&#8221; custom_padding=&#8221;||38px|||&#8221; custom_padding_tablet=&#8221;||38px|||&#8221; custom_padding_phone=&#8221;20px||38px||false|false&#8221; custom_padding_last_edited=&#8221;on|phone&#8221; animation_style=&#8221;slide&#8221; animation_direction=&#8221;bottom&#8221; animation_intensity_slide=&#8221;5%&#8221; global_colors_info=&#8221;{}&#8221;]<\/p>\n<h2>Dost\u0119pny jest Kr\u00f3tki przewodnik po zach\u0119tach finansowych w pa\u0144stwach V4<\/h2>\n<p>&nbsp;<\/p>\n<p><strong>20 grudnia 2024 r.<\/strong><\/p>\n<p>Kr\u00f3tki przewodnik po zach\u0119tach finansowych w pa\u0144stwach V4 zosta\u0142 opracowany i mo\u017cna go pobra\u0107 ze strony Centrum Wiedzy WIP. Przewodnik powsta\u0142 na podstawie raportu pt. \u201eZach\u0119ty finansowe jako narz\u0119dzie poprawy ekosystemu innowacji w pa\u0144stwach Grupy Wyszehradzkiej i wzmocnienia ochrony w\u0142asno\u015bci intelektualnej\u201d opracowanego przez konsorcjum uczelni z pa\u0144stw V4, Wydzia\u0142u Prawa Uniwersytetu Karola w Republice Czeskiej, Uniwersytetu w Debreczynie na W\u0119grzech, Organizacji Bada\u0144 i Rozwoju na S\u0142owacji, na czele kt\u00f3rego sta\u0142 Uniwersytet Jagiello\u0144ski (Krak\u00f3w) koordynuj\u0105cy prace konsorcjum w 2023 r.<\/p>\n<p>Opracowanie pierwotnego raportu z mapowania zosta\u0142o sfinansowane przez Mi\u0119dzynarodowy Fundusz Wyszehradzki (IVF), kt\u00f3rego misj\u0105 jest promowanie idei zr\u00f3wnowa\u017conej wsp\u00f3\u0142pracy regionalnej w Europie \u015arodkowej. IVF jest wsp\u00f3\u0142finansowany przez rz\u0105dy Republiki Czeskiej, W\u0119gier, Polski i S\u0142owacji.<\/p>\n<p>W raporcie wskazano, \u017ce dzia\u0142alno\u015b\u0107 Wyszehradzkiego Instytutu Patentowego (WIP) wspiera rozw\u00f3j innowacji i konkurencyjno\u015b\u0107 w regionie. Ponadto wskazuje si\u0119 w nim na konieczno\u015b\u0107 podj\u0119cia skoordynowanych dzia\u0142a\u0144 na poziomie regionu w celu stworzenia system\u00f3w finansowania dla lokalnych M\u015aP, uniwersytet\u00f3w i instytut\u00f3w badawczych.<\/p>\n<p>Raport zawiera r\u00f3wnie\u017c sugesti\u0119, \u017ce dzia\u0142alno\u015b\u0107 WIP powinna zosta\u0107 uzupe\u0142niona przez system finansowania skupiaj\u0105cy si\u0119 na patentach, kt\u00f3ry m\u00f3g\u0142by wspiera\u0107 us\u0142ugi oferowane przez WIP. Mo\u017cliwe formy wsparcia dla istniej\u0105cych lub nowych us\u0142ug oferowanych przez WIP zg\u0142aszaj\u0105cym z pa\u0144stw V4 mog\u0142oby obejmowa\u0107: \u201ebon WIP\u201d oraz bezzwrotne dofinansowanie przeznaczone na zg\u0142oszenia patentowe w projektach finansowanych przez Mi\u0119dzynarodowy Fundusz Wyszehradzki. Zgodnie z sugesti\u0105 zawart\u0105 w raporcie IVF powinien zosta\u0107 wyznaczony jako instytucja finansuj\u0105ca.<\/p>\n<p>Celem kr\u00f3tkiego przewodnika jest przedstawienie zwi\u0119z\u0142ego podsumowania najwa\u017cniejszych informacji zawartych w raporcie. WIP b\u0119dzie nadal aktywnie rozwa\u017ca\u0107 te pomys\u0142y i propozycje w 2025 r., dzia\u0142aj\u0105c na rzecz podmiot\u00f3w ekosystemu innowacji w regionie V4.<\/p>\n<p><a href=\"https:\/\/vpi.int\/en\/wp-content\/uploads\/2024\/12\/v4-financial-incentives-quick-guide.pdf\" target=\"_blank\" rel=\"noopener\"><span style=\"text-decoration: underline;\">Pobierz przewodnik &gt;&gt;<\/span><\/a><\/p>\n<p>[\/et_pb_text][\/et_pb_column][\/et_pb_row][et_pb_row column_structure=&#8221;1_4,3_4&#8243; use_custom_gutter=&#8221;on&#8221; gutter_width=&#8221;1&#8243; make_equal=&#8221;on&#8221; module_class=&#8221; et_pb_row_fullwidth&#8221; _builder_version=&#8221;4.17.1&#8243; _module_preset=&#8221;default&#8221; background_size=&#8221;initial&#8221; background_position=&#8221;top_left&#8221; background_repeat=&#8221;repeat&#8221; width=&#8221;100%&#8221; width_tablet=&#8221;100%&#8221; width_phone=&#8221;100%&#8221; width_last_edited=&#8221;on|desktop&#8221; max_width=&#8221;100%&#8221; max_width_tablet=&#8221;100%&#8221; max_width_phone=&#8221;100%&#8221; max_width_last_edited=&#8221;on|desktop&#8221; custom_margin=&#8221;0px||0px|&#8221; custom_padding=&#8221;0px||0px|&#8221; make_fullwidth=&#8221;on&#8221; global_colors_info=&#8221;{}&#8221;][et_pb_column type=&#8221;1_4&#8243; _builder_version=&#8221;4.17.1&#8243; _module_preset=&#8221;default&#8221; use_background_color_gradient=&#8221;on&#8221; background_color_gradient_direction=&#8221;60deg&#8221; background_color_gradient_stops=&#8221;#007576 0%|rgba(41,196,169,0.29) 100%&#8221; background_enable_image=&#8221;off&#8221; background_position=&#8221;top_left&#8221; custom_padding=&#8221;|||&#8221; global_colors_info=&#8221;{}&#8221; custom_padding__hover=&#8221;|||&#8221;][\/et_pb_column][et_pb_column type=&#8221;3_4&#8243; _builder_version=&#8221;4.17.1&#8243; _module_preset=&#8221;default&#8221; background_enable_color=&#8221;off&#8221; background_position=&#8221;top_left&#8221; custom_padding=&#8221;2%|6%|0px|6%|false|false&#8221; global_colors_info=&#8221;{}&#8221; custom_padding__hover=&#8221;|||&#8221;][et_pb_text _builder_version=&#8221;4.17.1&#8243; _module_preset=&#8221;default&#8221; header_2_line_height=&#8221;1.3em&#8221; custom_padding=&#8221;||38px|||&#8221; custom_padding_tablet=&#8221;||38px|||&#8221; custom_padding_phone=&#8221;20px||||false|false&#8221; custom_padding_last_edited=&#8221;on|phone&#8221; animation_style=&#8221;slide&#8221; animation_direction=&#8221;bottom&#8221; animation_intensity_slide=&#8221;5%&#8221; global_colors_info=&#8221;{}&#8221;]<\/p>\n<h2>Dost\u0119pne s\u0105 nowe studia przypadku<\/h2>\n<p>&nbsp;<\/p>\n<p><strong>17 grudnia 2024<\/strong><\/p>\n<p>Zgodnie z praktyk\u0105 dzielenia si\u0119 wiedz\u0105 i dobrymi praktykami r\u00f3\u017cnych firm w dziedzinie zg\u0142osze\u0144 PCT i strategii patentowej, Wyszehradzki Instytut Patentowy (WIP) przygotowa\u0142 dwa nowe studia przypadku. Tym razem uwaga skupia si\u0119 na do\u015bwiadczeniach start-up\u00f3w.<\/p>\n<p>Pierwsze studium przypadku przedstawia firmi\u0119 <a href=\"https:\/\/vpi.int\/pl\/wp-content\/uploads\/2024\/12\/sygnis-pl.pdf\" target=\"_blank\" rel=\"noopener\"><span style=\"text-decoration: underline;\">Sygnis SA<\/span><\/a>, innowacyjn\u0105 polsk\u0105 firm\u0119 start-upow\u0105, kt\u00f3rej profil obejmuje nowoczesne rozwi\u0105zania sprz\u0119towe deeptech w obszarze fotoniki i in\u017cynierii materia\u0142owej. Firma Sygnis udzieli\u0142a rzetelnych informacji na temat swoich do\u015bwiadcze\u0144 i wyzwa\u0144 zwi\u0105zanych ze znalezieniem odpowiedniego wsparcia na mi\u0119dzynarodowej \u015bcie\u017cce patentowej oraz wykorzystania zg\u0142osze\u0144 patentowych jako aktyw\u00f3w w celu przyci\u0105gania inwestor\u00f3w.<\/p>\n<p>W drugim studium przypadku, firma <a href=\"https:\/\/vpi.int\/pl\/wp-content\/uploads\/2024\/12\/startup-considerations-for-PCT-pl.pdf\" target=\"_blank\" rel=\"noopener\"><span style=\"text-decoration: underline;\">Saule SA<\/span><\/a>, innowacyjna, zaawansowana technologicznie polska firma start-upowa, kt\u00f3ra opracowuje urz\u0105dzenia fotowoltaiczne nowej generacji na bazie perowskitu, ch\u0119tnie podzieli\u0142a si\u0119 najlepszymi praktykami i spostrze\u017ceniami na temat korzy\u015bci jakie czerpie dzi\u0119ki wybraniu \u015bcie\u017cki PCT. Do\u015bwiadczenia firmy Saule SA s\u0105 szczeg\u00f3lnie warto\u015bciowe, gdy\u017c jej innowacyjne rozwi\u0105zania zosta\u0142y wyr\u00f3\u017cnione Nagrod\u0105 Europejskiego Wynalazcy 2024 (European Inventor Award 2024).<\/p>\n<p>Studia przypadku opracowano we wsp\u00f3\u0142pracy z Fundacj\u0105 Innovations Hub, polskim centrum start-up\u00f3w, kt\u00f3re specjalizuje si\u0119 w profesjonalizacji inkubacji biznesu i transformacji rynku pre-seed w Europie \u015arodkowej i Wschodniej.<\/p>\n<p>Aby przeczyta\u0107 nowe studium przypadku lub przejrze\u0107 nasze poprzednie publikacje, odwied\u017a stron\u0119 Centrum Wiedzy Wyszehradzkiego Instytutu Patentowego.<\/p>\n<p><a href=\"https:\/\/vpi.int\/pl\/09-centrum-wiedzy\/\" target=\"_blank\" rel=\"noopener\"><span style=\"text-decoration: underline;\">Odwied\u017a stron\u0119 Centrum Wiedzy &gt;&gt;<\/span><\/a><\/p>\n<p>[\/et_pb_text][\/et_pb_column][\/et_pb_row][et_pb_row column_structure=&#8221;1_4,3_4&#8243; use_custom_gutter=&#8221;on&#8221; gutter_width=&#8221;1&#8243; make_equal=&#8221;on&#8221; module_class=&#8221; et_pb_row_fullwidth&#8221; _builder_version=&#8221;4.17.1&#8243; _module_preset=&#8221;default&#8221; background_size=&#8221;initial&#8221; background_position=&#8221;top_left&#8221; background_repeat=&#8221;repeat&#8221; width=&#8221;100%&#8221; width_tablet=&#8221;100%&#8221; width_phone=&#8221;100%&#8221; width_last_edited=&#8221;on|desktop&#8221; max_width=&#8221;100%&#8221; max_width_tablet=&#8221;100%&#8221; max_width_phone=&#8221;100%&#8221; max_width_last_edited=&#8221;on|desktop&#8221; custom_margin=&#8221;0px||0px|&#8221; custom_padding=&#8221;0px||0px|&#8221; make_fullwidth=&#8221;on&#8221; global_colors_info=&#8221;{}&#8221;][et_pb_column type=&#8221;1_4&#8243; _builder_version=&#8221;4.17.1&#8243; _module_preset=&#8221;default&#8221; background_color=&#8221;rgba(0,117,118,0.4)&#8221; background_enable_image=&#8221;off&#8221; background_position=&#8221;top_left&#8221; custom_padding=&#8221;|||&#8221; global_colors_info=&#8221;{}&#8221; custom_padding__hover=&#8221;|||&#8221;][\/et_pb_column][et_pb_column type=&#8221;3_4&#8243; _builder_version=&#8221;4.17.1&#8243; _module_preset=&#8221;default&#8221; background_color=&#8221;#f4f4f4&#8243; background_position=&#8221;top_left&#8221; custom_padding=&#8221;2%|6%|0px|6%|false|false&#8221; global_colors_info=&#8221;{}&#8221; custom_padding__hover=&#8221;|||&#8221;][et_pb_text _builder_version=&#8221;4.17.1&#8243; _module_preset=&#8221;default&#8221; header_2_line_height=&#8221;1.3em&#8221; header_4_line_height=&#8221;1.3em&#8221; custom_padding=&#8221;||38px|||&#8221; custom_padding_tablet=&#8221;||38px|||&#8221; custom_padding_phone=&#8221;20px||38px||false|false&#8221; custom_padding_last_edited=&#8221;on|phone&#8221; animation_style=&#8221;slide&#8221; animation_direction=&#8221;bottom&#8221; animation_intensity_slide=&#8221;5%&#8221; global_colors_info=&#8221;{}&#8221;]<\/p>\n<h2>Cykl wydarze\u0144 \u201ePCT dla V4\u201d w 2024 roku<\/h2>\n<p>&nbsp;<\/p>\n<p><strong>5 lipca 2024<\/strong><\/p>\n<p>W celu podniesienia \u015bwiadomo\u015bci na temat mo\u017cliwo\u015bci skorzystania z procedury oferowanej w ramach Uk\u0142adu o wsp\u00f3\u0142pracy patentowej (PCT) podczas wchodzenia na rynki mi\u0119dzynarodowe, \u015awiatowa Organizacja W\u0142asno\u015bci Intelektualnej (WIPO) zainicjowa\u0142a projekt \u201ePCT dla V4\u201d skupiaj\u0105cy si\u0119 na innowatorach z uniwersytet\u00f3w, start-up\u00f3w i M\u015aP, i obejmuj\u0105cych seminaria i inne wydarzenia w regionie V4.<\/p>\n<p>Wyszehradzki Instytut Patentowy (WIP) uwa\u017ca, \u017ce dla uczestnik\u00f3w naszych innowacyjnych ekosystem\u00f3w kluczowa jest \u015bwiadomo\u015b\u0107 mo\u017cliwo\u015bci i korzy\u015bci, jakie system PCT oferuje zg\u0142aszaj\u0105cym. Dlatego jeste\u015bmy wdzi\u0119czni WIPO za inicjatyw\u0119 \u201ePCT dla V4\u201d, a tak\u017ce za mo\u017cliwo\u015b\u0107 aktywnego uczestnictwa w tym projekcie.<\/p>\n<p>Pierwsz\u0105 lokalizacj\u0105 cyklu wydarze\u0144 w ramach projektu \u201ePCT dla V4\u201d by\u0142y Czechy, gdzie WIPO zorganizowa\u0142o seminarium PCT dla innowator\u00f3w z uniwersytet\u00f3w, start-up\u00f3w i M\u015aP z Pragi we wsp\u00f3\u0142pracy z Urz\u0119dem W\u0142asno\u015bci Przemys\u0142owej Republiki Czeskiej (IPO CZ) i WIP. WIP dzi\u0119kuje IPO CZ za zorganizowanie tego wydarzenia w dniu 10 czerwca 2024 r. w Pradze, w formacie hybrydowym, podczas kt\u00f3rego pani Johanna Stadler, dyrektor WIP, przedstawi\u0142a korzy\u015bci p\u0142yn\u0105ce z procedury PCT i globalnych us\u0142ug poszukiwa\u0144 patentowych oferowanych przez Instytut oraz organy PCT regionu V4. <\/p>\n<p>W ramach projektu \u201ePCT dla V4\u201d WIPO przeprowadzi\u0142o tak\u017ce dyskusje w czeskim Centrum Innowacji oraz by\u0142o obecne na wystawie Invent Arena w Trzy\u0144cu w gronie licznych innowator\u00f3w z regionu w dniach 12-13 czerwca. <\/p>\n<p>Kolejne wa\u017cne wydarzenia odb\u0119d\u0105 si\u0119 w krajach V4 jesieni\u0105 2024 r. Dok\u0142adny program zostanie przedstawiony w nadchodz\u0105cych miesi\u0105cach zar\u00f3wno na stronie internetowej WIP, jak i na Linked-in WIP. Odwiedzaj regularnie nasz\u0105 stron\u0119 internetow\u0105 lub \u015bled\u017a nas na Linked-in, by by\u0107 na bie\u017c\u0105co.<\/p>\n<p><a href=\"https:\/\/www.linkedin.com\/company\/visegrad-patent-institute\" target=\"_blank\" rel=\"noopener\"><span style=\"text-decoration: underline;\">\u015aled\u017a nas na Linked-in&gt;&gt;<\/span><\/a><\/p>\n<p>[\/et_pb_text][\/et_pb_column][\/et_pb_row][et_pb_row column_structure=&#8221;1_4,3_4&#8243; use_custom_gutter=&#8221;on&#8221; gutter_width=&#8221;1&#8243; make_equal=&#8221;on&#8221; module_class=&#8221; et_pb_row_fullwidth&#8221; _builder_version=&#8221;4.17.1&#8243; _module_preset=&#8221;default&#8221; background_size=&#8221;initial&#8221; background_position=&#8221;top_left&#8221; background_repeat=&#8221;repeat&#8221; width=&#8221;100%&#8221; width_tablet=&#8221;100%&#8221; width_phone=&#8221;100%&#8221; width_last_edited=&#8221;on|desktop&#8221; max_width=&#8221;100%&#8221; max_width_tablet=&#8221;100%&#8221; max_width_phone=&#8221;100%&#8221; max_width_last_edited=&#8221;on|desktop&#8221; custom_margin=&#8221;0px||0px|&#8221; custom_padding=&#8221;0px||0px|&#8221; make_fullwidth=&#8221;on&#8221; global_colors_info=&#8221;{}&#8221;][et_pb_column type=&#8221;1_4&#8243; _builder_version=&#8221;4.17.1&#8243; _module_preset=&#8221;default&#8221; use_background_color_gradient=&#8221;on&#8221; background_color_gradient_direction=&#8221;60deg&#8221; background_color_gradient_stops=&#8221;#007576 0%|rgba(41,196,169,0.29) 100%&#8221; background_enable_image=&#8221;off&#8221; background_position=&#8221;top_left&#8221; custom_padding=&#8221;|||&#8221; global_colors_info=&#8221;{}&#8221; custom_padding__hover=&#8221;|||&#8221;][\/et_pb_column][et_pb_column type=&#8221;3_4&#8243; _builder_version=&#8221;4.17.1&#8243; _module_preset=&#8221;default&#8221; background_enable_color=&#8221;off&#8221; background_position=&#8221;top_left&#8221; custom_padding=&#8221;2%|6%|0px|6%|false|false&#8221; global_colors_info=&#8221;{}&#8221; custom_padding__hover=&#8221;|||&#8221;][et_pb_text _builder_version=&#8221;4.17.1&#8243; _module_preset=&#8221;default&#8221; header_2_line_height=&#8221;1.3em&#8221; custom_padding=&#8221;||38px|||&#8221; custom_padding_tablet=&#8221;||38px|||&#8221; custom_padding_phone=&#8221;20px||||false|false&#8221; custom_padding_last_edited=&#8221;on|phone&#8221; animation_style=&#8221;slide&#8221; animation_direction=&#8221;bottom&#8221; animation_intensity_slide=&#8221;5%&#8221; global_colors_info=&#8221;{}&#8221;]<\/p>\n<h2>WIP jest najszybszym Mi\u0119dzynarodowym Organem Poszukiwa\u0144 (ISA) na \u015bwiecie<\/h2>\n<p>&nbsp;<\/p>\n<p><strong>3 lipca 2024 r.<\/strong><\/p>\n<p>Wed\u0142ug rocznego przegl\u0105du Uk\u0142adu o <a href=\"https:\/\/www.wipo.int\/edocs\/pubdocs\/en\/wipo-pub-901-2024-en-patent-cooperation-treaty-yearly-review-2024.pdf\" target=\"_blank\" rel=\"noopener\"><span style=\"text-decoration: underline;\">wsp\u00f3\u0142pracy patentowej (PCT) 2024<\/span><\/a> opublikowanego przez \u015awiatow\u0105 Organizacj\u0119 W\u0142asno\u015bci Intelektualnej, Wyszehradzki Instytut Patentowy by\u0142 w 2023 roku najszybszym Mi\u0119dzynarodowym Organem Poszukiwa\u0144 (ISA) na \u015bwiecie pod wzgl\u0119dem terminowo\u015bci sporz\u0105dzania i przekazywania sprawozda\u0144 z poszukiwa\u0144 mi\u0119dzynarodowych do Biura Mi\u0119dzynarodowego WIPO, licz\u0105c zar\u00f3wno od daty pierwsze\u0144stwa (realizacja w ci\u0105gu 9 miesi\u0119cy), jak i daty otrzymania egzemplarza zg\u0142oszenia mi\u0119dzynarodowego (realizacja w ci\u0105gu 3 miesi\u0119cy).<\/p>\n<p>Wyszehradzki Instytut Patentowy podejmuje ci\u0105g\u0142e wysi\u0142ki w celu skr\u00f3cenia czasu sporz\u0105dzania sprawozda\u0144 z poszukiwa\u0144 mi\u0119dzynarodowych dla swoich klient\u00f3w. Od 1 stycznia 2023 r. zosta\u0142y wprowadzone kr\u00f3tsze wewn\u0119trzne terminy realizacji, a statystyki WIPO potwierdzaj\u0105, \u017ce inicjatywy WIP na rzecz us\u0142ug przyjaznych u\u017cytkownikom przynosz\u0105 wyniki. WIP przestrzega rygorystycznych standard\u00f3w jako\u015bci ISO, co gwarantuje, \u017ce us\u0142ugi s\u0105 dostarczane nie tylko szybko, ale tak\u017ce przy zachowaniu doskona\u0142ej jako\u015bci.<\/p>\n<p>WIP otrzyma\u0142 zaszczytny tytu\u0142 najszybszego Mi\u0119dzynarodowego Organu Poszukiwa\u0144 (ISA) na \u015bwiecie po raz drugi z rz\u0119du i wyra\u017ca wdzi\u0119czno\u015b\u0107 swoim kole\u017cankom i kolegom z Oddzia\u0142\u00f3w za ich wysi\u0142ki w celu dotrzymywania dobrowolnych wewn\u0119trznych termin\u00f3w oraz za doskonale wykonywan\u0105 prac\u0119 na rzecz klient\u00f3w WIP.<\/p>\n<p>&nbsp;<\/p>\n<p>[\/et_pb_text][\/et_pb_column][\/et_pb_row][et_pb_row column_structure=&#8221;1_4,3_4&#8243; use_custom_gutter=&#8221;on&#8221; gutter_width=&#8221;1&#8243; make_equal=&#8221;on&#8221; module_class=&#8221; et_pb_row_fullwidth&#8221; _builder_version=&#8221;4.17.1&#8243; _module_preset=&#8221;default&#8221; background_size=&#8221;initial&#8221; background_position=&#8221;top_left&#8221; background_repeat=&#8221;repeat&#8221; width=&#8221;100%&#8221; width_tablet=&#8221;100%&#8221; width_phone=&#8221;100%&#8221; width_last_edited=&#8221;on|desktop&#8221; max_width=&#8221;100%&#8221; max_width_tablet=&#8221;100%&#8221; max_width_phone=&#8221;100%&#8221; max_width_last_edited=&#8221;on|desktop&#8221; custom_margin=&#8221;0px||0px|&#8221; custom_padding=&#8221;0px||0px|&#8221; make_fullwidth=&#8221;on&#8221; global_colors_info=&#8221;{}&#8221;][et_pb_column type=&#8221;1_4&#8243; _builder_version=&#8221;4.17.1&#8243; _module_preset=&#8221;default&#8221; background_color=&#8221;rgba(0,117,118,0.4)&#8221; background_enable_image=&#8221;off&#8221; background_position=&#8221;top_left&#8221; custom_padding=&#8221;|||&#8221; global_colors_info=&#8221;{}&#8221; custom_padding__hover=&#8221;|||&#8221;][\/et_pb_column][et_pb_column type=&#8221;3_4&#8243; _builder_version=&#8221;4.17.1&#8243; _module_preset=&#8221;default&#8221; background_color=&#8221;#f4f4f4&#8243; background_position=&#8221;top_left&#8221; custom_padding=&#8221;2%|6%|0px|6%|false|false&#8221; global_colors_info=&#8221;{}&#8221; custom_padding__hover=&#8221;|||&#8221;][et_pb_text _builder_version=&#8221;4.17.1&#8243; _module_preset=&#8221;default&#8221; header_2_line_height=&#8221;1.3em&#8221; header_4_line_height=&#8221;1.3em&#8221; custom_padding=&#8221;||38px|||&#8221; custom_padding_tablet=&#8221;||38px|||&#8221; custom_padding_phone=&#8221;20px||38px||false|false&#8221; custom_padding_last_edited=&#8221;on|phone&#8221; animation_style=&#8221;slide&#8221; animation_direction=&#8221;bottom&#8221; animation_intensity_slide=&#8221;5%&#8221; global_colors_info=&#8221;{}&#8221;]<\/p>\n<h2>Jest ju\u017c dost\u0119pny Raport Roczny WIP za 2023 r.<\/h2>\n<p>&nbsp;<\/p>\n<p><strong>29 maj, 2024 r.<\/strong><\/p>\n<p>Jest ju\u017c dost\u0119pny Raport Roczny WIP za 2023 r. Publikacja przedstawia dzia\u0142alno\u015b\u0107 instytucjonaln\u0105 WIP w 2023 r. oraz dane i trendy dotycz\u0105ce zg\u0142osze\u0144 PCT w krajach Grupy Wyszehradzkiej za lata 2019-2023.<\/p>\n<p>Raport mo\u017cna pobra\u0107 w zak\u0142adce Centrum Wiedzy w sekcji Raport Roczny.<\/p>\n<p><a href=\"https:\/\/vpi.int\/en\/wp-content\/uploads\/2024\/05\/VPI-annual-report-2023.pdf\" target=\"_blank\" rel=\"noopener\" title=\"Annual Report 2023\"><span style=\"text-decoration: underline;\">Pobierz Raport &gt;&gt;<\/span><\/a><\/p>\n<p>[\/et_pb_text][\/et_pb_column][\/et_pb_row][et_pb_row column_structure=&#8221;1_4,3_4&#8243; use_custom_gutter=&#8221;on&#8221; gutter_width=&#8221;1&#8243; make_equal=&#8221;on&#8221; module_class=&#8221; et_pb_row_fullwidth&#8221; _builder_version=&#8221;4.17.1&#8243; _module_preset=&#8221;default&#8221; background_size=&#8221;initial&#8221; background_position=&#8221;top_left&#8221; background_repeat=&#8221;repeat&#8221; width=&#8221;100%&#8221; width_tablet=&#8221;100%&#8221; width_phone=&#8221;100%&#8221; width_last_edited=&#8221;on|desktop&#8221; max_width=&#8221;100%&#8221; max_width_tablet=&#8221;100%&#8221; max_width_phone=&#8221;100%&#8221; max_width_last_edited=&#8221;on|desktop&#8221; custom_margin=&#8221;0px||0px|&#8221; custom_padding=&#8221;0px||0px|&#8221; make_fullwidth=&#8221;on&#8221; global_colors_info=&#8221;{}&#8221;][et_pb_column type=&#8221;1_4&#8243; _builder_version=&#8221;4.17.1&#8243; _module_preset=&#8221;default&#8221; use_background_color_gradient=&#8221;on&#8221; background_color_gradient_direction=&#8221;60deg&#8221; background_color_gradient_stops=&#8221;#007576 0%|rgba(41,196,169,0.29) 100%&#8221; background_enable_image=&#8221;off&#8221; background_position=&#8221;top_left&#8221; custom_padding=&#8221;|||&#8221; global_colors_info=&#8221;{}&#8221; custom_padding__hover=&#8221;|||&#8221;][\/et_pb_column][et_pb_column type=&#8221;3_4&#8243; _builder_version=&#8221;4.17.1&#8243; _module_preset=&#8221;default&#8221; background_enable_color=&#8221;off&#8221; background_position=&#8221;top_left&#8221; custom_padding=&#8221;2%|6%|0px|6%|false|false&#8221; global_colors_info=&#8221;{}&#8221; custom_padding__hover=&#8221;|||&#8221;][et_pb_text _builder_version=&#8221;4.17.1&#8243; _module_preset=&#8221;default&#8221; header_2_line_height=&#8221;1.3em&#8221; custom_padding=&#8221;||38px|||&#8221; custom_padding_tablet=&#8221;||38px|||&#8221; custom_padding_phone=&#8221;20px||||false|false&#8221; custom_padding_last_edited=&#8221;on|phone&#8221; animation_style=&#8221;slide&#8221; animation_direction=&#8221;bottom&#8221; animation_intensity_slide=&#8221;5%&#8221; global_colors_info=&#8221;{}&#8221;]<\/p>\n<h2>Nowa strona \u201eOp\u0142aty i zwroty\u201d ju\u017c dost\u0119pna<\/h2>\n<p>&nbsp;<\/p>\n<p><strong>1 lutego 2024 r.<\/strong><\/p>\n<p>Nowa strona \u201eOp\u0142aty i zwroty\u201d zawieraj\u0105ca formularz online wniosku o zwrot op\u0142aty za poszukiwanie i gromadz\u0105ca w jednym miejscu wszystkie informacje na temat op\u0142at i zwrot\u00f3w zosta\u0142a uruchomiona na stronie internetowej Wyszehradzkiego Instytutu Patentowego (WIP) 1 lutego 2024 r. w odpowiedzi na oczekiwania klient\u00f3w. <\/p>\n<p>W ramach dzia\u0142a\u0144 maj\u0105cych na celu lepsze zrozumienie oczekiwa\u0144 u\u017cytkownik\u00f3w i uruchomienie odpowiednich przyjaznych dla u\u017cytkownik\u00f3w inicjatyw w oparciu o ich potrzeby, Sekretariat WIP przeprowadzi\u0142 w 2023 r. badanie opinii klient\u00f3w. W ankiecie przeprowadzonej w\u015br\u00f3d rzecznik\u00f3w patentowych aktywnie korzystaj\u0105cych z us\u0142ug WIP pytano o ich opini\u0119 na temat jako\u015bci, szybko\u015bci i og\u00f3lnej satysfakcji z us\u0142ug WIP. Zawodowych pe\u0142nomocnik\u00f3w poproszono r\u00f3wnie\u017c o wskazanie, jakie nowe us\u0142ugi by\u0142yby dla nich korzystne.<\/p>\n<p>Z uzyskanych odpowiedzi wynika, \u017ce najbardziej atrakcyjnymi cechami us\u0142ug oferowanych przez WIP s\u0105 szybko\u015b\u0107 realizacji oraz efektywno\u015b\u0107 kosztowa, jak r\u00f3wnie\u017c przyjazna administracja i mo\u017cliwo\u015b\u0107 pos\u0142ugiwania si\u0119 j\u0119zykiem krajowym podczas fazy mi\u0119dzynarodowej procedury PCT.<\/p>\n<p>W odpowiedziach u\u017cytkownicy us\u0142ug WIP sugerowali dalsze upraszczanie procedury sk\u0142adania wniosk\u00f3w o zwrot op\u0142aty za poszukiwanie. Z tego wzgl\u0119du WIP stworzy\u0142 now\u0105 stron\u0119 \u201eOp\u0142aty i zwroty\u201d z formularzem online umo\u017cliwiaj\u0105cym uprawnionym zg\u0142aszaj\u0105cym z\u0142o\u017cenie wniosku o zwrot op\u0142aty za poszukiwanie. Formularz ten pomo\u017ce jeszcze bardziej przyspieszy\u0107 proces zwrotu 40% lub 50% op\u0142aty za poszukiwanie mi\u0119dzynarodowe, w zale\u017cno\u015bci od przypadku, gdy WIP korzysta z wcze\u015bniejszego sprawozdania z poszukiwa\u0144 podczas przeprowadzania poszukiwania mi\u0119dzynarodowego.<\/p>\n<p>Formularz online wniosku o zwrot op\u0142aty za poszukiwanie to kolejny spos\u00f3b sk\u0142adania wniosk\u00f3w drog\u0105 elektroniczn\u0105 opr\u00f3cz ju\u017c dost\u0119pnych mo\u017cliwo\u015bci, takich jak email lub system elektroniczny ePCT. Nowa strona \u201eOp\u0142aty i zwroty\u201d jest ju\u017c dost\u0119pna na stronie internetowej WIP.<\/p>\n<p><a href=\"https:\/\/vpi.int\/pl\/08-oplaty-i-zwroty\/\" target=\"_blank\" rel=\"noopener\"><span style=\"text-decoration: underline;\">Odwied\u017a stron\u0119 Op\u0142aty i zwroty &gt;&gt;<\/span><\/a><\/p>\n<p>[\/et_pb_text][\/et_pb_column][\/et_pb_row][et_pb_row column_structure=&#8221;1_4,3_4&#8243; use_custom_gutter=&#8221;on&#8221; gutter_width=&#8221;1&#8243; make_equal=&#8221;on&#8221; module_class=&#8221; et_pb_row_fullwidth&#8221; _builder_version=&#8221;4.17.1&#8243; _module_preset=&#8221;default&#8221; background_size=&#8221;initial&#8221; background_position=&#8221;top_left&#8221; background_repeat=&#8221;repeat&#8221; width=&#8221;100%&#8221; width_tablet=&#8221;100%&#8221; width_phone=&#8221;100%&#8221; width_last_edited=&#8221;on|desktop&#8221; max_width=&#8221;100%&#8221; max_width_tablet=&#8221;100%&#8221; max_width_phone=&#8221;100%&#8221; max_width_last_edited=&#8221;on|desktop&#8221; custom_margin=&#8221;0px||0px|&#8221; custom_padding=&#8221;0px||0px|&#8221; make_fullwidth=&#8221;on&#8221; global_colors_info=&#8221;{}&#8221;][et_pb_column type=&#8221;1_4&#8243; _builder_version=&#8221;4.17.1&#8243; _module_preset=&#8221;default&#8221; background_color=&#8221;rgba(0,117,118,0.4)&#8221; background_enable_image=&#8221;off&#8221; background_position=&#8221;top_left&#8221; custom_padding=&#8221;|||&#8221; global_colors_info=&#8221;{}&#8221; custom_padding__hover=&#8221;|||&#8221;][\/et_pb_column][et_pb_column type=&#8221;3_4&#8243; _builder_version=&#8221;4.17.1&#8243; _module_preset=&#8221;default&#8221; background_color=&#8221;#f4f4f4&#8243; background_position=&#8221;top_left&#8221; custom_padding=&#8221;2%|6%|0px|6%|false|false&#8221; global_colors_info=&#8221;{}&#8221; custom_padding__hover=&#8221;|||&#8221;][et_pb_text _builder_version=&#8221;4.17.1&#8243; _module_preset=&#8221;default&#8221; header_2_line_height=&#8221;1.3em&#8221; header_4_line_height=&#8221;1.3em&#8221; custom_padding=&#8221;||38px|||&#8221; custom_padding_tablet=&#8221;||38px|||&#8221; custom_padding_phone=&#8221;20px||38px||false|false&#8221; custom_padding_last_edited=&#8221;on|phone&#8221; animation_style=&#8221;slide&#8221; animation_direction=&#8221;bottom&#8221; animation_intensity_slide=&#8221;5%&#8221; global_colors_info=&#8221;{}&#8221;]<\/p>\n<h2>Wsparcie w wysoko\u015bci do 75% koszt\u00f3w globalnych us\u0142ug patentowych<\/h2>\n<p>&nbsp;<\/p>\n<p><strong>22 stycznia 2024 r.<\/strong><\/p>\n<p>Wyszehradzki Instytut Patentowy uruchomi\u0142 globalne us\u0142ugi patentowe w zakresie prowadzenia poszukiwa\u0144 (GPSS) w pa\u017adzierniku 2023 r., aby dostarcza\u0107 informacji o stanie techniki w oparciu o przepisy PCT klientom na ca\u0142ym \u015bwiecie zainteresowanym ocen\u0105 zdolno\u015bci patentowej swoich wynalazk\u00f3w. G\u0142\u00f3wnym celem uruchomienia tych us\u0142ug by\u0142o udost\u0119pnianie informacji o stanie techniki w jak najkr\u00f3tszym czasie i za ni\u017csz\u0105 op\u0142at\u0105 rycza\u0142tow\u0105 przed z\u0142o\u017ceniem zg\u0142oszenia patentowego.<\/p>\n<p>Wraz z uruchomieniem edycji Funduszu dla M\u015aP na 2024 r. ma\u0142e i \u015brednie przedsi\u0119biorstwa z siedzib\u0105 w UE mog\u0105 korzysta\u0107 z tych us\u0142ug w 2024 r. ponosz\u0105c koszty ni\u017csze o 75%. <\/p>\n<p>Wdra\u017cany przez EUIPO Fundusz M\u015aP \u201eIdeas Powered for business\u201d to program dotacji, kt\u00f3rego celem jest udzielanie pomocy ma\u0142ym i \u015brednim przedsi\u0119biorstwom (M\u015aP) z siedzib\u0105 w UE w ochronie ich praw w\u0142asno\u015bci intelektualnej. Dotacje udzielane w ramach Funduszu M\u015aP s\u0105 przeznaczone m.in. na refundacj\u0119 cz\u0119\u015bci koszt\u00f3w badania stanu techniki, dokonywania zg\u0142osze\u0144 patentowych a nawet op\u0142at za us\u0142ugi rzecznik\u00f3w patentowych. Szczeg\u00f3\u0142owy opis programu jest dost\u0119pny na stronie EUIPO po\u015bwi\u0119conej inicjatywie <a href=\"https:\/\/www.euipo.europa.eu\/en\/discover-ip\/sme-fund\/overview\" target=\"_blank\" rel=\"noopener\" title=\"MSP Funduszu na 2024 r.\"><span style=\"text-decoration: underline;\">M\u015aP Funduszu na 2024 r<\/span><\/a>.<\/p>\n<p>Raporty z badania stanu techniki nale\u017c\u0105 do dzia\u0142a\u0144 wspieranych przez Fundusz dla M\u015aP w ramach bonu dotycz\u0105cego patent\u00f3w (bon 3), a zatem mo\u017cliwe jest uzyskanie zwrotu w wysoko\u015bci do 75% op\u0142at za oferowane przez WIP us\u0142ugi <a href=\"https:\/\/vpi.int\/pl\/13-usluga-poszukiwania-nowosci\/\" target=\"_blank\" rel=\"noopener\" title=\"badania nowosci\"><span style=\"text-decoration: underline;\">badania nowo\u015bci<\/span><\/a> oraz <a href=\"https:\/\/vpi.int\/pl\/14-usluga-badania-nowosci-ze-wstenym-raportem-na-temat-zdolnosci-patentowej\/\" target=\"_blank\" rel=\"noopener\"><span style=\"text-decoration: underline;\">badania nowo\u015bci ze wst\u0119pnym raportem na temat zdolno\u015bci patentowej<\/span><\/a>. <\/p>\n<p>W praktyce oznacza to, \u017ce zg\u0142aszaj\u0105cy kwalifikuj\u0105cy si\u0119 do uzyskania wsparcia mog\u0105 uzyska\u0107 cenne informacje o stanie techniki w odniesieniu do swoich wynalazk\u00f3w za jedynie 200 EUR w czasie kr\u00f3tszym ni\u017c jeden miesi\u0105c, korzystaj\u0105c z pomocy WIP. Dzi\u0119ki prostemu systemowi i szybkiemu procesowi refundacji koszt\u00f3w inicjatywa Funduszu dla M\u015aP stanowi doskona\u0142e narz\u0119dzie do rozwijania przez M\u015aP dzia\u0142alno\u015bci na nowych lub ju\u017c istniej\u0105cych rynkach za pomoc\u0105 ochrony w\u0142asno\u015bci intelektualnej. <\/p>\n<p>Wi\u0119cej informacji na temat us\u0142ug oferowanych przez WIP mo\u017cna znale\u017a\u0107 na stronie dotycz\u0105cej us\u0142ug.<\/p>\n<p><a href=\"https:\/\/vpi.int\/pl\/04-uslugi\/\" target=\"_blank\" rel=\"noopener\" title=\"Uslugi\"><span style=\"text-decoration: underline;\">Wi\u0119cej informacji na temat us\u0142ug WIP &gt;&gt;<\/span><\/a><\/p>\n<p>[\/et_pb_text][\/et_pb_column][\/et_pb_row][et_pb_row column_structure=&#8221;1_4,3_4&#8243; use_custom_gutter=&#8221;on&#8221; gutter_width=&#8221;1&#8243; make_equal=&#8221;on&#8221; module_class=&#8221; et_pb_row_fullwidth&#8221; _builder_version=&#8221;4.17.1&#8243; _module_preset=&#8221;default&#8221; background_size=&#8221;initial&#8221; background_position=&#8221;top_left&#8221; background_repeat=&#8221;repeat&#8221; width=&#8221;100%&#8221; width_tablet=&#8221;100%&#8221; width_phone=&#8221;100%&#8221; width_last_edited=&#8221;on|desktop&#8221; max_width=&#8221;100%&#8221; max_width_tablet=&#8221;100%&#8221; max_width_phone=&#8221;100%&#8221; max_width_last_edited=&#8221;on|desktop&#8221; custom_margin=&#8221;0px||0px|&#8221; custom_padding=&#8221;0px||0px|&#8221; make_fullwidth=&#8221;on&#8221; global_colors_info=&#8221;{}&#8221;][et_pb_column type=&#8221;1_4&#8243; _builder_version=&#8221;4.17.1&#8243; _module_preset=&#8221;default&#8221; use_background_color_gradient=&#8221;on&#8221; background_color_gradient_direction=&#8221;60deg&#8221; background_color_gradient_stops=&#8221;#007576 0%|rgba(41,196,169,0.29) 100%&#8221; background_enable_image=&#8221;off&#8221; background_position=&#8221;top_left&#8221; custom_padding=&#8221;|||&#8221; global_colors_info=&#8221;{}&#8221; custom_padding__hover=&#8221;|||&#8221;][\/et_pb_column][et_pb_column type=&#8221;3_4&#8243; _builder_version=&#8221;4.17.1&#8243; _module_preset=&#8221;default&#8221; background_enable_color=&#8221;off&#8221; background_position=&#8221;top_left&#8221; custom_padding=&#8221;2%|6%|0px|6%|false|false&#8221; global_colors_info=&#8221;{}&#8221; custom_padding__hover=&#8221;|||&#8221;][et_pb_text _builder_version=&#8221;4.17.1&#8243; _module_preset=&#8221;default&#8221; header_2_line_height=&#8221;1.3em&#8221; custom_padding=&#8221;||38px|||&#8221; custom_padding_tablet=&#8221;||38px|||&#8221; custom_padding_phone=&#8221;20px||||false|false&#8221; custom_padding_last_edited=&#8221;on|phone&#8221; animation_style=&#8221;slide&#8221; animation_direction=&#8221;bottom&#8221; animation_intensity_slide=&#8221;5%&#8221; global_colors_info=&#8221;{}&#8221;]<\/p>\n<h2>Us\u0142uga poszukiwania typu mi\u0119dzynarodowego dost\u0119pna od 1 stycznia 2024 r.<\/h2>\n<p>&nbsp;<\/p>\n<p><strong>1 stycznia 2024 r.<\/strong><\/p>\n<p>W dniu 1 stycznia 2024 r. Wyszehradzki Instytut Patentowy uruchomi\u0142 now\u0105 us\u0142ug\u0119, tym samym rozszerzaj\u0105c zakres dost\u0119pnych us\u0142ug w ramach systemu PCT. Nowa us\u0142uga poszukiwania typu mi\u0119dzynarodowego jest dost\u0119pna dla wszystkich zg\u0142aszaj\u0105cych dokonuj\u0105cych krajowych zg\u0142osze\u0144 patentowych w krajowych urz\u0119dach ds. w\u0142asno\u015bci intelektualnej na W\u0119grzech, w Polsce i na S\u0142owacji.<\/p>\n<p>W ramach nowej us\u0142ugi poszukiwania typu mi\u0119dzynarodowego dostarczane s\u0105 informacje na temat najbli\u017cszego stanu techniki dotycz\u0105cego przedmiotu zg\u0142oszenia w oparciu o przepisy PCT.<\/p>\n<p>O us\u0142ug\u0119 mo\u017cna wnioskowa\u0107 podczas krajowej procedury patentowej, a odpowied\u017a uzyskuje si\u0119 w ci\u0105gu zaledwie trzech miesi\u0119cy. Takie otrzymane na wczesnym etapie informacje mog\u0105 pom\u00f3c zg\u0142aszaj\u0105cym w podj\u0119ciu decyzji o z\u0142o\u017ceniu zg\u0142oszenia PCT lub o doprecyzowaniu tre\u015bci zg\u0142oszenia, aby ostatecznie zwi\u0119kszy\u0107 szanse na uzyskanie ochrony patentowej w wyniku z\u0142o\u017cenia zg\u0142oszenia PCT.<\/p>\n<p>Szczeg\u00f3\u0142owe informacje na temat poszukiwania typu mi\u0119dzynarodowego mo\u017cna znale\u017a\u0107 na stronie dotycz\u0105cej us\u0142ug:<\/p>\n<p><a href=\"https:\/\/vpi.int\/pl\/12-poszukiwanie-typu-miedzynarodowego\/\" target=\"_blank\" rel=\"noopener\" title=\"International-type Search\"><span style=\"text-decoration: underline;\">Wi\u0119cej informacji na temat poszukiwania typu mi\u0119dzynarodowego<\/span><\/a> &gt;&gt;<\/p>\n<p>[\/et_pb_text][\/et_pb_column][\/et_pb_row][et_pb_row column_structure=&#8221;1_4,3_4&#8243; use_custom_gutter=&#8221;on&#8221; gutter_width=&#8221;1&#8243; make_equal=&#8221;on&#8221; module_class=&#8221; et_pb_row_fullwidth&#8221; _builder_version=&#8221;4.17.1&#8243; _module_preset=&#8221;default&#8221; background_size=&#8221;initial&#8221; background_position=&#8221;top_left&#8221; background_repeat=&#8221;repeat&#8221; width=&#8221;100%&#8221; width_tablet=&#8221;100%&#8221; width_phone=&#8221;100%&#8221; width_last_edited=&#8221;on|desktop&#8221; max_width=&#8221;100%&#8221; max_width_tablet=&#8221;100%&#8221; max_width_phone=&#8221;100%&#8221; max_width_last_edited=&#8221;on|desktop&#8221; custom_margin=&#8221;0px||0px|&#8221; custom_padding=&#8221;0px||0px|&#8221; make_fullwidth=&#8221;on&#8221; global_colors_info=&#8221;{}&#8221;][et_pb_column type=&#8221;1_4&#8243; _builder_version=&#8221;4.17.1&#8243; _module_preset=&#8221;default&#8221; background_color=&#8221;rgba(0,117,118,0.4)&#8221; background_enable_image=&#8221;off&#8221; background_position=&#8221;top_left&#8221; custom_padding=&#8221;|||&#8221; global_colors_info=&#8221;{}&#8221; custom_padding__hover=&#8221;|||&#8221;][\/et_pb_column][et_pb_column type=&#8221;3_4&#8243; _builder_version=&#8221;4.17.1&#8243; _module_preset=&#8221;default&#8221; background_color=&#8221;#f4f4f4&#8243; background_position=&#8221;top_left&#8221; custom_padding=&#8221;2%|6%|0px|6%|false|false&#8221; global_colors_info=&#8221;{}&#8221; custom_padding__hover=&#8221;|||&#8221;][et_pb_text _builder_version=&#8221;4.17.1&#8243; _module_preset=&#8221;default&#8221; header_2_line_height=&#8221;1.3em&#8221; header_4_line_height=&#8221;1.3em&#8221; custom_padding=&#8221;||38px|||&#8221; custom_padding_tablet=&#8221;||38px|||&#8221; custom_padding_phone=&#8221;20px||38px||false|false&#8221; custom_padding_last_edited=&#8221;on|phone&#8221; animation_style=&#8221;slide&#8221; animation_direction=&#8221;bottom&#8221; animation_intensity_slide=&#8221;5%&#8221; global_colors_info=&#8221;{}&#8221;]<\/p>\n<h2>W grudniu nie ma zmian w godzinach otwarcia WIP<\/h2>\n<p>&nbsp;<\/p>\n<p><strong>20 grudnia 2023 r.<\/strong><\/p>\n<p>Pragniemy poinformowa\u0107 naszych zg\u0142aszaj\u0105cych i wszystkich zainteresowanych, \u017ce Wyszehradzki Instytut Patentowy pozostaje do Pa\u0144stwa dyspozycji w ostatnich dniach grudnia w tych samych godzinach otwarcia co przez ca\u0142y rok.<\/p>\n<p>Wyszehradzki Instytut Patentowy \u017cyczy wszystkim zg\u0142aszaj\u0105cym i wsp\u00f3\u0142pracownikom Weso\u0142ych \u015awi\u0105t, zas\u0142u\u017conego odpoczynku w gronie rodziny i przyjaci\u00f3\u0142 oraz pomy\u015blno\u015bci w Nowym Roku 2024.<\/p>\n<p>[\/et_pb_text][\/et_pb_column][\/et_pb_row][et_pb_row column_structure=&#8221;1_4,3_4&#8243; use_custom_gutter=&#8221;on&#8221; gutter_width=&#8221;1&#8243; make_equal=&#8221;on&#8221; module_class=&#8221; et_pb_row_fullwidth&#8221; _builder_version=&#8221;4.17.1&#8243; _module_preset=&#8221;default&#8221; background_size=&#8221;initial&#8221; background_position=&#8221;top_left&#8221; background_repeat=&#8221;repeat&#8221; width=&#8221;100%&#8221; width_tablet=&#8221;100%&#8221; width_phone=&#8221;100%&#8221; width_last_edited=&#8221;on|desktop&#8221; max_width=&#8221;100%&#8221; max_width_tablet=&#8221;100%&#8221; max_width_phone=&#8221;100%&#8221; max_width_last_edited=&#8221;on|desktop&#8221; custom_margin=&#8221;0px||0px|&#8221; custom_padding=&#8221;0px||0px|&#8221; make_fullwidth=&#8221;on&#8221; global_colors_info=&#8221;{}&#8221;][et_pb_column type=&#8221;1_4&#8243; _builder_version=&#8221;4.17.1&#8243; _module_preset=&#8221;default&#8221; use_background_color_gradient=&#8221;on&#8221; background_color_gradient_direction=&#8221;60deg&#8221; background_color_gradient_stops=&#8221;#007576 0%|rgba(41,196,169,0.29) 100%&#8221; background_enable_image=&#8221;off&#8221; background_position=&#8221;top_left&#8221; custom_padding=&#8221;|||&#8221; global_colors_info=&#8221;{}&#8221; custom_padding__hover=&#8221;|||&#8221;][\/et_pb_column][et_pb_column type=&#8221;3_4&#8243; _builder_version=&#8221;4.17.1&#8243; _module_preset=&#8221;default&#8221; background_enable_color=&#8221;off&#8221; background_position=&#8221;top_left&#8221; custom_padding=&#8221;2%|6%|0px|6%|false|false&#8221; global_colors_info=&#8221;{}&#8221; custom_padding__hover=&#8221;|||&#8221;][et_pb_text _builder_version=&#8221;4.17.1&#8243; _module_preset=&#8221;default&#8221; header_2_line_height=&#8221;1.3em&#8221; custom_padding=&#8221;||38px|||&#8221; custom_padding_tablet=&#8221;||38px|||&#8221; custom_padding_phone=&#8221;20px||||false|false&#8221; custom_padding_last_edited=&#8221;on|phone&#8221; animation_style=&#8221;slide&#8221; animation_direction=&#8221;bottom&#8221; animation_intensity_slide=&#8221;5%&#8221; global_colors_info=&#8221;{}&#8221;]<\/p>\n<h2>Protok\u00f3\u0142 ustale\u0144 podpisany ze S\u0142owe\u0144skim Urz\u0119dem W\u0142asno\u015bci Intelektualnej<\/h2>\n<p>&nbsp;<\/p>\n<p><strong>30 listopada 2023 r.<\/strong><\/p>\n<p>Wyszehradzki Instytut Patentowy (VPI) podpisa\u0142 protok\u00f3\u0142 ustale\u0144 ze S\u0142owe\u0144skim Urz\u0119dem W\u0142asno\u015bci Intelektualnej (SIPO).<\/p>\n<p>Dokument podpisany przez Karin \u017dvokelj, dyrektor SIPO i Johann\u0119 Stadler, dyrektor VPI, stanowi ramy wsp\u00f3\u0142pracy mi\u0119dzy obiema organizacjami. Ma on na celu wspieranie s\u0142owe\u0144skich zg\u0142aszaj\u0105cych w krajowych i mi\u0119dzynarodowych dzia\u0142aniach na rzecz ochrony ich wynalazk\u00f3w poprzez mo\u017cliwo\u015b\u0107 korzystania z nowych komercyjnych us\u0142ug oferowanych przez Instytut, kt\u00f3rymi s\u0105 globalne us\u0142ugi patentowe w zakresie prowadzenia poszukiwa\u0144.<\/p>\n<p>Ponadto, podpisany protok\u00f3\u0142 ustale\u0144 otwiera mo\u017cliwo\u015b\u0107 wsp\u00f3\u0142pracy obu organizacji w zakresie podnoszenia \u015bwiadomo\u015bci na temat patentowania wynalazk\u00f3w w ramach mi\u0119dzynarodowego systemu patentowego oraz komercyjnych us\u0142ug prowadzenia poszukiwa\u0144 w stanie techniki, kt\u00f3re \u015bwiadczone s\u0105 przez Wyszehradzki Instytut Patentowy. <\/p>\n<p>&nbsp;<\/p>\n<p>[\/et_pb_text][\/et_pb_column][\/et_pb_row][et_pb_row column_structure=&#8221;1_4,3_4&#8243; use_custom_gutter=&#8221;on&#8221; gutter_width=&#8221;1&#8243; make_equal=&#8221;on&#8221; module_class=&#8221; et_pb_row_fullwidth&#8221; _builder_version=&#8221;4.17.1&#8243; _module_preset=&#8221;default&#8221; background_size=&#8221;initial&#8221; background_position=&#8221;top_left&#8221; background_repeat=&#8221;repeat&#8221; width=&#8221;100%&#8221; width_tablet=&#8221;100%&#8221; width_phone=&#8221;100%&#8221; width_last_edited=&#8221;on|desktop&#8221; max_width=&#8221;100%&#8221; max_width_tablet=&#8221;100%&#8221; max_width_phone=&#8221;100%&#8221; max_width_last_edited=&#8221;on|desktop&#8221; custom_margin=&#8221;0px||0px|&#8221; custom_padding=&#8221;0px||0px|&#8221; make_fullwidth=&#8221;on&#8221; global_colors_info=&#8221;{}&#8221;][et_pb_column type=&#8221;1_4&#8243; _builder_version=&#8221;4.17.1&#8243; _module_preset=&#8221;default&#8221; background_color=&#8221;rgba(0,117,118,0.4)&#8221; background_enable_image=&#8221;off&#8221; background_position=&#8221;top_left&#8221; custom_padding=&#8221;|||&#8221; global_colors_info=&#8221;{}&#8221; custom_padding__hover=&#8221;|||&#8221;][\/et_pb_column][et_pb_column type=&#8221;3_4&#8243; _builder_version=&#8221;4.17.1&#8243; _module_preset=&#8221;default&#8221; background_color=&#8221;#f4f4f4&#8243; background_position=&#8221;top_left&#8221; custom_padding=&#8221;2%|6%|0px|6%|false|false&#8221; global_colors_info=&#8221;{}&#8221; custom_padding__hover=&#8221;|||&#8221;][et_pb_text _builder_version=&#8221;4.17.1&#8243; _module_preset=&#8221;default&#8221; header_2_line_height=&#8221;1.3em&#8221; header_4_line_height=&#8221;1.3em&#8221; custom_padding=&#8221;||38px|||&#8221; custom_padding_tablet=&#8221;||38px|||&#8221; custom_padding_phone=&#8221;20px||38px||false|false&#8221; custom_padding_last_edited=&#8221;on|phone&#8221; animation_style=&#8221;slide&#8221; animation_direction=&#8221;bottom&#8221; animation_intensity_slide=&#8221;5%&#8221; global_colors_info=&#8221;{}&#8221;]<\/p>\n<h2>Globalne us\u0142ugi patentowe w zakresie prowadzenia poszukiwa\u0144 uruchomione 1 pa\u017adziernika 2023 r.<\/h2>\n<p>&nbsp;<\/p>\n<p><strong>27 wrze\u015bnia 2023<\/strong><\/p>\n<p>Wyszehradzki Instytut Patentowy przeprowadzi\u0142 w 2023 r. badanie w\u015br\u00f3d u\u017cytkownik\u00f3w. Wyniki badania wskazuj\u0105 jednoznacznie, \u017ce najwa\u017cniejsz\u0105 kwesti\u0105 dla zg\u0142aszaj\u0105cych jest uzyskanie wiarygodnych informacji na temat zdolno\u015bci patentowej w mo\u017cliwie najkr\u00f3tszym czasie. Aby lepiej s\u0142u\u017cy\u0107 naszym zg\u0142aszaj\u0105cym, WIP rozszerzy\u0142 portfolio us\u0142ug, aby pom\u00f3c innowacyjnym M\u015aP, instytucjom szkolnictwa wy\u017cszego, organizacjom badawczym i indywidualnym wynalazcom w uzyskaniu cennych informacji dotycz\u0105cych nowo\u015bci i zdolno\u015bci patentowej ich wynalazk\u00f3w lub rozwi\u0105za\u0144 technicznych w bardzo kr\u00f3tkim czasie.<\/p>\n<p>Dwie nowe us\u0142ugi, Us\u0142uga Badania Nowo\u015bci oraz Us\u0142uga Badania Nowo\u015bci Ze Wst\u0119pnym Raportem Na Temat Zdolno\u015bci Patentowej zostaj\u0105 uruchomione pod wsp\u00f3ln\u0105 nazw\u0105 Globalne Us\u0142ugi Patentowe W Zakresie Prowadzenia Poszukiwa\u0144, aby dostarcza\u0107 odpowiedzi na pytania dotycz\u0105ce nowo\u015bci i zdolno\u015bci patentowej wynalazk\u00f3w i rozwi\u0105za\u0144 technicznych w ci\u0105gu zaledwie 4 tygodni. Poszukiwania s\u0105 prowadzone przez ekspert\u00f3w patentowych z do\u015bwiadczeniem w procedurach PCT przy u\u017cyciu tych samych baz danych, jakich u\u017cywaj\u0105 organy PCT.<\/p>\n<p>Informacje dostarczane poprzez nowe Us\u0142ugi Badania Nowo\u015bci oraz Us\u0142ugi Badania Nowo\u015bci Ze Wst\u0119pnym Raportem Na Temat Zdolno\u015bci Patentowej mog\u0105 zmieni\u0107 strategi\u0119 dzia\u0142ania dla innowacyjnych organizacji i podnie\u015b\u0107 efektywno\u015b\u0107 ich dalszych krok\u00f3w podejmowanych w celu ochrony i\/lub komercjalizacji wynalazk\u00f3w.<\/p>\n<p>W przeciwie\u0144stwie do us\u0142ug PCT \u015bwiadczonych przez WIP, nowe us\u0142ugi s\u0105 dost\u0119pne dla klient\u00f3w na ca\u0142ym \u015bwiecie, niezale\u017cnie od narodowo\u015bci czy kraju pochodzenia. Wi\u0119cej szczeg\u00f3\u0142\u00f3w na temat us\u0142ug, regulaminu i formularza zam\u00f3wienia mo\u017cna znale\u017a\u0107 na nast\u0119puj\u0105cych stronach:<\/p>\n<p><a href=\"https:\/\/vpi.int\/pl\/13-usluga-poszukiwania-nowosci\/\" target=\"_blank\" rel=\"noopener\" title=\"Novelty Search Service\"><span style=\"text-decoration: underline;\">Wi\u0119cej informacji na temat Us\u0142ugi Badania Nowo\u015bci &gt;&gt;<\/span><\/a><br \/><a href=\"https:\/\/vpi.int\/pl\/14-usluga-badania-nowosci-ze-wstenym-raportem-na-temat-zdolnosci-patentowej\/\" target=\"_blank\" rel=\"noopener\" title=\"Novelty Search with Preliminary Patentability Report\"><span style=\"text-decoration: underline;\">Wi\u0119cej informacji na temat Us\u0142ugi Badania Nowo\u015bci Ze Wst\u0119pnym Raportem Na Temat Zdolno\u015bci Patentowej &gt;&gt;<\/span><\/a><\/p>\n<p>&nbsp;<\/p>\n<p>[\/et_pb_text][\/et_pb_column][\/et_pb_row][et_pb_row column_structure=&#8221;1_4,3_4&#8243; use_custom_gutter=&#8221;on&#8221; gutter_width=&#8221;1&#8243; make_equal=&#8221;on&#8221; module_class=&#8221; et_pb_row_fullwidth&#8221; _builder_version=&#8221;4.17.1&#8243; _module_preset=&#8221;default&#8221; background_size=&#8221;initial&#8221; background_position=&#8221;top_left&#8221; background_repeat=&#8221;repeat&#8221; width=&#8221;100%&#8221; width_tablet=&#8221;100%&#8221; width_phone=&#8221;100%&#8221; width_last_edited=&#8221;on|desktop&#8221; max_width=&#8221;100%&#8221; max_width_tablet=&#8221;100%&#8221; max_width_phone=&#8221;100%&#8221; max_width_last_edited=&#8221;on|desktop&#8221; custom_margin=&#8221;0px||0px|&#8221; custom_padding=&#8221;0px||0px|&#8221; make_fullwidth=&#8221;on&#8221; global_colors_info=&#8221;{}&#8221;][et_pb_column type=&#8221;1_4&#8243; _builder_version=&#8221;4.17.1&#8243; _module_preset=&#8221;default&#8221; use_background_color_gradient=&#8221;on&#8221; background_color_gradient_direction=&#8221;60deg&#8221; background_color_gradient_stops=&#8221;#007576 0%|rgba(41,196,169,0.29) 100%&#8221; background_enable_image=&#8221;off&#8221; background_position=&#8221;top_left&#8221; custom_padding=&#8221;|||&#8221; global_colors_info=&#8221;{}&#8221; custom_padding__hover=&#8221;|||&#8221;][\/et_pb_column][et_pb_column type=&#8221;3_4&#8243; _builder_version=&#8221;4.17.1&#8243; _module_preset=&#8221;default&#8221; background_enable_color=&#8221;off&#8221; background_position=&#8221;top_left&#8221; custom_padding=&#8221;2%|6%|0px|6%|false|false&#8221; global_colors_info=&#8221;{}&#8221; custom_padding__hover=&#8221;|||&#8221;][et_pb_text _builder_version=&#8221;4.17.1&#8243; _module_preset=&#8221;default&#8221; header_2_line_height=&#8221;1.3em&#8221; custom_padding=&#8221;||38px|||&#8221; custom_padding_tablet=&#8221;||38px|||&#8221; custom_padding_phone=&#8221;20px||||false|false&#8221; custom_padding_last_edited=&#8221;on|phone&#8221; animation_style=&#8221;slide&#8221; animation_direction=&#8221;bottom&#8221; animation_intensity_slide=&#8221;5%&#8221; global_colors_info=&#8221;{}&#8221;]<\/p>\n<h2>Jest ju\u017c dost\u0119pny Raport Roczny WIP za 2022 r.<\/h2>\n<p>&nbsp;<\/p>\n<p><strong>28 sierpnia, 2023 r.<\/strong><\/p>\n<p>Jest ju\u017c dost\u0119pny Raport Roczny WIP za 2022 r. Publikacja przedstawia dzia\u0142alno\u015b\u0107 instytucjonaln\u0105 WIP w 2022 r. oraz dane i trendy dotycz\u0105ce zg\u0142osze\u0144 PCT w krajach Grupy Wyszehradzkiej za lata 2018-2022.<\/p>\n<p>Raport mo\u017cna pobra\u0107 w zak\u0142adce Centrum Wiedzy w sekcji Raport Roczny.<\/p>\n<p><a href=\"https:\/\/vpi.int\/en\/wp-content\/uploads\/2023\/08\/vpi-annual-report-2022.pdf\" target=\"_blank\" rel=\"noopener\" title=\"2022 Annual Report of the VPI\"><span style=\"text-decoration: underline;\">Pobierz Raport<\/span><\/a> &gt;&gt;<\/p>\n<p>[\/et_pb_text][\/et_pb_column][\/et_pb_row][et_pb_row column_structure=&#8221;1_4,3_4&#8243; use_custom_gutter=&#8221;on&#8221; gutter_width=&#8221;1&#8243; make_equal=&#8221;on&#8221; module_class=&#8221; et_pb_row_fullwidth&#8221; _builder_version=&#8221;4.17.1&#8243; _module_preset=&#8221;default&#8221; background_size=&#8221;initial&#8221; background_position=&#8221;top_left&#8221; background_repeat=&#8221;repeat&#8221; width=&#8221;100%&#8221; width_tablet=&#8221;100%&#8221; width_phone=&#8221;100%&#8221; width_last_edited=&#8221;on|desktop&#8221; max_width=&#8221;100%&#8221; max_width_tablet=&#8221;100%&#8221; max_width_phone=&#8221;100%&#8221; max_width_last_edited=&#8221;on|desktop&#8221; custom_margin=&#8221;0px||0px|&#8221; custom_padding=&#8221;0px||0px|&#8221; make_fullwidth=&#8221;on&#8221; global_colors_info=&#8221;{}&#8221;][et_pb_column type=&#8221;1_4&#8243; _builder_version=&#8221;4.17.1&#8243; _module_preset=&#8221;default&#8221; background_color=&#8221;rgba(0,117,118,0.4)&#8221; background_enable_image=&#8221;off&#8221; background_position=&#8221;top_left&#8221; custom_padding=&#8221;|||&#8221; global_colors_info=&#8221;{}&#8221; custom_padding__hover=&#8221;|||&#8221;][\/et_pb_column][et_pb_column type=&#8221;3_4&#8243; _builder_version=&#8221;4.17.1&#8243; _module_preset=&#8221;default&#8221; background_color=&#8221;#f4f4f4&#8243; background_position=&#8221;top_left&#8221; custom_padding=&#8221;2%|6%|0px|6%|false|false&#8221; global_colors_info=&#8221;{}&#8221; custom_padding__hover=&#8221;|||&#8221;][et_pb_text _builder_version=&#8221;4.17.1&#8243; _module_preset=&#8221;default&#8221; header_2_line_height=&#8221;1.3em&#8221; header_4_line_height=&#8221;1.3em&#8221; custom_padding=&#8221;||38px|||&#8221; custom_padding_tablet=&#8221;||38px|||&#8221; custom_padding_phone=&#8221;20px||38px||false|false&#8221; custom_padding_last_edited=&#8221;on|phone&#8221; animation_style=&#8221;slide&#8221; animation_direction=&#8221;bottom&#8221; animation_intensity_slide=&#8221;5%&#8221; global_colors_info=&#8221;{}&#8221;]<\/p>\n<h2>Nowe us\u0142ugi w portfolio us\u0142ug Wyszehradznkiego Instytutu Patentowego.<\/h2>\n<p>&nbsp;<\/p>\n<p><strong>15 czerwca 2023 r.<br \/><\/strong><\/p>\n<p>Podstawowym zadaniem Wyszehradzkiego Instytutu Patentowego jest pomoc \u201elokalnym\u201d innowacyjnym firmom, uczelniom wy\u017cszym, instytucjom badawczym i indywidualnym wynalazcom w uzyskaniu ochrony patentowej poza granicami kraju oraz w bezpiecznym wej\u015bciu na rynki mi\u0119dzynarodowe.<\/p>\n<p>Na 18 posiedzeniu Rada Administracyjna WIP podj\u0119\u0142a decyzj\u0119 o uruchomieniu nowych us\u0142ug oferowanych przez WIP, w celu wspierania wysi\u0142k\u00f3w zg\u0142aszaj\u0105cych w zakresie patentowania poprzez dostarczanie im informacji na temat nowo\u015bci i zdolno\u015bci patentowej ich wynalazk\u00f3w na jak najwcze\u015bniejszym etapie bez zaanga\u017cowania finansowego zwi\u0105zanego z mi\u0119dzynarodowym zg\u0142oszeniem patentowym.<\/p>\n<p>Od 1 pa\u017adziernika 2023 r. WIP rozpocznie \u015bwiadczenie dw\u00f3ch nowych komercyjnych us\u0142ug: badania nowo\u015bci i badania nowo\u015bci ze wst\u0119pn\u0105 opini\u0105 nt. zdolno\u015bci patentowej.<\/p>\n<p>W odr\u00f3\u017cnieniu od us\u0142ug PCT WIP, nowe us\u0142ugi b\u0119d\u0105 dost\u0119pne nie tylko dla zg\u0142aszaj\u0105cych i potencjalnych zg\u0142aszaj\u0105cych z z Umawiaj\u0105cych si\u0119 Pa\u0144stw WIP, ale dla wszystkich zainteresowanych mo\u017cliwo\u015bci\u0105 ochrony patentowej na wczesnym etapie, niezale\u017cnie od kraju pochodzenia.<\/p>\n<p>Szczeg\u00f3\u0142owe informacje w sprawie nowych us\u0142ug komercyjnych b\u0119d\u0105 zamieszczone na stronie internetowej WIP. Prosz\u0119 \u015bledzi\u0107 stron\u0119 Linked-in VPI, aby by\u0107 na bie\u017c\u0105co.<\/p>\n<p><a href=\"https:\/\/www.linkedin.com\/company\/visegrad-patent-institute\" target=\"_blank\" rel=\"noopener\"><span style=\"text-decoration: underline;\">\u015aled\u017a nas na Linked-in &gt;&gt;<\/span><\/a><\/p>\n<p>&nbsp;<\/p>\n<p>[\/et_pb_text][\/et_pb_column][\/et_pb_row][et_pb_row column_structure=&#8221;1_4,3_4&#8243; use_custom_gutter=&#8221;on&#8221; gutter_width=&#8221;1&#8243; make_equal=&#8221;on&#8221; module_class=&#8221; et_pb_row_fullwidth&#8221; _builder_version=&#8221;4.17.1&#8243; _module_preset=&#8221;default&#8221; background_size=&#8221;initial&#8221; background_position=&#8221;top_left&#8221; background_repeat=&#8221;repeat&#8221; width=&#8221;100%&#8221; width_tablet=&#8221;100%&#8221; width_phone=&#8221;100%&#8221; width_last_edited=&#8221;on|desktop&#8221; max_width=&#8221;100%&#8221; max_width_tablet=&#8221;100%&#8221; max_width_phone=&#8221;100%&#8221; max_width_last_edited=&#8221;on|desktop&#8221; custom_margin=&#8221;0px||0px|&#8221; custom_padding=&#8221;0px||0px|&#8221; make_fullwidth=&#8221;on&#8221; global_colors_info=&#8221;{}&#8221;][et_pb_column type=&#8221;1_4&#8243; _builder_version=&#8221;4.17.1&#8243; _module_preset=&#8221;default&#8221; use_background_color_gradient=&#8221;on&#8221; background_color_gradient_direction=&#8221;60deg&#8221; background_color_gradient_stops=&#8221;#007576 0%|rgba(41,196,169,0.29) 100%&#8221; background_enable_image=&#8221;off&#8221; background_position=&#8221;top_left&#8221; custom_padding=&#8221;|||&#8221; global_colors_info=&#8221;{}&#8221; custom_padding__hover=&#8221;|||&#8221;][\/et_pb_column][et_pb_column type=&#8221;3_4&#8243; _builder_version=&#8221;4.17.1&#8243; _module_preset=&#8221;default&#8221; background_enable_color=&#8221;off&#8221; background_position=&#8221;top_left&#8221; custom_padding=&#8221;2%|6%|0px|6%|false|false&#8221; global_colors_info=&#8221;{}&#8221; custom_padding__hover=&#8221;|||&#8221;][et_pb_text _builder_version=&#8221;4.17.1&#8243; _module_preset=&#8221;default&#8221; header_2_line_height=&#8221;1.3em&#8221; custom_padding=&#8221;||38px|||&#8221; custom_padding_tablet=&#8221;||38px|||&#8221; custom_padding_phone=&#8221;20px||||false|false&#8221; custom_padding_last_edited=&#8221;on|phone&#8221; animation_style=&#8221;slide&#8221; animation_direction=&#8221;bottom&#8221; animation_intensity_slide=&#8221;5%&#8221; global_colors_info=&#8221;{}&#8221;]<\/p>\n<h2>WIPO przeprowadza badanie na temat strategii poszukiwa\u0144 mi\u0119dzynarodowych<\/h2>\n<p>&nbsp;<\/p>\n<p><strong>11 maja 2023 r.<\/strong><\/p>\n<p>\u015awiatowa Organizacja W\u0142asno\u015bci Intelektualnej (WIPO) rozpocz\u0119\u0142a kompleksowe badanie, kt\u00f3rego celem jest ocena przydatno\u015bci strategii poszukiwa\u0144 opracowywanych przez organy PCT podczas prowadzenia poszukiwa\u0144 mi\u0119dzynarodowych. Udost\u0119pnione zosta\u0142y dwie oddzielne ankiety: jedna skierowana do u\u017cytkownik\u00f3w, za\u015b drug\u0105 do organ\u00f3w PCT na ca\u0142ym \u015bwiecie. Zebrane za ich po\u015brednictwem informacje i uwagi pos\u0142u\u017c\u0105 do ewaluacji, a je\u015bli oka\u017ce si\u0119 to niezb\u0119dne, r\u00f3wnie\u017c do dalszego udoskonalania obecnej formu\u0142y strategii poszukiwa\u0144.<\/p>\n<p>Wyszehradzki Instytut Patentowy zaprasza u\u017cytkownik\u00f3w do aktywnego udzia\u0142u w powy\u017cszym badaniu. Wyniki ankiety zostan\u0105 zebrane i udost\u0119pnione organom PCT w spos\u00f3b zanonimizowany, co pozwoli na zapoznanie si\u0119 z opiniami u\u017cytkownik\u00f3w na temat strategii poszukiwa\u0144.<\/p>\n<p>Ankieta jest dost\u0119pna do 16 czerwca 2023 r. Serdecznie zach\u0119camy do jej wype\u0142nienia.<\/p>\n<p><a href=\"https:\/\/surveys.wipo.int\/s3\/Search-Strategies-Applications-Patent-Cooperation-Treaty-Users\" target=\"_blank\" rel=\"noopener\"><span style=\"text-decoration: underline;\">Wype\u0142nij ankiet\u0119 &gt;&gt;<\/span><\/a><\/p>\n<p>&nbsp;<\/p>\n<p>[\/et_pb_text][\/et_pb_column][\/et_pb_row][et_pb_row column_structure=&#8221;1_4,3_4&#8243; use_custom_gutter=&#8221;on&#8221; gutter_width=&#8221;1&#8243; make_equal=&#8221;on&#8221; module_class=&#8221; et_pb_row_fullwidth&#8221; _builder_version=&#8221;4.17.1&#8243; _module_preset=&#8221;default&#8221; background_size=&#8221;initial&#8221; background_position=&#8221;top_left&#8221; background_repeat=&#8221;repeat&#8221; width=&#8221;100%&#8221; width_tablet=&#8221;100%&#8221; width_phone=&#8221;100%&#8221; width_last_edited=&#8221;on|desktop&#8221; max_width=&#8221;100%&#8221; max_width_tablet=&#8221;100%&#8221; max_width_phone=&#8221;100%&#8221; max_width_last_edited=&#8221;on|desktop&#8221; custom_margin=&#8221;0px||0px|&#8221; custom_padding=&#8221;0px||0px|&#8221; make_fullwidth=&#8221;on&#8221; global_colors_info=&#8221;{}&#8221;][et_pb_column type=&#8221;1_4&#8243; _builder_version=&#8221;4.17.1&#8243; _module_preset=&#8221;default&#8221; background_color=&#8221;rgba(0,117,118,0.4)&#8221; background_enable_image=&#8221;off&#8221; background_position=&#8221;top_left&#8221; custom_padding=&#8221;|||&#8221; global_colors_info=&#8221;{}&#8221; custom_padding__hover=&#8221;|||&#8221;][\/et_pb_column][et_pb_column type=&#8221;3_4&#8243; _builder_version=&#8221;4.17.1&#8243; _module_preset=&#8221;default&#8221; background_color=&#8221;#f4f4f4&#8243; background_position=&#8221;top_left&#8221; custom_padding=&#8221;2%|6%|0px|6%|false|false&#8221; global_colors_info=&#8221;{}&#8221; custom_padding__hover=&#8221;|||&#8221;][et_pb_text _builder_version=&#8221;4.17.1&#8243; _module_preset=&#8221;default&#8221; header_2_line_height=&#8221;1.3em&#8221; header_4_line_height=&#8221;1.3em&#8221; custom_padding=&#8221;||38px|||&#8221; custom_padding_tablet=&#8221;||38px|||&#8221; custom_padding_phone=&#8221;20px||38px||false|false&#8221; custom_padding_last_edited=&#8221;on|phone&#8221; animation_style=&#8221;slide&#8221; animation_direction=&#8221;bottom&#8221; animation_intensity_slide=&#8221;5%&#8221; global_colors_info=&#8221;{}&#8221;]<\/p>\n<h2>Dalsze skr\u00f3cenie czasu sporz\u0105dzania sprawozdania z mi\u0119dzynarodowych poszukiwa\u0144 (ISR) wprowadzone dla zg\u0142osze\u0144 dokonanych od 1 stycznia 2023 r.<\/h2>\n<p>&nbsp;<\/p>\n<p><strong>23 stycznia 2023 r.<\/strong><\/p>\n<p>Wyszehradzki Instytut Patentowy nieustannie pracuje nad przyjaznymi dla u\u017cytkownika inicjatywami, aby sta\u0107 si\u0119 \u201eurz\u0119dem z s\u0105siedztwa\u201d dla zg\u0142aszaj\u0105cych w trybie PCT z kraj\u00f3w Grupy Wyszehradzkiej, Serbii i Litwy.<\/p>\n<p>Wyszehradzki Instytut Patentowy, zapewniaj\u0105c zg\u0142aszaj\u0105cym wcze\u015bniejszy dost\u0119p do sprawozda\u0144 z mi\u0119dzynarodowych poszukiwa\u0144, pomaga im lepiej oceni\u0107 szanse na uzyskanie patentu na w\u0142a\u015bciwych rynkach.<\/p>\n<p>Pierwszym krokiem by\u0142o skr\u00f3cenie od 1 czerwca 2021 r. o jeden tydzie\u0144 ustalonych w PCT 3- lub 9-miesi\u0119cznych termin\u00f3w sporz\u0105dzania sprawozdania z mi\u0119dzynarodowych poszukiwa\u0144. Dzi\u0119ki tej inicjatywie i wed\u0142ug danych WIPO Wyszehradzki Instytut Patentowy sta\u0142 si\u0119 w 2021 r. organem PCT najszybciej wydaj\u0105cym sprawozdania z mi\u0119dzynarodowych poszukiwa\u0144 i pisemne opinie na ca\u0142ym \u015bwiecie.<\/p>\n<p>Do\u015bwiadczenie zdobyte dzi\u0119ki przyspieszonym sprawozdaniom z poszukiwa\u0144 mi\u0119dzynarodowych umo\u017cliwi\u0142o dalsze skr\u00f3cenie czasu sporz\u0105dzania sprawozda\u0144 z mi\u0119dzynarodowych poszukiwa\u0144 w 2023 r., bez obni\u017cania ich jako\u015bci.<\/p>\n<p>Terminy sporz\u0105dzania sprawozda\u0144 z mi\u0119dzynarodowych poszukiwa\u0144 dla zg\u0142osze\u0144, dla kt\u00f3rych nie zastrze\u017cono wcze\u015bniejszego pierwsze\u0144stwa dokonanych po 1 stycznia 2023 r., zosta\u0142y skr\u00f3cone do 8 miesi\u0119cy. Dla pozosta\u0142ych zg\u0142osze\u0144 Wyszehradzki Instytut Patentowy utrzymuje dotychczasow\u0105 praktyk\u0119 z kr\u00f3tszym o tydzie\u0144 terminem realizacji.<\/p>\n<p>Ta nowa inicjatywa Wyszehradzkiego Instytutu Patentowego mo\u017ce dodatkowo pom\u00f3c zg\u0142aszaj\u0105cym w staraniach o uzyskanie korzystniejszej pozycji na rynkach, na kt\u00f3rych planuj\u0105 rozpocz\u0105\u0107 dzia\u0142alno\u015b\u0107.<\/p>\n<p>&nbsp;<\/p>\n<p>[\/et_pb_text][\/et_pb_column][\/et_pb_row][et_pb_row column_structure=&#8221;1_4,3_4&#8243; use_custom_gutter=&#8221;on&#8221; gutter_width=&#8221;1&#8243; make_equal=&#8221;on&#8221; module_class=&#8221; et_pb_row_fullwidth&#8221; _builder_version=&#8221;4.17.1&#8243; _module_preset=&#8221;default&#8221; background_size=&#8221;initial&#8221; background_position=&#8221;top_left&#8221; background_repeat=&#8221;repeat&#8221; width=&#8221;100%&#8221; width_tablet=&#8221;100%&#8221; width_phone=&#8221;100%&#8221; width_last_edited=&#8221;on|desktop&#8221; max_width=&#8221;100%&#8221; max_width_tablet=&#8221;100%&#8221; max_width_phone=&#8221;100%&#8221; max_width_last_edited=&#8221;on|desktop&#8221; custom_margin=&#8221;0px||0px|&#8221; custom_padding=&#8221;0px||0px|&#8221; make_fullwidth=&#8221;on&#8221; global_colors_info=&#8221;{}&#8221;][et_pb_column type=&#8221;1_4&#8243; _builder_version=&#8221;4.17.1&#8243; _module_preset=&#8221;default&#8221; use_background_color_gradient=&#8221;on&#8221; background_color_gradient_direction=&#8221;60deg&#8221; background_color_gradient_stops=&#8221;#007576 0%|rgba(41,196,169,0.29) 100%&#8221; background_enable_image=&#8221;off&#8221; background_position=&#8221;top_left&#8221; custom_padding=&#8221;|||&#8221; global_colors_info=&#8221;{}&#8221; custom_padding__hover=&#8221;|||&#8221;][\/et_pb_column][et_pb_column type=&#8221;3_4&#8243; _builder_version=&#8221;4.17.1&#8243; _module_preset=&#8221;default&#8221; background_enable_color=&#8221;off&#8221; background_position=&#8221;top_left&#8221; custom_padding=&#8221;2%|6%|0px|6%|false|false&#8221; global_colors_info=&#8221;{}&#8221; custom_padding__hover=&#8221;|||&#8221;][et_pb_text _builder_version=&#8221;4.17.1&#8243; _module_preset=&#8221;default&#8221; header_2_line_height=&#8221;1.3em&#8221; custom_padding=&#8221;||38px|||&#8221; custom_padding_tablet=&#8221;||38px|||&#8221; custom_padding_phone=&#8221;20px||||false|false&#8221; custom_padding_last_edited=&#8221;on|phone&#8221; animation_style=&#8221;slide&#8221; animation_direction=&#8221;bottom&#8221; animation_intensity_slide=&#8221;5%&#8221; global_colors_info=&#8221;{}&#8221;]<\/p>\n<h2>W grudniu nie ma zmian w godzinach otwarcia WIP<\/h2>\n<p>&nbsp;<\/p>\n<p><strong>15 grudnia 2022 r.<\/strong><\/p>\n<p>Pragniemy poinformowa\u0107 naszych zg\u0142aszaj\u0105cych i wszystkich zainteresowanych, \u017ce Wyszehradzki Instytut Patentowy pozostaje do Pa\u0144stwa dyspozycji w ostatnich dniach grudnia w tych samych godzinach otwarcia co przez ca\u0142y rok.<\/p>\n<p>Wyszehradzki Instytut Patentowy \u017cyczy wszystkim zg\u0142aszaj\u0105cym i wsp\u00f3\u0142pracownikom Weso\u0142ych \u015awi\u0105t, zas\u0142u\u017conego odpoczynku w gronie rodziny i przyjaci\u00f3\u0142 oraz pomy\u015blno\u015bci w Nowym Roku 2023.<\/p>\n<p>&nbsp;<\/p>\n<p>[\/et_pb_text][\/et_pb_column][\/et_pb_row][et_pb_row column_structure=&#8221;1_4,3_4&#8243; use_custom_gutter=&#8221;on&#8221; gutter_width=&#8221;1&#8243; make_equal=&#8221;on&#8221; module_class=&#8221; et_pb_row_fullwidth&#8221; _builder_version=&#8221;4.17.1&#8243; _module_preset=&#8221;default&#8221; background_size=&#8221;initial&#8221; background_position=&#8221;top_left&#8221; background_repeat=&#8221;repeat&#8221; width=&#8221;100%&#8221; width_tablet=&#8221;100%&#8221; width_phone=&#8221;100%&#8221; width_last_edited=&#8221;on|desktop&#8221; max_width=&#8221;100%&#8221; max_width_tablet=&#8221;100%&#8221; max_width_phone=&#8221;100%&#8221; max_width_last_edited=&#8221;on|desktop&#8221; custom_margin=&#8221;0px||0px|&#8221; custom_padding=&#8221;0px||0px|&#8221; make_fullwidth=&#8221;on&#8221; global_colors_info=&#8221;{}&#8221;][et_pb_column type=&#8221;1_4&#8243; _builder_version=&#8221;4.17.1&#8243; _module_preset=&#8221;default&#8221; background_color=&#8221;rgba(0,117,118,0.4)&#8221; background_enable_image=&#8221;off&#8221; background_position=&#8221;top_left&#8221; custom_padding=&#8221;|||&#8221; global_colors_info=&#8221;{}&#8221; custom_padding__hover=&#8221;|||&#8221;][\/et_pb_column][et_pb_column type=&#8221;3_4&#8243; _builder_version=&#8221;4.17.1&#8243; _module_preset=&#8221;default&#8221; background_color=&#8221;#f4f4f4&#8243; background_position=&#8221;top_left&#8221; custom_padding=&#8221;2%|6%|0px|6%|false|false&#8221; global_colors_info=&#8221;{}&#8221; custom_padding__hover=&#8221;|||&#8221;][et_pb_text _builder_version=&#8221;4.17.1&#8243; _module_preset=&#8221;default&#8221; header_2_line_height=&#8221;1.3em&#8221; header_4_line_height=&#8221;1.3em&#8221; custom_padding=&#8221;||38px|||&#8221; custom_padding_tablet=&#8221;||38px|||&#8221; custom_padding_phone=&#8221;20px||38px||false|false&#8221; custom_padding_last_edited=&#8221;on|phone&#8221; animation_style=&#8221;slide&#8221; animation_direction=&#8221;bottom&#8221; animation_intensity_slide=&#8221;5%&#8221; global_colors_info=&#8221;{}&#8221;]<\/p>\n<h2>Dost\u0119pne s\u0105 prezentacje i ankieta zwrotna z wydarzenia V4 TTO<\/h2>\n<p>&nbsp;<\/p>\n<p><strong>24 listopada 2022 r.<br \/><\/strong><\/p>\n<p>Wyszehradzki Instytut Patentowy (WIP) zorganizowa\u0142 dyskusj\u0119 przy okr\u0105g\u0142ym stole zatytu\u0142owan\u0105 \u201eNajlepsze praktyki V4 TTO w zakresie patentowania mi\u0119dzynarodowego\u201d, kt\u00f3ra odby\u0142a si\u0119 w dniu 22 listopada. <a href=\"https:\/\/vpi.int\/en\/wp-content\/uploads\/2022\/11\/Best-practices-of-V4-TTOs-in-international-patenting-22112022-program.pdf\" target=\"_blank\" rel=\"noopener\"><span style=\"text-decoration: underline;\">Prezentacje<\/span><\/a> z tego wydarzenia zosta\u0142y udost\u0119pnione.<\/p>\n<p>Aby lepiej s\u0142u\u017cy\u0107 naszym zg\u0142aszaj\u0105cym i uczestnikom naszych przysz\u0142ych wydarze\u0144, przygotowali\u015bmy kr\u00f3tk\u0105 ankiet\u0119 zawieraj\u0105c\u0105 5 pyta\u0144, by pozna\u0107 ich do\u015bwiadczenia zwi\u0105zane z naszymi wydarzeniami, stron\u0105 internetow\u0105 i us\u0142ugami. Serdecznie zapraszamy wszystkich uczestnik\u00f3w wydarzenia i wszystkich u\u017cytkownik\u00f3w naszej strony internetowej do wype\u0142nienia ankiety i podzielenia si\u0119 swoimi do\u015bwiadczeniami.<\/p>\n<p>Ankieta jest otwarta do dnia 22 grudnia. Czekamy na Twoj\u0105 opini\u0119, z g\u00f3ry dzi\u0119kujemy.<\/p>\n<p><a href=\"https:\/\/docs.google.com\/forms\/d\/e\/1FAIpQLSeaLPfFqqniRAZOMVRGTTN2fH78V-LzF8_bMWoM6cT9it61rg\/viewform?vc=0&amp;c=0&amp;w=1&amp;flr=0&amp;usp=mail_form_link\" target=\"_blank\" rel=\"noopener\"><span style=\"text-decoration: underline;\">Wype\u0142nij ankiet\u0119 &gt;&gt;<\/span><\/a><\/p>\n<p>[\/et_pb_text][\/et_pb_column][\/et_pb_row][et_pb_row column_structure=&#8221;1_4,3_4&#8243; use_custom_gutter=&#8221;on&#8221; gutter_width=&#8221;1&#8243; make_equal=&#8221;on&#8221; module_class=&#8221; et_pb_row_fullwidth&#8221; _builder_version=&#8221;4.17.1&#8243; _module_preset=&#8221;default&#8221; background_size=&#8221;initial&#8221; background_position=&#8221;top_left&#8221; background_repeat=&#8221;repeat&#8221; width=&#8221;100%&#8221; width_tablet=&#8221;100%&#8221; width_phone=&#8221;100%&#8221; width_last_edited=&#8221;on|desktop&#8221; max_width=&#8221;100%&#8221; max_width_tablet=&#8221;100%&#8221; max_width_phone=&#8221;100%&#8221; max_width_last_edited=&#8221;on|desktop&#8221; custom_margin=&#8221;0px||0px|&#8221; custom_padding=&#8221;0px||0px|&#8221; make_fullwidth=&#8221;on&#8221; global_colors_info=&#8221;{}&#8221;][et_pb_column type=&#8221;1_4&#8243; _builder_version=&#8221;4.17.1&#8243; _module_preset=&#8221;default&#8221; use_background_color_gradient=&#8221;on&#8221; background_color_gradient_direction=&#8221;60deg&#8221; background_color_gradient_stops=&#8221;#007576 0%|rgba(41,196,169,0.29) 100%&#8221; background_enable_image=&#8221;off&#8221; background_position=&#8221;top_left&#8221; custom_padding=&#8221;|||&#8221; global_colors_info=&#8221;{}&#8221; custom_padding__hover=&#8221;|||&#8221;][\/et_pb_column][et_pb_column type=&#8221;3_4&#8243; _builder_version=&#8221;4.17.1&#8243; _module_preset=&#8221;default&#8221; background_enable_color=&#8221;off&#8221; background_position=&#8221;top_left&#8221; custom_padding=&#8221;2%|6%|0px|6%|false|false&#8221; global_colors_info=&#8221;{}&#8221; custom_padding__hover=&#8221;|||&#8221;][et_pb_text _builder_version=&#8221;4.17.1&#8243; _module_preset=&#8221;default&#8221; header_2_line_height=&#8221;1.3em&#8221; custom_padding=&#8221;||38px|||&#8221; custom_padding_tablet=&#8221;||38px|||&#8221; custom_padding_phone=&#8221;20px||||false|false&#8221; custom_padding_last_edited=&#8221;on|phone&#8221; animation_style=&#8221;slide&#8221; animation_direction=&#8221;bottom&#8221; animation_intensity_slide=&#8221;5%&#8221; global_colors_info=&#8221;{}&#8221;]<\/p>\n<h2>Dyskusja przy okr\u0105g\u0142ym stole na temat transferu technologii &#8211; 22 listopada 2022 r.<\/h2>\n<p>&nbsp;<\/p>\n<p><strong>28 pa\u017adziernika 2022 r.<\/strong><\/p>\n<p>Wyszehradzki Instytut Patentowy, we wsp\u00f3\u0142pracy z Mi\u0119dzynarodowym Funduszem Wyszehradzkim (IVF) i ASTP (Association of European Science and Technology Transfer Professionals) &#8211; najwi\u0119kszym europejskim stowarzyszeniem os\u00f3b zajmuj\u0105cych si\u0119 transferem wiedzy, maj\u0105 przyjemno\u015b\u0107 zaprosi\u0107 Pa\u0144stwa na wirtualn\u0105 dyskusj\u0119 przy okr\u0105g\u0142ym stole, kt\u00f3ra odb\u0119dzie si\u0119 w dniu 22 listopada 2022 r.<\/p>\n<p>W trakcie tego bran\u017cowego wydarzenia g\u0142os zabierze przedstawiciel stowarzyszenia ASTP, kt\u00f3ry poruszy najwa\u017cniejsze i najnowsze kwestie zwi\u0105zane z transferem wiedzy w Europie. W dyskusji wezm\u0105 udzia\u0142 eksperci z Biur Transferu Technologii z pa\u0144stw Grupy Wyszehradzkiej (V4) i om\u00f3wi\u0105 wyzwania zwi\u0105zane z uzyskaniem mi\u0119dzynarodowej ochrony patentowej w dziedzinie transferu technologii. Uczestnictwo w dyskusji b\u0119dzie tak\u017ce doskona\u0142\u0105 okazj\u0105 do wymiany informacji na temat innych aktualnych zagadnie\u0144.<\/p>\n<p>Na nasze wirtualne wydarzenie serdecznie zapraszamy wszystkie osoby zainteresowane przedmiotow\u0105 tematyk\u0105. Prosimy o zarezerwowanie terminu w Pa\u0144stwa kalendarzach i uczestnictwo w dyskusji. Zach\u0119camy tak\u017ce do \u015bledzenia naszej strony <a href=\"https:\/\/www.linkedin.com\/company\/visegrad-patent-institute\" target=\"_blank\" rel=\"noopener\"><span style=\"text-decoration: underline;\">Linked-in<\/span><\/a>, aby pozna\u0107 dalsze szczeg\u00f3\u0142y.<\/p>\n<p><span style=\"text-decoration: underline;\"><a href=\"https:\/\/vpi.int\/en\/wp-content\/uploads\/2022\/11\/Best-practices-of-V4-TTOs-in-international-patenting-22112022-program.pdf\" target=\"_blank\" rel=\"noopener\">Pobierz program &gt;&gt;<\/a><\/span><\/p>\n<p>&nbsp;<\/p>\n<p>[\/et_pb_text][\/et_pb_column][\/et_pb_row][et_pb_row column_structure=&#8221;1_4,3_4&#8243; use_custom_gutter=&#8221;on&#8221; gutter_width=&#8221;1&#8243; make_equal=&#8221;on&#8221; module_class=&#8221; et_pb_row_fullwidth&#8221; _builder_version=&#8221;4.17.1&#8243; _module_preset=&#8221;default&#8221; background_size=&#8221;initial&#8221; background_position=&#8221;top_left&#8221; background_repeat=&#8221;repeat&#8221; width=&#8221;100%&#8221; width_tablet=&#8221;100%&#8221; width_phone=&#8221;100%&#8221; width_last_edited=&#8221;on|desktop&#8221; max_width=&#8221;100%&#8221; max_width_tablet=&#8221;100%&#8221; max_width_phone=&#8221;100%&#8221; max_width_last_edited=&#8221;on|desktop&#8221; custom_margin=&#8221;0px||0px|&#8221; custom_padding=&#8221;0px||0px|&#8221; make_fullwidth=&#8221;on&#8221; global_colors_info=&#8221;{}&#8221;][et_pb_column type=&#8221;1_4&#8243; _builder_version=&#8221;4.17.1&#8243; _module_preset=&#8221;default&#8221; background_color=&#8221;rgba(0,117,118,0.4)&#8221; background_enable_image=&#8221;off&#8221; background_position=&#8221;top_left&#8221; custom_padding=&#8221;|||&#8221; global_colors_info=&#8221;{}&#8221; custom_padding__hover=&#8221;|||&#8221;][\/et_pb_column][et_pb_column type=&#8221;3_4&#8243; _builder_version=&#8221;4.17.1&#8243; _module_preset=&#8221;default&#8221; background_color=&#8221;#f4f4f4&#8243; background_position=&#8221;top_left&#8221; custom_padding=&#8221;2%|6%|0px|6%|false|false&#8221; global_colors_info=&#8221;{}&#8221; custom_padding__hover=&#8221;|||&#8221;][et_pb_text _builder_version=&#8221;4.17.1&#8243; _module_preset=&#8221;default&#8221; header_2_line_height=&#8221;1.3em&#8221; header_4_line_height=&#8221;1.3em&#8221; custom_padding=&#8221;||38px|||&#8221; custom_padding_tablet=&#8221;||38px|||&#8221; custom_padding_phone=&#8221;20px||38px||false|false&#8221; custom_padding_last_edited=&#8221;on|phone&#8221; animation_style=&#8221;slide&#8221; animation_direction=&#8221;bottom&#8221; animation_intensity_slide=&#8221;5%&#8221; global_colors_info=&#8221;{}&#8221;]<\/p>\n<h2>Dost\u0119pne s\u0105 nowe studia przypadk\u00f3w dotycz\u0105ce M\u015aP<\/h2>\n<p>&nbsp;<\/p>\n<p><strong>30 sierpnia, 2022 r.<\/strong><\/p>\n<p>Publikujemy seri\u0119 Studi\u00f3w Przypadk\u00f3w prezentuj\u0105cych dobre praktyki w zakresie uzyskiwanie ochrony patentowej w trybie PCT, kt\u00f3re mog\u0105 by\u0107 pomocne dla os\u00f3b planuj\u0105cych dokona\u0107 takiego zg\u0142oszenia. Studia przypadk\u00f3w dotycz\u0105 m.in. kwestii budowania kultury przedsi\u0119biorstwa zorientowanego na w\u0142asno\u015b\u0107 intelektualn\u0105, strategicznych decyzji dotycz\u0105cych patentowania, a tak\u017ce procesu transferu technologii.<\/p>\n<p>Zamieszczone studia przypadk\u00f3w s\u0105 pierwszymi z serii publikacji przygotowywanych przez WIP w celu dostarczenia bardziej szczeg\u00f3\u0142owych informacji i dzielenia si\u0119 dobrymi praktykami, kt\u00f3re mog\u0105 pom\u00f3c w opracowywaniu i dokonywaniu zg\u0142osze\u0144 PCT w krajach Grupy Wyszehradzkiej. W przysz\u0142o\u015bci pojawi\u0105 si\u0119 kolejne. Zajrzyj do zak\u0142adki <span style=\"text-decoration: underline;\"><a href=\"https:\/\/vpi.int\/pl\/09-centrum-wiedzy\/\" target=\"_blank\" rel=\"noopener\">Centrum Wiedzy<\/a><\/span> i \u015bled\u017a nas na <span style=\"text-decoration: underline;\"><a href=\"https:\/\/www.linkedin.com\/company\/visegrad-patent-institute\" target=\"_blank\" rel=\"noopener\">Linked-in<\/a><\/span>, aby otrzymywa\u0107 informacje o nast\u0119pnych publikacjach.<\/p>\n<p><span style=\"text-decoration: underline;\"><a href=\"https:\/\/vpi.int\/en\/wp-content\/uploads\/2022\/08\/Creating_an_IP_oriented_business_culture.pdf\" target=\"_blank\" rel=\"noopener\">Pobierz studium przypadku &gt;&gt;<\/a><\/span><a href=\"https:\/\/www.linkedin.com\/feed\/update\/urn:li:activity:6948676205797629952\" target=\"_blank\" rel=\"noopener\"><span style=\"text-decoration: underline;\"><\/span><\/a><\/p>\n<p>[\/et_pb_text][\/et_pb_column][\/et_pb_row][et_pb_row column_structure=&#8221;1_4,3_4&#8243; use_custom_gutter=&#8221;on&#8221; gutter_width=&#8221;1&#8243; make_equal=&#8221;on&#8221; module_class=&#8221; et_pb_row_fullwidth&#8221; _builder_version=&#8221;4.17.1&#8243; _module_preset=&#8221;default&#8221; background_size=&#8221;initial&#8221; background_position=&#8221;top_left&#8221; background_repeat=&#8221;repeat&#8221; width=&#8221;100%&#8221; width_tablet=&#8221;100%&#8221; width_phone=&#8221;100%&#8221; width_last_edited=&#8221;on|desktop&#8221; max_width=&#8221;100%&#8221; max_width_tablet=&#8221;100%&#8221; max_width_phone=&#8221;100%&#8221; max_width_last_edited=&#8221;on|desktop&#8221; custom_margin=&#8221;0px||0px|&#8221; custom_padding=&#8221;0px||0px|&#8221; make_fullwidth=&#8221;on&#8221; global_colors_info=&#8221;{}&#8221;][et_pb_column type=&#8221;1_4&#8243; _builder_version=&#8221;4.17.1&#8243; _module_preset=&#8221;default&#8221; use_background_color_gradient=&#8221;on&#8221; background_color_gradient_direction=&#8221;60deg&#8221; background_color_gradient_stops=&#8221;#007576 0%|rgba(41,196,169,0.29) 100%&#8221; background_enable_image=&#8221;off&#8221; background_position=&#8221;top_left&#8221; custom_padding=&#8221;|||&#8221; global_colors_info=&#8221;{}&#8221; custom_padding__hover=&#8221;|||&#8221;][\/et_pb_column][et_pb_column type=&#8221;3_4&#8243; _builder_version=&#8221;4.17.1&#8243; _module_preset=&#8221;default&#8221; background_enable_color=&#8221;off&#8221; background_position=&#8221;top_left&#8221; custom_padding=&#8221;2%|6%|0px|6%|false|false&#8221; global_colors_info=&#8221;{}&#8221; custom_padding__hover=&#8221;|||&#8221;][et_pb_text _builder_version=&#8221;4.17.1&#8243; _module_preset=&#8221;default&#8221; header_2_line_height=&#8221;1.3em&#8221; custom_padding=&#8221;||38px|||&#8221; custom_padding_tablet=&#8221;||38px|||&#8221; custom_padding_phone=&#8221;20px||||false|false&#8221; custom_padding_last_edited=&#8221;on|phone&#8221; animation_style=&#8221;slide&#8221; animation_direction=&#8221;bottom&#8221; animation_intensity_slide=&#8221;5%&#8221; global_colors_info=&#8221;{}&#8221;]<\/p>\n<h2>Jest ju\u017c dost\u0119pny Raport Roczny WIP za rok 2021<\/h2>\n<p>&nbsp;<\/p>\n<p><strong>26 sierpnia, 2022 r.<br \/><\/strong><\/p>\n<p>Opublikowano Raport Roczny WIP za rok 2021. Niniejsza publikacja przedstawia dzia\u0142alno\u015b\u0107 instytucjonaln\u0105 WIP w 2021 r. oraz dane i trendy w zg\u0142oszeniach PCT w krajach Grupy Wyszehradzkiej w okresie ostatnich 5 lat.<\/p>\n<p>Jest to pierwszy roczny raport WIP, kt\u00f3ry odt\u0105d b\u0119dzie publikowany regularnie. Raport jest dost\u0119pny do pobrania w zak\u0142adce Centrum Wiedzy.<\/p>\n<p><span style=\"text-decoration: underline;\"><a href=\"https:\/\/vpi.int\/en\/wp-content\/uploads\/2022\/09\/vpi-annual-report-2021.pdf\" target=\"_blank\" rel=\"noopener\">Pobierz Raport &gt;&gt;<\/a><\/span><\/p>\n<p>[\/et_pb_text][\/et_pb_column][\/et_pb_row][et_pb_row column_structure=&#8221;1_4,3_4&#8243; use_custom_gutter=&#8221;on&#8221; gutter_width=&#8221;1&#8243; make_equal=&#8221;on&#8221; module_class=&#8221; et_pb_row_fullwidth&#8221; _builder_version=&#8221;4.17.1&#8243; _module_preset=&#8221;default&#8221; background_size=&#8221;initial&#8221; background_position=&#8221;top_left&#8221; background_repeat=&#8221;repeat&#8221; width=&#8221;100%&#8221; width_tablet=&#8221;100%&#8221; width_phone=&#8221;100%&#8221; width_last_edited=&#8221;on|desktop&#8221; max_width=&#8221;100%&#8221; max_width_tablet=&#8221;100%&#8221; max_width_phone=&#8221;100%&#8221; max_width_last_edited=&#8221;on|desktop&#8221; custom_margin=&#8221;0px||0px|&#8221; custom_padding=&#8221;0px||0px|&#8221; make_fullwidth=&#8221;on&#8221; global_colors_info=&#8221;{}&#8221;][et_pb_column type=&#8221;1_4&#8243; _builder_version=&#8221;4.17.1&#8243; _module_preset=&#8221;default&#8221; background_color=&#8221;rgba(0,117,118,0.4)&#8221; background_enable_image=&#8221;off&#8221; background_position=&#8221;top_left&#8221; custom_padding=&#8221;|||&#8221; global_colors_info=&#8221;{}&#8221; custom_padding__hover=&#8221;|||&#8221;][\/et_pb_column][et_pb_column type=&#8221;3_4&#8243; _builder_version=&#8221;4.17.1&#8243; _module_preset=&#8221;default&#8221; background_color=&#8221;#f4f4f4&#8243; background_position=&#8221;top_left&#8221; custom_padding=&#8221;2%|6%|0px|6%|false|false&#8221; global_colors_info=&#8221;{}&#8221; custom_padding__hover=&#8221;|||&#8221;][et_pb_text _builder_version=&#8221;4.17.1&#8243; _module_preset=&#8221;default&#8221; header_2_line_height=&#8221;1.3em&#8221; header_4_line_height=&#8221;1.3em&#8221; custom_padding=&#8221;||38px|||&#8221; custom_padding_tablet=&#8221;||38px|||&#8221; custom_padding_phone=&#8221;20px||38px||false|false&#8221; custom_padding_last_edited=&#8221;on|phone&#8221; animation_style=&#8221;slide&#8221; animation_direction=&#8221;bottom&#8221; animation_intensity_slide=&#8221;5%&#8221; global_colors_info=&#8221;{}&#8221;]<\/p>\n<h2>WIP zosta\u0142 obserwatorem Rady Administracyjnej EPO<\/h2>\n<p>&nbsp;<\/p>\n<p><strong>29 czerwca 2022 r.<\/strong><\/p>\n<p>Mi\u0142o nam poinformowa\u0107 o kolejnym wa\u017cnym wydarzeniu dotycz\u0105cym naszego Instytutu. 29 czerwca 2022 r. Rada Administracyjna (Administrative Council, AC) Europejskiej Organizacji Patentowej podj\u0119\u0142a jednomy\u015bln\u0105 decyzj\u0119 o nadaniu Wyszehradzkiemu Instytutowi Patentowemu statusu obserwatora Rady. Ta pozytywna decyzja otwiera now\u0105 er\u0119 wsp\u00f3\u0142pracy WIP na poziome europejskim.<\/p>\n<p>&nbsp;<\/p>\n<p><a href=\"https:\/\/www.linkedin.com\/feed\/update\/urn:li:activity:6948676205797629952\" target=\"_blank\" rel=\"noopener\"><span style=\"text-decoration: underline;\">Wi\u0119cej informacji &gt;&gt;<\/span><\/a><\/p>\n<p>[\/et_pb_text][\/et_pb_column][\/et_pb_row][et_pb_row column_structure=&#8221;1_4,3_4&#8243; use_custom_gutter=&#8221;on&#8221; gutter_width=&#8221;1&#8243; make_equal=&#8221;on&#8221; module_class=&#8221; et_pb_row_fullwidth&#8221; _builder_version=&#8221;4.17.1&#8243; _module_preset=&#8221;default&#8221; background_size=&#8221;initial&#8221; background_position=&#8221;top_left&#8221; background_repeat=&#8221;repeat&#8221; width=&#8221;100%&#8221; width_tablet=&#8221;100%&#8221; width_phone=&#8221;100%&#8221; width_last_edited=&#8221;on|desktop&#8221; max_width=&#8221;100%&#8221; max_width_tablet=&#8221;100%&#8221; max_width_phone=&#8221;100%&#8221; max_width_last_edited=&#8221;on|desktop&#8221; custom_margin=&#8221;0px||0px|&#8221; custom_padding=&#8221;0px||0px|&#8221; make_fullwidth=&#8221;on&#8221; global_colors_info=&#8221;{}&#8221;][et_pb_column type=&#8221;1_4&#8243; _builder_version=&#8221;4.17.1&#8243; _module_preset=&#8221;default&#8221; use_background_color_gradient=&#8221;on&#8221; background_color_gradient_direction=&#8221;60deg&#8221; background_color_gradient_stops=&#8221;#007576 0%|rgba(41,196,169,0.29) 100%&#8221; background_enable_image=&#8221;off&#8221; background_position=&#8221;top_left&#8221; custom_padding=&#8221;|||&#8221; global_colors_info=&#8221;{}&#8221; custom_padding__hover=&#8221;|||&#8221;][\/et_pb_column][et_pb_column type=&#8221;3_4&#8243; _builder_version=&#8221;4.17.1&#8243; _module_preset=&#8221;default&#8221; background_enable_color=&#8221;off&#8221; background_position=&#8221;top_left&#8221; custom_padding=&#8221;2%|6%|0px|6%|false|false&#8221; global_colors_info=&#8221;{}&#8221; custom_padding__hover=&#8221;|||&#8221;][et_pb_text _builder_version=&#8221;4.17.1&#8243; _module_preset=&#8221;default&#8221; header_2_line_height=&#8221;1.3em&#8221; custom_padding=&#8221;||38px|||&#8221; custom_padding_tablet=&#8221;||38px|||&#8221; custom_padding_phone=&#8221;20px||||false|false&#8221; custom_padding_last_edited=&#8221;on|phone&#8221; animation_style=&#8221;slide&#8221; animation_direction=&#8221;bottom&#8221; animation_intensity_slide=&#8221;5%&#8221; global_colors_info=&#8221;{}&#8221;]<\/p>\n<h2>Porozumienie w sprawie siedziby jednog\u0142o\u015bnie ratyfikowane<\/h2>\n<p>&nbsp;<\/p>\n<p><strong>21 czerwca 2022 r.<br \/><\/strong><\/p>\n<p>Mamy zaszczyt og\u0142osi\u0107, \u017ce w\u0119gierski parlament ratyfikowa\u0142 dzi\u015b jednog\u0142o\u015bnie ustaw\u0119 dotycz\u0105c\u0105 porozumienia w sprawie siedziby pomi\u0119dzy W\u0119grami a Wyszehradzkim Instytutem Patentowym.<\/p>\n<p>Jeste\u015bmy wdzi\u0119czni pani Eszter Vit\u00e1lyos, wiceminister z Ministerstwa Kultury i Innowacji, kt\u00f3ra przedstawi\u0142a ustaw\u0119 w w\u0119gierskim parlamencie, i wszystkim kolegom, kt\u00f3rzy przyczynili si\u0119 do tego znacz\u0105cego osi\u0105gni\u0119cia. <\/p>\n<p><a href=\"https:\/\/www.linkedin.com\/feed\/update\/urn:li:activity:6895306868290637824\" target=\"_blank\" rel=\"noopener\"><span style=\"text-decoration: underline;\">Wi\u0119cej informacji &gt;&gt;<\/span><\/a><\/p>\n<p>[\/et_pb_text][\/et_pb_column][\/et_pb_row][et_pb_row column_structure=&#8221;1_4,3_4&#8243; use_custom_gutter=&#8221;on&#8221; gutter_width=&#8221;1&#8243; make_equal=&#8221;on&#8221; module_class=&#8221; et_pb_row_fullwidth&#8221; _builder_version=&#8221;4.17.1&#8243; _module_preset=&#8221;default&#8221; background_size=&#8221;initial&#8221; background_position=&#8221;top_left&#8221; background_repeat=&#8221;repeat&#8221; width=&#8221;100%&#8221; width_tablet=&#8221;100%&#8221; width_phone=&#8221;100%&#8221; width_last_edited=&#8221;on|desktop&#8221; max_width=&#8221;100%&#8221; max_width_tablet=&#8221;100%&#8221; max_width_phone=&#8221;100%&#8221; max_width_last_edited=&#8221;on|desktop&#8221; custom_margin=&#8221;0px||0px|&#8221; custom_padding=&#8221;0px||0px|&#8221; make_fullwidth=&#8221;on&#8221; global_colors_info=&#8221;{}&#8221;][et_pb_column type=&#8221;1_4&#8243; _builder_version=&#8221;4.17.1&#8243; _module_preset=&#8221;default&#8221; background_color=&#8221;rgba(0,117,118,0.4)&#8221; background_enable_image=&#8221;off&#8221; background_position=&#8221;top_left&#8221; custom_padding=&#8221;|||&#8221; global_colors_info=&#8221;{}&#8221; custom_padding__hover=&#8221;|||&#8221;][\/et_pb_column][et_pb_column type=&#8221;3_4&#8243; _builder_version=&#8221;4.17.1&#8243; _module_preset=&#8221;default&#8221; background_color=&#8221;#f4f4f4&#8243; background_position=&#8221;top_left&#8221; custom_padding=&#8221;2%|6%|0px|6%|false|false&#8221; global_colors_info=&#8221;{}&#8221; custom_padding__hover=&#8221;|||&#8221;][et_pb_text _builder_version=&#8221;4.17.1&#8243; _module_preset=&#8221;default&#8221; header_2_line_height=&#8221;1.3em&#8221; header_4_line_height=&#8221;1.3em&#8221; custom_padding=&#8221;||38px|||&#8221; custom_padding_tablet=&#8221;||38px|||&#8221; custom_padding_phone=&#8221;20px||38px||false|false&#8221; custom_padding_last_edited=&#8221;on|phone&#8221; animation_style=&#8221;slide&#8221; animation_direction=&#8221;bottom&#8221; animation_intensity_slide=&#8221;5%&#8221; global_colors_info=&#8221;{}&#8221;]<\/p>\n<h2>Porozumienie o Wsp\u00f3\u0142pracy (MoU) zosta\u0142o zawarte pomi\u0119dzy Mi\u0119dzynarodowym Funduszem Wyszehradzkim i Wyszehradzkim Instytutem Patentowym<\/h2>\n<p>&nbsp;<\/p>\n<p><strong>23 lutego 2022 r.<br \/><\/strong><\/p>\n<p>W dniu 23 lutego b.r. w siedzibie WIP dyrektor wykonawczy Mi\u0119dzynarodowego Funduszu Wyszehradzkiego (MFW) &#8211; Petr Mare\u0161 i dyrektor Wyszehradzkiego Instytutu Patentowego (WIP) &#8211; Johanna Stadler podpisali Porozumienie o Wsp\u00f3\u0142pracy (MoU).<\/p>\n<p>Poprzez Porozumienie o Wsp\u00f3\u0142pracy obie instytucje zamierzaj\u0105 zintensyfikowa\u0107 wsp\u00f3lne wysi\u0142ki w celu podnoszenia \u015bwiadomo\u015bci dotycz\u0105cej patentowania, a w szczeg\u00f3lno\u015bci mi\u0119dzynarodowego systemu patentowego. MFW i WIP planuj\u0105 zorganizowa\u0107 wymian\u0119 ekspert\u00f3w i konsultacje, a tak\u017ce uruchomi\u0107 nowe zach\u0119ty i granty, zw\u0142aszcza dla wynalazc\u00f3w oraz ma\u0142ych i \u015brednich przedsi\u0119biorstw w regionie.<\/p>\n<p>WIP jest silnie zaanga\u017cowany we wspieranie \u015bcis\u0142ej wsp\u00f3\u0142pracy mi\u0119dzy obywatelami, a innowacyjnymi przedsi\u0119biorstwami, instytutami badawczymi i szko\u0142ami wy\u017cszymi pa\u0144stw Grupy Wyszehradzkiej w celu u\u0142atwienia wsp\u00f3lnego tworzenia i wykorzystywania wynalazk\u00f3w. Porozumienie o Wsp\u00f3\u0142pracy zawarte z Mi\u0119dzynarodowym Funduszem Wyszehradzkim stanowi nieocenione narz\u0119dzie we wspieraniu tych wysi\u0142k\u00f3w.<\/p>\n<p><a href=\"https:\/\/www.linkedin.com\/feed\/update\/urn:li:activity:6902230827137409024\" target=\"_blank\" rel=\"noopener\"><span style=\"text-decoration: underline;\">Wi\u0119cej informacji &gt;&gt;<\/span><\/a><\/p>\n<p>[\/et_pb_text][\/et_pb_column][\/et_pb_row][\/et_pb_section][et_pb_section fb_built=&#8221;1&#8243; admin_label=&#8221;Split Section&#8221; _builder_version=&#8221;4.17.1&#8243; _module_preset=&#8221;default&#8221; custom_padding=&#8221;0px||0px|&#8221; animation_style=&#8221;fold&#8221; animation_direction=&#8221;bottom&#8221; animation_intensity_fold=&#8221;4%&#8221; global_colors_info=&#8221;{}&#8221;][et_pb_row column_structure=&#8221;1_4,3_4&#8243; use_custom_gutter=&#8221;on&#8221; gutter_width=&#8221;1&#8243; make_equal=&#8221;on&#8221; module_class=&#8221; et_pb_row_fullwidth&#8221; _builder_version=&#8221;4.17.1&#8243; _module_preset=&#8221;default&#8221; background_size=&#8221;initial&#8221; background_position=&#8221;top_left&#8221; background_repeat=&#8221;repeat&#8221; width=&#8221;100%&#8221; width_tablet=&#8221;100%&#8221; width_phone=&#8221;100%&#8221; width_last_edited=&#8221;on|desktop&#8221; max_width=&#8221;100%&#8221; max_width_tablet=&#8221;100%&#8221; max_width_phone=&#8221;100%&#8221; max_width_last_edited=&#8221;on|desktop&#8221; custom_margin=&#8221;0px||0px|&#8221; custom_padding=&#8221;0px||0px|&#8221; make_fullwidth=&#8221;on&#8221; global_colors_info=&#8221;{}&#8221;][et_pb_column type=&#8221;1_4&#8243; _builder_version=&#8221;4.17.1&#8243; _module_preset=&#8221;default&#8221; use_background_color_gradient=&#8221;on&#8221; background_color_gradient_direction=&#8221;60deg&#8221; background_color_gradient_stops=&#8221;#007576 0%|rgba(41,196,169,0.29) 100%&#8221; background_enable_image=&#8221;off&#8221; background_position=&#8221;top_left&#8221; custom_padding=&#8221;|||&#8221; global_colors_info=&#8221;{}&#8221; custom_padding__hover=&#8221;|||&#8221;][\/et_pb_column][et_pb_column type=&#8221;3_4&#8243; _builder_version=&#8221;4.17.1&#8243; _module_preset=&#8221;default&#8221; background_enable_color=&#8221;off&#8221; background_position=&#8221;top_left&#8221; custom_padding=&#8221;2%|6%|0px|6%|false|false&#8221; global_colors_info=&#8221;{}&#8221; custom_padding__hover=&#8221;|||&#8221;][et_pb_text _builder_version=&#8221;4.17.1&#8243; _module_preset=&#8221;default&#8221; header_2_line_height=&#8221;1.3em&#8221; custom_padding=&#8221;||38px|||&#8221; custom_padding_tablet=&#8221;||38px|||&#8221; custom_padding_phone=&#8221;20px||||false|false&#8221; custom_padding_last_edited=&#8221;on|phone&#8221; animation_style=&#8221;slide&#8221; animation_direction=&#8221;bottom&#8221; animation_intensity_slide=&#8221;5%&#8221; global_colors_info=&#8221;{}&#8221;]<\/p>\n<h2>POROZUMIENIE W SPRAWIE SIEDZIBY PODPISANE POMI\u0118DZY W\u0118GRAMI A WYSZEHRADZKIM INSTYTUTEM PATENTOWYM<\/h2>\n<p>&nbsp;<\/p>\n<p><strong>4 lutego 2022 r.<br \/><\/strong><\/p>\n<p>Wyszehradzki Instytut Patentowy (WIP) z przyjemno\u015bci\u0105 informuje, \u017ce w imieniu rz\u0105du W\u0119gier, zast\u0119pca sekretarza stanu w Ministerstwie Innowacji i Technologii, pan Tibor Guly\u00e1s, oraz w imieniu WPI dyrektor Johanna Stadler, podpisali projekt Porozumienia w sprawie Siedziby pomi\u0119dzy W\u0119grami i WIP. Porozumienie wejdzie w \u017cycie po zatwierdzeniu przez w\u0119gierski parlament i b\u0119dzie regulowa\u0107 istotne elementy funkcjonowania WIP na W\u0119grzech.<\/p>\n<p>W imieniu Wyszehradzkiego Instytutu Patentowego (WIP) pragniemy wyrazi\u0107 wdzi\u0119czno\u015b\u0107 za ten znakomity gest wsparcia ze strony naszego kraju goszcz\u0105cego, W\u0119gier.<\/p>\n<p><a href=\"https:\/\/www.linkedin.com\/feed\/update\/urn:li:activity:6895306868290637824\" target=\"_blank\" rel=\"noopener\"><span style=\"text-decoration: underline;\">Wi\u0119cej informacji &gt;&gt;<\/span><\/a><\/p>\n<p>[\/et_pb_text][\/et_pb_column][\/et_pb_row][et_pb_row column_structure=&#8221;1_4,3_4&#8243; use_custom_gutter=&#8221;on&#8221; gutter_width=&#8221;1&#8243; make_equal=&#8221;on&#8221; module_class=&#8221; et_pb_row_fullwidth&#8221; _builder_version=&#8221;4.17.1&#8243; _module_preset=&#8221;default&#8221; background_size=&#8221;initial&#8221; background_position=&#8221;top_left&#8221; background_repeat=&#8221;repeat&#8221; width=&#8221;100%&#8221; width_tablet=&#8221;100%&#8221; width_phone=&#8221;100%&#8221; width_last_edited=&#8221;on|desktop&#8221; max_width=&#8221;100%&#8221; max_width_tablet=&#8221;100%&#8221; max_width_phone=&#8221;100%&#8221; max_width_last_edited=&#8221;on|desktop&#8221; custom_margin=&#8221;0px||0px|&#8221; custom_padding=&#8221;0px||0px|&#8221; make_fullwidth=&#8221;on&#8221; global_colors_info=&#8221;{}&#8221;][et_pb_column type=&#8221;1_4&#8243; _builder_version=&#8221;4.17.1&#8243; _module_preset=&#8221;default&#8221; background_color=&#8221;rgba(0,117,118,0.4)&#8221; background_enable_image=&#8221;off&#8221; background_position=&#8221;top_left&#8221; custom_padding=&#8221;|||&#8221; global_colors_info=&#8221;{}&#8221; custom_padding__hover=&#8221;|||&#8221;][\/et_pb_column][et_pb_column type=&#8221;3_4&#8243; _builder_version=&#8221;4.17.1&#8243; _module_preset=&#8221;default&#8221; background_color=&#8221;#f4f4f4&#8243; background_position=&#8221;top_left&#8221; custom_padding=&#8221;2%|6%|0px|6%|false|false&#8221; global_colors_info=&#8221;{}&#8221; custom_padding__hover=&#8221;|||&#8221;][et_pb_text _builder_version=&#8221;4.17.1&#8243; _module_preset=&#8221;default&#8221; header_2_line_height=&#8221;1.3em&#8221; header_4_text_color=&#8221;#007576&#8243; header_4_line_height=&#8221;1.3em&#8221; custom_padding=&#8221;||38px|||&#8221; custom_padding_tablet=&#8221;||38px|||&#8221; custom_padding_phone=&#8221;20px||38px||false|false&#8221; custom_padding_last_edited=&#8221;on|phone&#8221; animation_style=&#8221;slide&#8221; animation_direction=&#8221;bottom&#8221; animation_intensity_slide=&#8221;5%&#8221; global_colors_info=&#8221;{}&#8221;]<\/p>\n<h2>OG\u0141OSZENIE NOWEGO NUMERU RACHUNKU BANKOWEGO WYSZEHRADZKIEGO INSTYTUTU PATENTOWEGO<\/h2>\n<p>&nbsp;<\/p>\n<p><strong>17 stycznia 2022 r.<\/strong><\/p>\n<h4><strong>WA\u017bNA INFORMACJA<\/strong><\/h4>\n<p>17 stycznia 2022 r. uleg\u0142 zmianie numer rachunku bankowego Wyszehradzkiego Instytutu Patentowego. Od tego dnia wszelkie op\u0142aty nale\u017cy wnosi\u0107 na poni\u017cszy numer rachunku bankowego:<\/p>\n<p>Nazwa w\u0142a\u015bciciela rachunku: Visegrad Patent Institute<\/p>\n<p>Bank: Raiffeisen Bank Zrt., 1133 Budapest, V\u00e1ci \u00fat 116-118.<\/p>\n<p>IBAN: HU66-12012204-01799099-00200000<\/p>\n<p>SWIFT Code: UBRTHUHB<\/p>\n<p>Prosimy o uaktualnienie zapisanych danych i sprawdzanie, czy dane do przelew\u00f3w s\u0105 prawid\u0142owe.<\/p>\n<p>&nbsp;<\/p>\n<p>[\/et_pb_text][\/et_pb_column][\/et_pb_row][et_pb_row column_structure=&#8221;1_4,3_4&#8243; use_custom_gutter=&#8221;on&#8221; gutter_width=&#8221;1&#8243; make_equal=&#8221;on&#8221; module_class=&#8221; et_pb_row_fullwidth&#8221; _builder_version=&#8221;4.17.1&#8243; _module_preset=&#8221;default&#8221; background_size=&#8221;initial&#8221; background_position=&#8221;top_left&#8221; background_repeat=&#8221;repeat&#8221; width=&#8221;100%&#8221; width_tablet=&#8221;100%&#8221; width_phone=&#8221;100%&#8221; width_last_edited=&#8221;on|desktop&#8221; max_width=&#8221;100%&#8221; max_width_tablet=&#8221;100%&#8221; max_width_phone=&#8221;100%&#8221; max_width_last_edited=&#8221;on|desktop&#8221; custom_margin=&#8221;0px||0px|&#8221; custom_padding=&#8221;0px||0px|&#8221; make_fullwidth=&#8221;on&#8221; global_colors_info=&#8221;{}&#8221;][et_pb_column type=&#8221;1_4&#8243; _builder_version=&#8221;4.17.1&#8243; _module_preset=&#8221;default&#8221; use_background_color_gradient=&#8221;on&#8221; background_color_gradient_direction=&#8221;60deg&#8221; background_color_gradient_stops=&#8221;#007576 0%|rgba(41,196,169,0.29) 100%&#8221; background_enable_image=&#8221;off&#8221; background_position=&#8221;top_left&#8221; custom_padding=&#8221;|||&#8221; global_colors_info=&#8221;{}&#8221; custom_padding__hover=&#8221;|||&#8221;][\/et_pb_column][et_pb_column type=&#8221;3_4&#8243; _builder_version=&#8221;4.17.1&#8243; _module_preset=&#8221;default&#8221; background_enable_color=&#8221;off&#8221; background_position=&#8221;top_left&#8221; custom_padding=&#8221;2%|6%|0px|6%|false|false&#8221; global_colors_info=&#8221;{}&#8221; custom_padding__hover=&#8221;|||&#8221;][et_pb_text _builder_version=&#8221;4.17.1&#8243; _module_preset=&#8221;default&#8221; header_2_line_height=&#8221;1.3em&#8221; custom_padding=&#8221;||38px|||&#8221; custom_padding_tablet=&#8221;||38px|||&#8221; custom_padding_phone=&#8221;20px||38px||false|false&#8221; custom_padding_last_edited=&#8221;on|phone&#8221; animation_style=&#8221;slide&#8221; animation_direction=&#8221;bottom&#8221; animation_intensity_slide=&#8221;5%&#8221; global_colors_info=&#8221;{}&#8221;]<\/p>\n<h2>Dost\u0119pne s\u0105 nagrania wideo z konferencji zorganizowanej z okazji 5-lecia Wyszehradzkiego Instytutu Patentowego<\/h2>\n<p>&nbsp;<\/p>\n<p><strong>1 sierpnia 2021 r.<br \/><\/strong><\/p>\n<p>Aby uczci\u0107 5. rocznic\u0119 swojego powstania i zwi\u0119kszy\u0107 \u015bwiadomo\u015b\u0107 uczestnik\u00f3w ekosystemu innowacji w naszym regionie na temat systemu PCT, WIP zorganizowa\u0142 konferencj\u0119 online przy wsparciu w\u0119gierskiego Ministerstwa Innowacji i Technologii oraz Krajowego Urz\u0119du ds. Rozwoju, Bada\u0144 i Innowacji.<\/p>\n<p>Misj\u0105 Wyszehradzkiego Instytutu Patentowego (WIP) jest udzielanie pomocy innowacyjnym przedsi\u0119biorstwom, uczelniom, instytutom badawczym i indywidualnym wynalazcom z regionu Europy \u015arodkowo-Wschodniej w uzyskaniu ochrony patentowej za granic\u0105 i bezpiecznym wej\u015bciu na rynek mi\u0119dzynarodowy. W tym celu na kanale YouTube WIP dost\u0119pne s\u0105 nagrania wideo prezentacji wyg\u0142oszonych podczas konferencji.<\/p>\n<p><a href=\"https:\/\/www.youtube.com\/channel\/UCHj1m5sL4MykoweSjLCOGYw\" target=\"_blank\" rel=\"noopener\"><span style=\"text-decoration: underline;\">Wi\u0119cej informacji &gt;&gt;<\/span><\/a><\/p>\n<p>[\/et_pb_text][\/et_pb_column][\/et_pb_row][et_pb_row column_structure=&#8221;1_4,3_4&#8243; use_custom_gutter=&#8221;on&#8221; gutter_width=&#8221;1&#8243; make_equal=&#8221;on&#8221; module_class=&#8221; et_pb_row_fullwidth&#8221; _builder_version=&#8221;4.17.1&#8243; _module_preset=&#8221;default&#8221; background_size=&#8221;initial&#8221; background_position=&#8221;top_left&#8221; background_repeat=&#8221;repeat&#8221; width=&#8221;100%&#8221; width_tablet=&#8221;100%&#8221; width_phone=&#8221;100%&#8221; width_last_edited=&#8221;on|desktop&#8221; max_width=&#8221;100%&#8221; max_width_tablet=&#8221;100%&#8221; max_width_phone=&#8221;100%&#8221; max_width_last_edited=&#8221;on|desktop&#8221; custom_margin=&#8221;0px||0px|&#8221; custom_padding=&#8221;0px||0px|&#8221; make_fullwidth=&#8221;on&#8221; global_colors_info=&#8221;{}&#8221;][et_pb_column type=&#8221;1_4&#8243; _builder_version=&#8221;4.17.1&#8243; _module_preset=&#8221;default&#8221; background_color=&#8221;rgba(0,117,118,0.4)&#8221; background_enable_image=&#8221;off&#8221; background_position=&#8221;top_left&#8221; custom_padding=&#8221;|||&#8221; global_colors_info=&#8221;{}&#8221; custom_padding__hover=&#8221;|||&#8221;][\/et_pb_column][et_pb_column type=&#8221;3_4&#8243; _builder_version=&#8221;4.17.1&#8243; _module_preset=&#8221;default&#8221; background_color=&#8221;#f4f4f4&#8243; background_position=&#8221;top_left&#8221; custom_padding=&#8221;2%|6%|0px|6%|false|false&#8221; global_colors_info=&#8221;{}&#8221; custom_padding__hover=&#8221;|||&#8221;][et_pb_text _builder_version=&#8221;4.17.1&#8243; _module_preset=&#8221;default&#8221; header_2_line_height=&#8221;1.3em&#8221; header_4_line_height=&#8221;1.3em&#8221; custom_padding=&#8221;||38px|||&#8221; custom_padding_tablet=&#8221;||38px|||&#8221; custom_padding_phone=&#8221;20px||38px||false|false&#8221; custom_padding_last_edited=&#8221;on|phone&#8221; animation_style=&#8221;slide&#8221; animation_direction=&#8221;bottom&#8221; animation_intensity_slide=&#8221;5%&#8221; global_colors_info=&#8221;{}&#8221;]<\/p>\n<h2>ZAPROSZENIE<br \/>Z okazji 5. rocznicy dzia\u0142alno\u015bci Wyszehradzkiego Instytutu Patentowego <br \/>mamy przyjemno\u015b\u0107 zaprosi\u0107 Pa\u0144stwa do udzia\u0142u w bran\u017cowej konferencji, <br \/>kt\u00f3ra odb\u0119dzie si\u0119 w formacie on-line 7 lipca 2021 r.<\/h2>\n<p>&nbsp;<\/p>\n<p><strong>6 czerwca 2021 r.<br \/><\/strong><\/p>\n<p>Program konferencji przewiduje przedstawienie studi\u00f3w przypadku oraz dyskusje okr\u0105g\u0142ego sto\u0142u w kwestiach dotycz\u0105cych systemu PCT. Wezm\u0105 w nich udzia\u0142 eksperci reprezentuj\u0105cy r\u00f3\u017cne dziedziny gospodarki i \u015brodowiska akademickie, zatem wydarzenie to stanowi znakomit\u0105 okazj\u0119 do poszerzenia wiedzy o mi\u0119dzynarodowej procedurze dokonywania zg\u0142osze\u0144 patentowych za po\u015brednictwem systemu PCT oraz uzyskania praktycznych wskaz\u00f3wek, przydatnych w opracowywaniu skutecznych strategii patentowych.<\/p>\n<p><a href=\"https:\/\/www.vpi.int\/index.php\/en\/vpi5-conference\" target=\"_blank\" rel=\"noopener\"><span style=\"text-decoration: underline;\"><\/span><\/a><\/p>\n<p>[\/et_pb_text][\/et_pb_column][\/et_pb_row][et_pb_row column_structure=&#8221;1_4,3_4&#8243; use_custom_gutter=&#8221;on&#8221; gutter_width=&#8221;1&#8243; make_equal=&#8221;on&#8221; module_class=&#8221; et_pb_row_fullwidth&#8221; _builder_version=&#8221;4.17.1&#8243; _module_preset=&#8221;default&#8221; background_size=&#8221;initial&#8221; background_position=&#8221;top_left&#8221; background_repeat=&#8221;repeat&#8221; width=&#8221;100%&#8221; width_tablet=&#8221;100%&#8221; width_phone=&#8221;100%&#8221; width_last_edited=&#8221;on|desktop&#8221; max_width=&#8221;100%&#8221; max_width_tablet=&#8221;100%&#8221; max_width_phone=&#8221;100%&#8221; max_width_last_edited=&#8221;on|desktop&#8221; custom_margin=&#8221;0px||0px|&#8221; custom_padding=&#8221;0px||0px|&#8221; make_fullwidth=&#8221;on&#8221; global_colors_info=&#8221;{}&#8221;][et_pb_column type=&#8221;1_4&#8243; _builder_version=&#8221;4.17.1&#8243; _module_preset=&#8221;default&#8221; use_background_color_gradient=&#8221;on&#8221; background_color_gradient_direction=&#8221;60deg&#8221; background_color_gradient_stops=&#8221;#007576 0%|rgba(41,196,169,0.29) 100%&#8221; background_enable_image=&#8221;off&#8221; background_position=&#8221;top_left&#8221; custom_padding=&#8221;|||&#8221; global_colors_info=&#8221;{}&#8221; custom_padding__hover=&#8221;|||&#8221;][\/et_pb_column][et_pb_column type=&#8221;3_4&#8243; _builder_version=&#8221;4.17.1&#8243; _module_preset=&#8221;default&#8221; background_enable_color=&#8221;off&#8221; background_position=&#8221;top_left&#8221; custom_padding=&#8221;2%|6%|0px|6%|false|false&#8221; global_colors_info=&#8221;{}&#8221; custom_padding__hover=&#8221;|||&#8221;][et_pb_text _builder_version=&#8221;4.17.1&#8243; _module_preset=&#8221;default&#8221; header_2_line_height=&#8221;1.3em&#8221; custom_padding=&#8221;||38px|||&#8221; custom_padding_tablet=&#8221;||38px|||&#8221; custom_padding_phone=&#8221;20px||38px||false|false&#8221; custom_padding_last_edited=&#8221;on|phone&#8221; animation_style=&#8221;slide&#8221; animation_direction=&#8221;bottom&#8221; animation_intensity_slide=&#8221;5%&#8221; global_colors_info=&#8221;{}&#8221;]<\/p>\n<h2>Usprawiedliwienie zw\u0142oki w dotrzymaniu termin\u00f3w z powodu pandemii COVID-19<\/h2>\n<p>&nbsp;<\/p>\n<p><strong>23 kwietnia 2020 r.<br \/><\/strong><\/p>\n<p>Wyszehradzki Instytut Patentowy (WIP) przyjmuje wyk\u0142adni\u0119 dokonan\u0105 przez Biuro Mi\u0119dzynarodowe \u015awiatowej Organizacji W\u0142asno\u015bci Intelektualnej (WIPO) na temat obecnej sytuacji zwi\u0105zanej z pandemi\u0105 COVID-19.<\/p>\n<p>Zgodnie z zaleceniami WIPO, Wyszehradzki Instytut Patentowy uznaje pandemi\u0119 za \u201ekl\u0119sk\u0119 \u017cywio\u0142ow\u0105\u201d, i w zwi\u0105zku z tym przychylnie rozpatrzy wnioski sk\u0142adane w celu usprawiedliwienia zw\u0142oki w dotrzymaniu terminu, zgodnie z Zasad\u0105 82quater.1 Regulaminu wykonawczego do Uk\u0142adu o wsp\u00f3\u0142pracy Patentowej (PCT). Zg\u0142aszaj\u0105cy nie s\u0105 zobowi\u0105zani do przedstawiania w swoich wnioskach sk\u0142adanych zgodnie z Zasad\u0105 82quater.1 dalszych dowod\u00f3w wyst\u0105pienia zak\u0142\u00f3ce\u0144 spowodowanych pandemi\u0105.<\/p>\n<p>[\/et_pb_text][\/et_pb_column][\/et_pb_row][et_pb_row column_structure=&#8221;1_4,3_4&#8243; use_custom_gutter=&#8221;on&#8221; gutter_width=&#8221;1&#8243; make_equal=&#8221;on&#8221; module_class=&#8221; et_pb_row_fullwidth&#8221; _builder_version=&#8221;4.17.1&#8243; _module_preset=&#8221;default&#8221; background_size=&#8221;initial&#8221; background_position=&#8221;top_left&#8221; background_repeat=&#8221;repeat&#8221; width=&#8221;100%&#8221; width_tablet=&#8221;100%&#8221; width_phone=&#8221;100%&#8221; width_last_edited=&#8221;on|desktop&#8221; max_width=&#8221;100%&#8221; max_width_tablet=&#8221;100%&#8221; max_width_phone=&#8221;100%&#8221; max_width_last_edited=&#8221;on|desktop&#8221; custom_margin=&#8221;0px||0px|&#8221; custom_padding=&#8221;0px||0px|&#8221; make_fullwidth=&#8221;on&#8221; global_colors_info=&#8221;{}&#8221;][et_pb_column type=&#8221;1_4&#8243; _builder_version=&#8221;4.17.1&#8243; _module_preset=&#8221;default&#8221; background_color=&#8221;rgba(0,117,118,0.4)&#8221; background_enable_image=&#8221;off&#8221; background_position=&#8221;top_left&#8221; custom_padding=&#8221;|||&#8221; global_colors_info=&#8221;{}&#8221; custom_padding__hover=&#8221;|||&#8221;][\/et_pb_column][et_pb_column type=&#8221;3_4&#8243; _builder_version=&#8221;4.17.1&#8243; _module_preset=&#8221;default&#8221; background_color=&#8221;#f4f4f4&#8243; background_position=&#8221;top_left&#8221; custom_padding=&#8221;2%|6%|0px|6%|false|false&#8221; global_colors_info=&#8221;{}&#8221; custom_padding__hover=&#8221;|||&#8221;][et_pb_text _builder_version=&#8221;4.17.1&#8243; _module_preset=&#8221;default&#8221; header_2_line_height=&#8221;1.3em&#8221; header_4_line_height=&#8221;1.3em&#8221; custom_padding=&#8221;||38px|||&#8221; custom_padding_tablet=&#8221;||38px|||&#8221; custom_padding_phone=&#8221;20px||38px||false|false&#8221; custom_padding_last_edited=&#8221;on|phone&#8221; animation_style=&#8221;slide&#8221; animation_direction=&#8221;bottom&#8221; animation_intensity_slide=&#8221;5%&#8221; global_colors_info=&#8221;{}&#8221;]<\/p>\n<h2>Serdecznie witamy U\u017cytkownik\u00f3w serbskich! Urz\u0105d W\u0142asno\u015bci Intelektualnej Republiki Serbii i Wyszehradzki Instytut Patentowy (VPI) podpisa\u0142y protok\u00f3\u0142 ustale\u0144<\/h2>\n<p>&nbsp;<\/p>\n<p><strong>2 lipca 2020 r.<br \/><\/strong><\/p>\n<p>Uprzejmie informujemy, \u017ce Urz\u0105d W\u0142asno\u015bci Intelektualnej Republiki Serbii (IPOSR) i Wyszehradzki Instytut Patentowy (VPI) podpisa\u0142y protok\u00f3\u0142 ustale\u0144. W lipcu br. o fakcie tym zosta\u0142o tak\u017ce nale\u017cycie poinformowane Biuro Mi\u0119dzynarodowe \u015awiatowej Organizacji W\u0142asno\u015bci Intelektualnej (WIPO).<\/p>\n<p>W protokole ustale\u0144 IPOSR o\u015bwiadcza, \u017ce Wyszehradzki Instytut Patentowy pe\u0142ni funkcj\u0119 Mi\u0119dzynarodowego Organu Poszukiwa\u0144 (ISA) i Mi\u0119dzynarodowego Organu Bada\u0144 Wst\u0119pnych (IPEA) w odniesieniu do zg\u0142osze\u0144 o udzielenie patentu w trybie mi\u0119dzynarodowym (PCT- Uk\u0142ad o wsp\u00f3\u0142pracy mi\u0119dzynarodowej) na rzecz zg\u0142aszaj\u0105cych b\u0119d\u0105cych obywatelami Republiki Serbii lub maj\u0105cych sta\u0142e miejsce zamieszkania w Serbii (u\u017cytkownik\u00f3w serbskich).<\/p>\n<p>Wyznaczenie Wyszehradzkiego Instytutu Patentowego jako ISA i IPEA dla u\u017cytkownik\u00f3w serbskich to dla nas wielki zaszczyt. Sygnatariusze protoko\u0142u ustale\u0144 oczekuj\u0105, \u017ce nowa mo\u017cliwo\u015b\u0107, kt\u00f3ra otwiera si\u0119 przed u\u017cytkownikami serbskimi, przyczyni si\u0119 do rozwoju przemys\u0142u intensywnie korzystaj\u0105cego z wiedzy i innowacji w Serbii, a tak\u017ce pozytywnie wp\u0142ynie na w\u0142\u0105czenie instytucji badawczych i uniwersytet\u00f3w w ekosystem innowacji tego regionu.<\/p>\n<p>Ponadto protok\u00f3\u0142 ustale\u0144 tworzy nowy obszar wsp\u00f3\u0142pracy, kt\u00f3ry mo\u017ce umocni\u0107 istniej\u0105ce ju\u017c wi\u0119zy i dobre relacje mi\u0119dzy urz\u0119dami w\u0142asno\u015bci przemys\u0142owej<br \/>i intelektualnej naszego regionu.<br \/>Porozumienie wchodzi w \u017cycie z dniem 1 wrze\u015bnia 2020 r. Od tego dnia u\u017cytkownicy serbscy b\u0119d\u0105 mogli wybra\u0107 Wyszehradzki Instytut Patentowy jako ISA i IPEA dla zg\u0142oszenia wynalazku w procedurze PCT.<\/p>\n<p>Czekamy zatem na mi\u0119dzynarodowe zg\u0142oszenia patentowe wp\u0142ywaj\u0105ce od u\u017cytkownik\u00f3w serbskich!<\/p>\n<p>[\/et_pb_text][\/et_pb_column][\/et_pb_row][\/et_pb_section][et_pb_section fb_built=&#8221;1&#8243; disabled_on=&#8221;off|off|on&#8221; _builder_version=&#8221;4.17.1&#8243; _module_preset=&#8221;default&#8221; use_background_color_gradient=&#8221;on&#8221; background_color_gradient_direction=&#8221;60deg&#8221; background_color_gradient_stops=&#8221;#007576 0%|rgba(41,196,169,0.29) 99%&#8221; global_colors_info=&#8221;{}&#8221;][et_pb_row _builder_version=&#8221;4.17.1&#8243; _module_preset=&#8221;default&#8221; global_colors_info=&#8221;{}&#8221;][et_pb_column type=&#8221;4_4&#8243; _builder_version=&#8221;4.17.1&#8243; _module_preset=&#8221;default&#8221; global_colors_info=&#8221;{}&#8221;][\/et_pb_column][\/et_pb_row][\/et_pb_section][et_pb_section fb_built=&#8221;1&#8243; admin_label=&#8221;Split Section&#8221; _builder_version=&#8221;4.16&#8243; _module_preset=&#8221;default&#8221; custom_padding=&#8221;0px||0px|&#8221; animation_style=&#8221;fold&#8221; animation_direction=&#8221;bottom&#8221; animation_intensity_fold=&#8221;4%&#8221; global_colors_info=&#8221;{}&#8221;][et_pb_row column_structure=&#8221;1_2,1_2&#8243; use_custom_gutter=&#8221;on&#8221; gutter_width=&#8221;1&#8243; make_equal=&#8221;on&#8221; module_class=&#8221; et_pb_row_fullwidth&#8221; _builder_version=&#8221;4.17.1&#8243; _module_preset=&#8221;default&#8221; background_size=&#8221;initial&#8221; background_position=&#8221;top_left&#8221; background_repeat=&#8221;repeat&#8221; width=&#8221;100%&#8221; width_tablet=&#8221;100%&#8221; width_phone=&#8221;100%&#8221; width_last_edited=&#8221;on|desktop&#8221; max_width=&#8221;100%&#8221; max_width_tablet=&#8221;100%&#8221; max_width_phone=&#8221;100%&#8221; max_width_last_edited=&#8221;on|desktop&#8221; custom_margin=&#8221;0px||0px|&#8221; custom_padding=&#8221;0px||0px|&#8221; make_fullwidth=&#8221;on&#8221; global_colors_info=&#8221;{}&#8221;][et_pb_column type=&#8221;1_2&#8243; _builder_version=&#8221;4.17.1&#8243; _module_preset=&#8221;default&#8221; use_background_color_gradient=&#8221;on&#8221; background_color_gradient_direction=&#8221;60deg&#8221; background_color_gradient_stops=&#8221;#007576 0%|rgba(41,196,169,0.29) 100%&#8221; background_enable_image=&#8221;off&#8221; background_position=&#8221;top_left&#8221; custom_padding=&#8221;|||&#8221; global_colors_info=&#8221;{}&#8221; custom_padding__hover=&#8221;|||&#8221;][\/et_pb_column][et_pb_column type=&#8221;1_2&#8243; _builder_version=&#8221;4.16&#8243; _module_preset=&#8221;default&#8221; background_color=&#8221;#f4f4f4&#8243; background_position=&#8221;top_left&#8221; custom_padding=&#8221;8%|6%|8%|6%&#8221; global_colors_info=&#8221;{}&#8221; custom_padding__hover=&#8221;|||&#8221;][et_pb_text _builder_version=&#8221;4.17.1&#8243; _module_preset=&#8221;default&#8221; header_2_line_height=&#8221;1.3em&#8221; custom_padding=&#8221;||38px|||&#8221; animation_style=&#8221;slide&#8221; animation_direction=&#8221;right&#8221; animation_intensity_slide=&#8221;5%&#8221; global_colors_info=&#8221;{}&#8221;]<\/p>\n<h2>US\u0141UGI<\/h2>\n<p>&nbsp;<\/p>\n<p>Wyszehradzki Instytut Patentowy, pe\u0142ni\u0105c funkcj\u0119 Mi\u0119dzynarodowego Organu Poszukiwa\u0144 i Mi\u0119dzynarodowego Organu Bada\u0144 Wst\u0119pnych na mocy Uk\u0142adu o Wsp\u00f3\u0142pracy Patentowej (PCT), \u015bwiadczy nast\u0119puj\u0105ce us\u0142ugi zgodnie z PCT:<\/p>\n<p><a href=\"https:\/\/vpi.int\/pl\/05-poszukiwanie-miedzynarodowe\/\"><span style=\"text-decoration: underline;\">Poszukiwanie mi\u0119dzynarodowe (IS) &gt;&gt;<\/span><\/a><br \/><span style=\"text-decoration: underline;\"><a href=\"https:\/\/vpi.int\/pl\/06-miedzynarodowe-badanie-wstepne\/\">Mi\u0119dzynarodowe badanie wst\u0119pne (IPE) &gt;&gt;<\/a><\/span><br \/><span style=\"text-decoration: underline;\"><a href=\"https:\/\/vpi.int\/pl\/07-dodatkowe-poszukiwanie-miedzynarodowe\/\">Dodatkowe poszukiwanie mi\u0119dzynarodowe (SIS) &gt;&gt;<\/a><\/span><br \/><a href=\"https:\/\/vpi.int\/pl\/12-poszukiwanie-typu-miedzynarodowego\/\" target=\"_blank\" rel=\"noopener\"><span style=\"text-decoration: underline;\">Poszukiwanie typu mi\u0119dzynarodowego (ITS) &gt;&gt;<\/span><\/a><br \/><a href=\"https:\/\/vpi.int\/pl\/13-usluga-poszukiwania-nowosci\/\" target=\"_blank\" rel=\"noopener\"><span style=\"text-decoration: underline;\">Us\u0142uga poszukiwania nowo\u015bci (NSS) &gt;&gt;<\/span><\/a><br \/><a href=\"https:\/\/vpi.int\/pl\/14-usluga-badania-nowosci-ze-wstenym-raportem-na-temat-zdolnosci-patentowej\/\" target=\"_blank\" rel=\"noopener\"><span style=\"text-decoration: underline;\">Us\u0142uga badania nowo\u015bci ze wst\u0119nym raportem na temat zdolno\u015bci patentowej (NSPPR) &gt;&gt;<\/span><\/a><\/p>\n<p>[\/et_pb_text][et_pb_button button_url=&#8221;https:\/\/vpi.int\/pl\/04-uslugi\/&#8221; button_text=&#8221;Odwied\u017a Us\u0142ugi&#8221; _builder_version=&#8221;4.17.1&#8243; _module_preset=&#8221;default&#8221; custom_button=&#8221;on&#8221; button_icon=&#8221;&#x35;||divi||400&#8243; global_colors_info=&#8221;{}&#8221;][\/et_pb_button][\/et_pb_column][\/et_pb_row][\/et_pb_section][et_pb_section fb_built=&#8221;1&#8243; admin_label=&#8221;Services&#8221; _builder_version=&#8221;4.16&#8243; _module_preset=&#8221;default&#8221; custom_padding=&#8221;90px|0px|90px|0px&#8221; global_colors_info=&#8221;{}&#8221;][et_pb_row column_structure=&#8221;1_3,1_3,1_3&#8243; use_custom_gutter=&#8221;on&#8221; make_equal=&#8221;on&#8221; _builder_version=&#8221;4.17.1&#8243; _module_preset=&#8221;default&#8221; global_colors_info=&#8221;{}&#8221;][et_pb_column type=&#8221;1_3&#8243; _builder_version=&#8221;4.17.1&#8243; _module_preset=&#8221;default&#8221; global_colors_info=&#8221;{}&#8221;][et_pb_divider color=&#8221;#007576&#8243; divider_weight=&#8221;5px&#8221; _builder_version=&#8221;4.17.1&#8243; _module_preset=&#8221;default&#8221; width=&#8221;60px&#8221; module_alignment=&#8221;left&#8221; global_colors_info=&#8221;{}&#8221;][\/et_pb_divider][et_pb_text _builder_version=&#8221;4.17.1&#8243; _module_preset=&#8221;default&#8221; animation_style=&#8221;slide&#8221; animation_direction=&#8221;bottom&#8221; animation_intensity_slide=&#8221;5%&#8221; global_colors_info=&#8221;{}&#8221;]<\/p>\n<h2>O PCT<\/h2>\n<p>&nbsp;<\/p>\n<p>PCT jest umow\u0105 mi\u0119dzynarodow\u0105, kt\u00f3ra umo\u017cliwia jednoczesne ubieganie si\u0119 o ochron\u0119 patentow\u0105 w wielu krajach poprzez wniesienie jednego zg\u0142oszenia. Udzielenie patentu podlega przepisom krajowym lub regionalnym.<\/p>\n<p>[\/et_pb_text][et_pb_button button_url=&#8221;https:\/\/vpi.int\/pl\/03-o-pct\/&#8221; button_text=&#8221;Wi\u0119cej o PCT&#8221; disabled_on=&#8221;off|off|on&#8221; _builder_version=&#8221;4.17.1&#8243; _module_preset=&#8221;default&#8221; custom_button=&#8221;on&#8221; button_icon=&#8221;&#x35;||divi||400&#8243; global_colors_info=&#8221;{}&#8221;][\/et_pb_button][\/et_pb_column][et_pb_column type=&#8221;1_3&#8243; _builder_version=&#8221;4.17.1&#8243; _module_preset=&#8221;default&#8221; global_colors_info=&#8221;{}&#8221;][et_pb_divider color=&#8221;#808080&#8243; divider_weight=&#8221;5px&#8221; _builder_version=&#8221;4.17.1&#8243; _module_preset=&#8221;default&#8221; width=&#8221;60px&#8221; module_alignment=&#8221;left&#8221; global_colors_info=&#8221;{}&#8221;][\/et_pb_divider][et_pb_text _builder_version=&#8221;4.17.1&#8243; _module_preset=&#8221;default&#8221; animation_style=&#8221;slide&#8221; animation_direction=&#8221;bottom&#8221; animation_intensity_slide=&#8221;5%&#8221; global_colors_info=&#8221;{}&#8221;]<\/p>\n<h2>Op\u0142aty i zwroty<\/h2>\n<p>&nbsp;<\/p>\n<p>Pobierz formularz zwrotu op\u0142aty za poszukiwanie z tej strony i znajd\u017a szczeg\u00f3\u0142owe instrukcje, jak przes\u0142a\u0107 go w celu szybkiej p\u0142atno\u015bci. Przeczytaj o zapewnieniu jako\u015bci oraz ramach prawnych funkcjonowania WIP w naszych oficjalnych dokumentach.<\/p>\n<p>[\/et_pb_text][et_pb_button button_url=&#8221;https:\/\/vpi.int\/pl\/08-oplaty-i-zwroty\/&#8221; button_text=&#8221;Stron\u0119 Op\u0142aty i zwroty&#8221; disabled_on=&#8221;off|off|on&#8221; _builder_version=&#8221;4.17.1&#8243; _module_preset=&#8221;default&#8221; custom_button=&#8221;on&#8221; button_icon=&#8221;&#x35;||divi||400&#8243; global_colors_info=&#8221;{}&#8221;][\/et_pb_button][\/et_pb_column][et_pb_column type=&#8221;1_3&#8243; _builder_version=&#8221;4.17.1&#8243; _module_preset=&#8221;default&#8221; global_colors_info=&#8221;{}&#8221;][et_pb_divider color=&#8221;#145670&#8243; divider_weight=&#8221;5px&#8221; _builder_version=&#8221;4.17.1&#8243; _module_preset=&#8221;default&#8221; width=&#8221;60px&#8221; module_alignment=&#8221;left&#8221; global_colors_info=&#8221;{}&#8221;][\/et_pb_divider][et_pb_text _builder_version=&#8221;4.17.1&#8243; _module_preset=&#8221;default&#8221; animation_style=&#8221;slide&#8221; animation_direction=&#8221;bottom&#8221; animation_intensity_slide=&#8221;5%&#8221; global_colors_info=&#8221;{}&#8221;]<\/p>\n<h2>Centrum wiedzy<\/h2>\n<p>&nbsp;<\/p>\n<p>Centrum wiedzy Wyszehradzkiego Instytutu Patentowego zosta\u0142o utworzone w celu dzielenia si\u0119 badaniami, statystykami, najlepszymi praktykami przemys\u0142owymi i informacjami por\u00f3wnawczymi na temat mi\u0119dzynarodowych patent\u00f3w w krajach Grupy Wyszehradzkiej poprzez publikacje i wydarzenia.<\/p>\n<p>[\/et_pb_text][et_pb_button button_url=&#8221;https:\/\/vpi.int\/pl\/09-centrum-wiedzy\/&#8221; button_text=&#8221;Odwied\u017a Centrum wiedzy&#8221; disabled_on=&#8221;off|off|on&#8221; _builder_version=&#8221;4.17.1&#8243; _module_preset=&#8221;default&#8221; custom_button=&#8221;on&#8221; button_icon=&#8221;&#x35;||divi||400&#8243; global_colors_info=&#8221;{}&#8221;][\/et_pb_button][\/et_pb_column][\/et_pb_row][et_pb_row column_structure=&#8221;1_3,1_3,1_3&#8243; _builder_version=&#8221;4.17.1&#8243; _module_preset=&#8221;default&#8221; global_colors_info=&#8221;{}&#8221;][et_pb_column type=&#8221;1_3&#8243; _builder_version=&#8221;4.17.1&#8243; _module_preset=&#8221;default&#8221; global_colors_info=&#8221;{}&#8221;][et_pb_button button_url=&#8221;https:\/\/vpi.int\/pl\/03-o-pct\/&#8221; button_text=&#8221;Wi\u0119cej o PCT&#8221; disabled_on=&#8221;on|on|off&#8221; _builder_version=&#8221;4.17.1&#8243; _module_preset=&#8221;default&#8221; custom_button=&#8221;on&#8221; button_icon=&#8221;&#x35;||divi||400&#8243; global_colors_info=&#8221;{}&#8221;][\/et_pb_button][\/et_pb_column][et_pb_column type=&#8221;1_3&#8243; _builder_version=&#8221;4.17.1&#8243; _module_preset=&#8221;default&#8221; global_colors_info=&#8221;{}&#8221;][et_pb_button button_url=&#8221;https:\/\/vpi.int\/pl\/08-oplaty-i-zwroty\/&#8221; button_text=&#8221;Stron\u0119 Op\u0142aty i zwroty&#8221; disabled_on=&#8221;on|on|off&#8221; _builder_version=&#8221;4.17.1&#8243; _module_preset=&#8221;default&#8221; custom_button=&#8221;on&#8221; button_icon=&#8221;&#x35;||divi||400&#8243; global_colors_info=&#8221;{}&#8221;][\/et_pb_button][\/et_pb_column][et_pb_column type=&#8221;1_3&#8243; _builder_version=&#8221;4.17.1&#8243; _module_preset=&#8221;default&#8221; global_colors_info=&#8221;{}&#8221;][et_pb_button button_url=&#8221;https:\/\/vpi.int\/pl\/09-centrum-wiedzy\/&#8221; button_text=&#8221;Odwied\u017a Centrum wiedzy&#8221; disabled_on=&#8221;on|on|off&#8221; _builder_version=&#8221;4.17.1&#8243; _module_preset=&#8221;default&#8221; custom_button=&#8221;on&#8221; button_icon=&#8221;&#x35;||divi||400&#8243; global_colors_info=&#8221;{}&#8221;][\/et_pb_button][\/et_pb_column][\/et_pb_row][\/et_pb_section][et_pb_section fb_built=&#8221;1&#8243; disabled_on=&#8221;on|on|off&#8221; _builder_version=&#8221;4.17.1&#8243; _module_preset=&#8221;default&#8221; background_color=&#8221;#145670&#8243; use_background_color_gradient=&#8221;on&#8221; background_color_gradient_direction=&#8221;70deg&#8221; background_color_gradient_stops=&#8221;rgba(0,17,30,0.78) 25%|rgba(0,117,118,0.5) 100%&#8221; background_image=&#8221;https:\/\/vpi.int\/pl\/wp-content\/uploads\/2022\/06\/VPI_citys_turquise_02_01.jpg&#8221; background_size=&#8221;initial&#8221; background_blend=&#8221;soft-light&#8221; background_enable_pattern_style=&#8221;on&#8221; background_pattern_style=&#8221;diagonal-stripes-2&#8243; background_pattern_color=&#8221;rgba(0,117,118,0.2)&#8221; custom_padding=&#8221;130px||130px||true|false&#8221; animation_style=&#8221;fade&#8221; background_last_edited=&#8221;on|phone&#8221; background_size_tablet=&#8221;contain&#8221; global_colors_info=&#8221;{}&#8221;][et_pb_row _builder_version=&#8221;4.17.1&#8243; _module_preset=&#8221;default&#8221; background_enable_color=&#8221;off&#8221; custom_padding=&#8221;30px|30px|30px|30px|true|true&#8221; border_color_all=&#8221;#007576&#8243; global_colors_info=&#8221;{}&#8221;][et_pb_column type=&#8221;4_4&#8243; _builder_version=&#8221;4.17.1&#8243; _module_preset=&#8221;default&#8221; global_colors_info=&#8221;{}&#8221;][\/et_pb_column][\/et_pb_row][\/et_pb_section][et_pb_section fb_built=&#8221;1&#8243; custom_padding_last_edited=&#8221;on|phone&#8221; disabled_on=&#8221;off|off|on&#8221; _builder_version=&#8221;4.17.1&#8243; _module_preset=&#8221;default&#8221; background_color=&#8221;#145670&#8243; use_background_color_gradient=&#8221;on&#8221; background_color_gradient_direction=&#8221;70deg&#8221; background_color_gradient_stops=&#8221;rgba(0,17,30,0.78) 25%|rgba(0,117,118,0.5) 100%&#8221; background_image=&#8221;https:\/\/vpi.int\/pl\/wp-content\/uploads\/2022\/06\/VPI_citys_turquise_02_01.jpg&#8221; background_size=&#8221;initial&#8221; background_blend=&#8221;soft-light&#8221; background_enable_pattern_style=&#8221;on&#8221; background_pattern_style=&#8221;diagonal-stripes-2&#8243; background_pattern_color=&#8221;rgba(0,117,118,0.2)&#8221; custom_padding=&#8221;130px||130px||true|false&#8221; custom_padding_tablet=&#8221;25px||25px||true|false&#8221; custom_padding_phone=&#8221;140px||140px||true|false&#8221; animation_style=&#8221;fade&#8221; background_last_edited=&#8221;on|phone&#8221; background_image_phone=&#8221;https:\/\/vpi.int\/pl\/wp-content\/uploads\/2022\/06\/VPI_citys_mobile_01.jpg&#8221; background_enable_image_phone=&#8221;on&#8221; background_size_tablet=&#8221;contain&#8221; background_size_phone=&#8221;cover&#8221; background_image_width_phone=&#8221;0%&#8221; background_image_height_phone=&#8221;34%&#8221; global_colors_info=&#8221;{}&#8221;][et_pb_row _builder_version=&#8221;4.17.1&#8243; _module_preset=&#8221;default&#8221; background_enable_color=&#8221;off&#8221; custom_padding=&#8221;30px|30px|30px|30px|true|true&#8221; border_color_all=&#8221;#007576&#8243; global_colors_info=&#8221;{}&#8221;][et_pb_column type=&#8221;4_4&#8243; _builder_version=&#8221;4.17.1&#8243; _module_preset=&#8221;default&#8221; global_colors_info=&#8221;{}&#8221;][\/et_pb_column][\/et_pb_row][\/et_pb_section]<\/p>\n","protected":false},"excerpt":{"rendered":"<p>Aktualno\u015bcilinkedinyoutubePodpisano protok\u00f3\u0142 ustale\u0144 z chorwackim SIPO &nbsp; 10 marca 2026 r. W ramach dzia\u0142a\u0144 maj\u0105cych na celu rozszerzenie sieci wsp\u00f3\u0142pracy z krajami s\u0105siaduj\u0105cymi Wyszehradzki Instytut Patentowy (WIP) podpisa\u0142 10 marca 2026 r. w Zagrzebiu protok\u00f3\u0142 ustale\u0144 (MoU) z Pa\u0144stwowym Urz\u0119dem ds. W\u0142asno\u015bci Intelektualnej Republiki Chorwacji. W imieniu obu instytucji dokument podpisa\u0142y pani Ljiljana Kuterovac, dyrektor [&hellip;]<\/p>\n","protected":false},"author":2,"featured_media":0,"parent":0,"menu_order":0,"comment_status":"closed","ping_status":"closed","template":"","meta":{"_et_pb_use_builder":"on","_et_pb_old_content":"<!-- wp:divi\/layout -->\n<div class=\"wp-block-divi-layout\">[et_pb_section fb_built=\"1\" _builder_version=\"4.17.1\" _module_preset=\"default\" background_image=\"https:\/\/vpi.int\/pl\/wp-content\/uploads\/2022\/05\/VPI_citys-2.jpg\" background_size=\"contain\" background_position=\"center_right\" background_enable_pattern_style=\"on\" background_pattern_style=\"diagonal-stripes-2\" background_pattern_color=\"rgba(0,117,118,0.14)\" max_height=\"400px\" max_height_tablet=\"238px\" max_height_phone=\"125px\" max_height_last_edited=\"on|phone\" background_last_edited=\"on|phone\" background_size_tablet=\"contain\" background_size_phone=\"contain\" background_position_tablet=\"center\" global_colors_info=\"{}\"][et_pb_row _builder_version=\"4.17.1\" _module_preset=\"default\" custom_padding=\"100px||100px||true|false\" global_colors_info=\"{}\"][et_pb_column type=\"4_4\" _builder_version=\"4.17.1\" _module_preset=\"default\" global_colors_info=\"{}\"][\/et_pb_column][\/et_pb_row][\/et_pb_section][et_pb_section fb_built=\"1\" _builder_version=\"4.17.1\" _module_preset=\"default\" background_enable_color=\"off\" use_background_color_gradient=\"on\" background_color_gradient_direction=\"70deg\" background_color_gradient_stops=\"rgba(0,117,118,0.68) 0%|rgba(0,117,118,0.5) 100%\" background_enable_image=\"off\" background_blend=\"soft-light\" background_enable_pattern_style=\"on\" background_pattern_style=\"diagonal-stripes-2\" background_pattern_color=\"rgba(0,117,118,0.17)\" custom_padding=\"47px|||||\" global_colors_info=\"{}\"][et_pb_row _builder_version=\"4.17.1\" _module_preset=\"default\" background_enable_color=\"off\" custom_padding=\"30px|30px|30px|30px|true|true\" border_color_all=\"#007576\" global_colors_info=\"{}\"][et_pb_column type=\"4_4\" _builder_version=\"4.17.1\" _module_preset=\"default\" global_colors_info=\"{}\"][et_pb_text _builder_version=\"4.17.1\" _module_preset=\"default\" text_font=\"Barlow|300||on|||||\" text_text_color=\"#FFFFFF\" text_font_size=\"22px\" text_letter_spacing=\"5px\" text_line_height=\"1.5em\" header_text_color=\"#FFFFFF\" header_2_font=\"Barlow|600||on|||||\" header_2_text_color=\"#FFFFFF\" header_2_font_size=\"40px\" header_2_letter_spacing=\"5px\" header_2_line_height=\"1.1em\" width=\"70%\" global_colors_info=\"{}\"]<h2>Lorem ipsum dolor<br>sit amet<\/h2>\n<p>&nbsp;<\/p>\n<p>This is a Banner. Lorem ipsum dolor sit amet, consectetur adipisicing elit, sed do eiusmod tempor incididunt ut labore et dolore magna aliqua.<\/p>[\/et_pb_text][et_pb_button button_text=\"Click Here\" _builder_version=\"4.17.1\" _module_preset=\"default\" global_colors_info=\"{}\"][\/et_pb_button][\/et_pb_column][\/et_pb_row][\/et_pb_section][et_pb_section fb_built=\"1\" admin_label=\"Services\" _builder_version=\"4.16\" _module_preset=\"default\" custom_padding=\"90px|0px|90px|0px\" global_colors_info=\"{}\"][et_pb_row column_structure=\"1_2,1_2\" _builder_version=\"4.17.1\" _module_preset=\"default\" global_colors_info=\"{}\"][et_pb_column type=\"1_2\" _builder_version=\"4.17.1\" _module_preset=\"default\" global_colors_info=\"{}\"][et_pb_divider color=\"#007576\" divider_weight=\"5px\" _builder_version=\"4.17.1\" _module_preset=\"default\" width=\"60px\" module_alignment=\"left\" global_colors_info=\"{}\"][\/et_pb_divider][et_pb_text _builder_version=\"4.17.1\" _module_preset=\"default\" global_colors_info=\"{}\"]<h2>About Visegrad Patent Institute<\/h2>\n<p>&nbsp;<\/p>\n<p><strong>Lorem ipsum dolor sit amet, consectetur adipisicing elit, sed do eiusmod tempor incididunt ut labore et dolore magna aliqua.<\/strong> Ut enim ad minim veniam, quis nostrud exercitation ullamco laboris nisi ut aliquip ex ea commodo consequat. Duis aute irure dolor in reprehenderit in voluptate velit esse cillum dolore eu fugiat nulla pariatur. Excepteur sint occaecat cupidatat non proident, sunt in culpa qui officia deserunt mollit anim id est laborum. Ur sint occaecat cupidatat non proident, sunt in culpa qui officia deserunt mollit anim id est laborum.<\/p>[\/et_pb_text][\/et_pb_column][et_pb_column type=\"1_2\" _builder_version=\"4.17.1\" _module_preset=\"default\" global_colors_info=\"{}\"][et_pb_text _builder_version=\"4.17.1\" _module_preset=\"default\" global_colors_info=\"{}\"]<p>Lorem ipsum dolor sit amet, consectetur adipisicing elit, sed do eiusmod tempor incididunt ut labore et dolore magna aliqua. Ut enim ad minim veniam, quis nostrud exercitation ullamco laboris nisi ut aliquip ex ea commodo consequat. Duis aute irure dolor in reprehenderit in voluptate velit esse cillum dolore eu fugiat nulla pariatur. Excepteur sint occaecat cupidatat non proident, sunt in culpa qui officia deserunt mollit anim id est laborum. Ur sint occaecat cupidatat non proident, sunt in culpa qui officia deserunt mollit anim id est laborum. Duis aute irure dolor in reprehenderit in voluptate velit esse cillum dolore eu fugiat nulla pariatur.Lorem ipsum dolor sit amet, consectetur adipisicing elit, sed do eiusmod tempor incididunt ut labore et dolore magna aliqua. Ut enim ad minim veniam, quis nostrud exercitation ullamco laboris nisi ut aliquip ex ea commodo consequat. Lorem ipsum dolor sit amet, consectetur adipisicing.<\/p>\n<p><a href=\"#\">this is a link &gt;&gt;<\/a><\/p>[\/et_pb_text][\/et_pb_column][\/et_pb_row][\/et_pb_section][et_pb_section fb_built=\"1\" admin_label=\"Split Section\" _builder_version=\"4.16\" _module_preset=\"default\" custom_padding=\"0px||0px|\" animation_style=\"fold\" animation_direction=\"bottom\" animation_intensity_fold=\"4%\" global_colors_info=\"{}\"][et_pb_row column_structure=\"1_2,1_2\" use_custom_gutter=\"on\" gutter_width=\"1\" make_equal=\"on\" module_class=\" et_pb_row_fullwidth\" _builder_version=\"4.17.1\" _module_preset=\"default\" background_size=\"initial\" background_position=\"top_left\" background_repeat=\"repeat\" width=\"100%\" width_tablet=\"100%\" width_phone=\"100%\" width_last_edited=\"on|desktop\" max_width=\"100%\" max_width_tablet=\"100%\" max_width_phone=\"100%\" max_width_last_edited=\"on|desktop\" custom_margin=\"0px||0px|\" custom_padding=\"0px||0px|\" make_fullwidth=\"on\" global_colors_info=\"{}\"][et_pb_column type=\"1_2\" _builder_version=\"4.17.1\" _module_preset=\"default\" use_background_color_gradient=\"on\" background_color_gradient_direction=\"60deg\" background_color_gradient_stops=\"#007576 0%|rgba(41,196,169,0.29) 100%\" background_enable_image=\"off\" background_position=\"top_left\" custom_padding=\"|||\" global_colors_info=\"{}\" custom_padding__hover=\"|||\"][\/et_pb_column][et_pb_column type=\"1_2\" _builder_version=\"4.16\" _module_preset=\"default\" background_color=\"#f4f4f4\" background_position=\"top_left\" custom_padding=\"8%|6%|8%|6%\" global_colors_info=\"{}\" custom_padding__hover=\"|||\"][et_pb_text _builder_version=\"4.17.1\" _module_preset=\"default\" custom_padding=\"||38px|||\" global_colors_info=\"{}\"]<h2>About the PCT<\/h2>\n<p>&nbsp;<\/p>\n<p><strong>Lorem ipsum dolor sit amet, consectetur adipisicing elit, sed do eiusmod tempor incididunt ut labore et dolore magna aliqua.<\/strong> Ut enim ad minim veniam, quis nostrud exercitation ullamco laboris nisi ut aliquip ex ea commodo consequat. Duis aute irure dolor in reprehenderit in voluptate velit esse cillum dolore eu fugiat nulla pariatur. Excepteur sint occaecat cupidatat non proident, sunt in culpa qui officia deserunt mollit anim id est laborum. Ur sint occaecat cupidatat non proident, sunt in culpa qui officia deserunt mollit anim id est laborum.<\/p>[\/et_pb_text][et_pb_button button_text=\"Click Here\" _builder_version=\"4.17.1\" _module_preset=\"default\" global_colors_info=\"{}\"][\/et_pb_button][\/et_pb_column][\/et_pb_row][\/et_pb_section][et_pb_section fb_built=\"1\" admin_label=\"Services\" _builder_version=\"4.16\" _module_preset=\"default\" custom_padding=\"90px|0px|90px|0px\" global_colors_info=\"{}\"][et_pb_row column_structure=\"1_3,1_3,1_3\" _builder_version=\"4.17.1\" _module_preset=\"default\" global_colors_info=\"{}\"][et_pb_column type=\"1_3\" _builder_version=\"4.17.1\" _module_preset=\"default\" global_colors_info=\"{}\"][et_pb_divider color=\"#007576\" divider_weight=\"5px\" _builder_version=\"4.17.1\" _module_preset=\"default\" width=\"60px\" module_alignment=\"left\" global_colors_info=\"{}\"][\/et_pb_divider][et_pb_text _builder_version=\"4.17.1\" _module_preset=\"default\" global_colors_info=\"{}\"]<h2>Services<\/h2>\n<p>&nbsp;<\/p>\n<p>Lorem ipsum dolor sit amet, consectetur adipisicing elit, sed do eiusmod tempor incididunt ut labore et dolore magna aliqua. Ut enim ad minim veniam, quis nostrud exercitation ullamco laboris nisi ut aliquip ex ea commodo consequat.&nbsp;<\/p>[\/et_pb_text][et_pb_button button_text=\"Click Here\" _builder_version=\"4.17.1\" _module_preset=\"default\" global_colors_info=\"{}\"][\/et_pb_button][\/et_pb_column][et_pb_column type=\"1_3\" _builder_version=\"4.17.1\" _module_preset=\"default\" global_colors_info=\"{}\"][et_pb_divider color=\"#808080\" divider_weight=\"5px\" _builder_version=\"4.17.1\" _module_preset=\"default\" width=\"60px\" module_alignment=\"left\" global_colors_info=\"{}\"][\/et_pb_divider][et_pb_text _builder_version=\"4.17.1\" _module_preset=\"default\" global_colors_info=\"{}\"]<h2>Documents<\/h2>\n<p>&nbsp;<\/p>\n<p>Lorem ipsum dolor sit amet, consectetur adipisicing elit, sed do eiusmod tempor incididunt ut labore et dolore magna aliqua. Ut enim ad minim veniam, quis nostrud exercitation ullamco laboris nisi ut aliquip ex ea commodo consequat.<\/p>[\/et_pb_text][et_pb_button button_text=\"Click Here\" _builder_version=\"4.17.1\" _module_preset=\"default\" global_colors_info=\"{}\"][\/et_pb_button][\/et_pb_column][et_pb_column type=\"1_3\" _builder_version=\"4.17.1\" _module_preset=\"default\" global_colors_info=\"{}\"][et_pb_divider color=\"#145670\" divider_weight=\"5px\" _builder_version=\"4.17.1\" _module_preset=\"default\" width=\"60px\" module_alignment=\"left\" global_colors_info=\"{}\"][\/et_pb_divider][et_pb_text _builder_version=\"4.17.1\" _module_preset=\"default\" global_colors_info=\"{}\"]<h2>Knowledge hub<\/h2>\n<p>&nbsp;<\/p>\n<p>Lorem ipsum dolor sit amet, consectetur adipisicing elit, sed do eiusmod tempor incididunt ut labore et dolore magna aliqua. Ut enim ad minim veniam, quis nostrud exercitation ullamco laboris nisi ut aliquip ex ea commodo consequat.<\/p>[\/et_pb_text][et_pb_button button_text=\"Click Here\" _builder_version=\"4.17.1\" _module_preset=\"default\" global_colors_info=\"{}\"][\/et_pb_button][\/et_pb_column][\/et_pb_row][\/et_pb_section][et_pb_section fb_built=\"1\" disabled_on=\"on|on|off\" _builder_version=\"4.17.1\" _module_preset=\"default\" background_color=\"#145670\" use_background_color_gradient=\"on\" background_color_gradient_direction=\"70deg\" background_color_gradient_stops=\"rgba(0,17,30,0.78) 25%|rgba(0,117,118,0.5) 100%\" background_image=\"https:\/\/vpi.int\/pl\/wp-content\/uploads\/2022\/05\/VPI_citys_turquise_02.jpg\" background_size=\"initial\" background_blend=\"soft-light\" background_enable_pattern_style=\"on\" background_pattern_style=\"diagonal-stripes-2\" background_pattern_color=\"rgba(0,117,118,0.2)\" custom_padding=\"140px||140px||true|false\" background_last_edited=\"on|phone\" background_size_tablet=\"contain\" global_colors_info=\"{}\"][et_pb_row _builder_version=\"4.17.1\" _module_preset=\"default\" background_enable_color=\"off\" custom_padding=\"30px|30px|30px|30px|true|true\" border_color_all=\"#007576\" global_colors_info=\"{}\"][et_pb_column type=\"4_4\" _builder_version=\"4.17.1\" _module_preset=\"default\" global_colors_info=\"{}\"][et_pb_text _builder_version=\"4.17.1\" _module_preset=\"default\" text_font=\"Barlow|300||on|||||\" text_text_color=\"#FFFFFF\" text_font_size=\"22px\" text_letter_spacing=\"5px\" text_line_height=\"1.5em\" header_text_color=\"#FFFFFF\" header_2_font=\"Barlow|600||on|||||\" header_2_text_color=\"#FFFFFF\" header_2_font_size=\"40px\" header_2_letter_spacing=\"5px\" header_2_line_height=\"1.1em\" width=\"70%\" text_text_shadow_style=\"preset1\" global_colors_info=\"{}\"]<h2>Contact us<\/h2>[\/et_pb_text][\/et_pb_column][\/et_pb_row][\/et_pb_section][et_pb_section fb_built=\"1\" _builder_version=\"4.17.1\" _module_preset=\"default\" width=\"100%\" custom_padding=\"||35px|||\" global_colors_info=\"{}\"][et_pb_row _builder_version=\"4.17.1\" _module_preset=\"default\" global_colors_info=\"{}\"][et_pb_column type=\"4_4\" _builder_version=\"4.17.1\" _module_preset=\"default\" global_colors_info=\"{}\"][et_pb_text _builder_version=\"4.17.1\" _module_preset=\"default\" global_colors_info=\"{}\"]<h2>VPI Secretariat and Director<\/h2>[\/et_pb_text][\/et_pb_column][\/et_pb_row][et_pb_row column_structure=\"1_2,1_2\" _builder_version=\"4.17.1\" _module_preset=\"default\" global_colors_info=\"{}\"][et_pb_column type=\"1_2\" _builder_version=\"4.17.1\" _module_preset=\"default\" global_colors_info=\"{}\"][et_pb_text _builder_version=\"4.17.1\" _module_preset=\"default\" global_colors_info=\"{}\"]<p><strong>Postal address:<\/strong><br>Visegrad Patent Institute<br>II. J\u00e1nos P\u00e1l p\u00e1pa t\u00e9r 7.<br>H-1081 Budapest<br>Hungary<\/p>\n<p><strong>Director:<\/strong><br>Dr. Johanna Stadler<br>E-mail: director@vpi.int<br>Telephone (Director): +36 20 386 3557<\/p>\n<p><strong>Secretariat:<\/strong><br>E-mail: secretariat@vpi.int<br>Telefon (Secretariat): +36 1 951 5770, +36 70 386 3507<\/p>[\/et_pb_text][\/et_pb_column][et_pb_column type=\"1_2\" _builder_version=\"4.17.1\" _module_preset=\"default\" global_colors_info=\"{}\"][et_pb_text _builder_version=\"4.17.1\" _module_preset=\"default\" global_colors_info=\"{}\"]<p><strong>Opening hours:<\/strong><br>Monday to Friday 9:00-14:00<\/p>\n<p><strong>Bank account:<\/strong><br>Account holder's name: Visegrad Patent Institute<br>Bank: Raiffeisen Bank Zrt., 1133 Budapest, V\u00e1ci \u00fat 116-118.<br>IBAN: HU66-12012204-01799099-00200000<br>SWIFT Code: UBRTHUHB<\/p>\n<p><strong>GPS location:<\/strong> 47\u00b029'43.5\"N 19\u00b004'36.2\"E<\/p>[\/et_pb_text][\/et_pb_column][\/et_pb_row][\/et_pb_section][et_pb_section fb_built=\"1\" _builder_version=\"4.17.1\" _module_preset=\"default\" global_colors_info=\"{}\"][et_pb_row column_structure=\"1_4,1_4,1_4,1_4\" _builder_version=\"4.17.1\" _module_preset=\"default\" global_colors_info=\"{}\"][et_pb_column type=\"1_4\" _builder_version=\"4.17.1\" _module_preset=\"default\" global_colors_info=\"{}\"][et_pb_image src=\"https:\/\/vpi.int\/pl\/wp-content\/uploads\/2022\/05\/UKAS9001-small.jpg\" title_text=\"UKAS9001-small\" _builder_version=\"4.17.1\" _module_preset=\"default\" global_colors_info=\"{}\"][\/et_pb_image][\/et_pb_column][et_pb_column type=\"1_4\" _builder_version=\"4.17.1\" _module_preset=\"default\" global_colors_info=\"{}\"][et_pb_image src=\"https:\/\/vpi.int\/pl\/wp-content\/uploads\/2022\/05\/visegrad_fund_logo_blue.jpg\" title_text=\"visegrad_fund_logo_blue\" _builder_version=\"4.17.1\" _module_preset=\"default\" global_colors_info=\"{}\"][\/et_pb_image][\/et_pb_column][et_pb_column type=\"1_4\" _builder_version=\"4.17.1\" _module_preset=\"default\" global_colors_info=\"{}\"][\/et_pb_column][et_pb_column type=\"1_4\" _builder_version=\"4.17.1\" _module_preset=\"default\" global_colors_info=\"{}\"][\/et_pb_column][\/et_pb_row][\/et_pb_section][et_pb_section fb_built=\"1\" _builder_version=\"4.17.1\" _module_preset=\"default\" background_color=\"rgba(68,68,68,0.1)\" custom_padding=\"16px|||||\" global_colors_info=\"{}\"][et_pb_row column_structure=\"1_4,1_4,1_4,1_4\" _builder_version=\"4.17.1\" _module_preset=\"default\" global_colors_info=\"{}\"][et_pb_column type=\"1_4\" _builder_version=\"4.17.1\" _module_preset=\"default\" global_colors_info=\"{}\"][et_pb_text _builder_version=\"4.17.1\" _module_preset=\"default\" global_colors_info=\"{}\"]<p><strong>Czech branch office<\/strong><\/p>\n<p>Industrial Property Office of the Czech Republic<br>Anton\u00edna \u010cerm\u00e1ka 2a<br>160 68 Praha 6 \u2013 Bubene\u010d<br>Czech Republic<br>E-mail: cz@vpi.int, posta@upv.cz<br>Phone: 220 383 111<br>Fax: 224 324 718<\/p>\n<p><strong>Opening hours:<\/strong><br>Monday: 8:00 \u2013 17:00<br>Tuesday: 8:00 \u2013 16:00<br>Wednesday: 8:00 \u2013 17:00<br>Thursday: 8:00 \u2013 16:00<br>Friday: 8:00 \u2013 14:30<\/p>\n<p><strong>GPS location:<\/strong> 50\u00b006'28.1\"N 14\u00b024'02.2\"E<\/p>[\/et_pb_text][\/et_pb_column][et_pb_column type=\"1_4\" _builder_version=\"4.17.1\" _module_preset=\"default\" global_colors_info=\"{}\"][et_pb_text _builder_version=\"4.17.1\" _module_preset=\"default\" global_colors_info=\"{}\"]<p><strong>Hungarian branch office<\/strong><\/p>\n<p>Hungarian Intellectual Property Office<br>II. J\u00e1nos P\u00e1l p\u00e1pa t\u00e9r 7.<br>H-1081 Budapest<br>Hungary<br>E-mail: hu@vpi.int, sztnh@hipo.gov.hu<br>Phone: +36 (1) 312 4400<br>Fax: +36 (1) 474 5534<\/p>\n<p><strong>Opening hours:<\/strong><br>Monday 9.00 - 13.00<br>Tuesday 9.00 - 13.00<br>Wednesday 10.00 - 18.00<br>Thursday 9.00 -13.00<br>Friday 9.00 - 11.00<\/p>[\/et_pb_text][\/et_pb_column][et_pb_column type=\"1_4\" _builder_version=\"4.17.1\" _module_preset=\"default\" global_colors_info=\"{}\"][et_pb_text _builder_version=\"4.17.1\" _module_preset=\"default\" global_colors_info=\"{}\"]<p><strong>Polish branch office<\/strong><\/p>\n<p>Patent Office of the Republic of Poland <br>Al. Niepodleg\u0142o\u015bci 188\/192<br>00-950 Warszawa<br>Poland<br>P.O. box 203<br>E-mail: pl@vpi.int, Contact.Center@uprp.gov.pl<br>Phone: +48 22 579 05 55<br>Fax: +48 22 579 00 01<\/p>\n<p><strong>Opening hours:<\/strong><br>Monday to Friday 8:00 \u2013 16:00<\/p>\n<p>Correspondence can be submitted to the Patent Office of the Republic of Poland also after working hours and on days off.<\/p>\n<p><strong>GPS location:<\/strong> 52.216101,21.007458,14<\/p>[\/et_pb_text][\/et_pb_column][et_pb_column type=\"1_4\" _builder_version=\"4.17.1\" _module_preset=\"default\" global_colors_info=\"{}\"][et_pb_text _builder_version=\"4.17.1\" _module_preset=\"default\" global_colors_info=\"{}\"]<p><strong>Slovak branch office<\/strong><\/p>\n<p>Industrial Property Office of the Slovak Republic<br>\u0160vermova 43<br>974 04 Bansk\u00e1 Bystrica 4<br>Slovak Republic<br>E-mail: sk@vpi.int, infocentrum@indprop.gov.sk<br>Phone: +421 48 4300 131<br>Fax: +421 48 4132 563<\/p>\n<p><strong>Opening hours:<\/strong><br>Monday 9:00 - 15:00<br>Tuesday 9:00 - 15:00<br>Wednesday 9:00 - 15:00<br>Thursday 9:00 - 15:00<br>Friday 9:00 - 15:00<\/p>\n<p><strong>GPS s\u00faradnice:<\/strong> 48.731761, 19.125667:<\/p>[\/et_pb_text][\/et_pb_column][\/et_pb_row][\/et_pb_section][et_pb_section fb_built=\"1\" _builder_version=\"4.17.1\" _module_preset=\"default\" background_color=\"#808080\" custom_padding=\"16px||0px||false|false\" global_colors_info=\"{}\"][et_pb_row column_structure=\"1_4,1_4,1_4,1_4\" _builder_version=\"4.17.1\" _module_preset=\"default\" custom_padding=\"||0px|||\" global_colors_info=\"{}\"][et_pb_column type=\"1_4\" _builder_version=\"4.17.1\" _module_preset=\"default\" global_colors_info=\"{}\"][et_pb_text _builder_version=\"4.17.1\" _module_preset=\"default\" text_text_color=\"#FFFFFF\" global_colors_info=\"{}\"]<p><strong>Secretariat of the Visegrad Patent Institute<\/strong><\/p>\n<p>II. J\u00e1nos P\u00e1l p\u00e1pa t\u00e9r 7.<br>H-1081 Budapest, Hungary<br>E-mail: secretariat@vpi.int<br>Phone: +36 1&nbsp;613 5130<br><a href=\"#\">www.vpi.int<\/a><\/p>[\/et_pb_text][\/et_pb_column][et_pb_column type=\"1_4\" _builder_version=\"4.17.1\" _module_preset=\"default\" global_colors_info=\"{}\"][\/et_pb_column][et_pb_column type=\"1_4\" _builder_version=\"4.17.1\" _module_preset=\"default\" global_colors_info=\"{}\"][\/et_pb_column][et_pb_column type=\"1_4\" _builder_version=\"4.17.1\" _module_preset=\"default\" global_colors_info=\"{}\"][et_pb_text _builder_version=\"4.17.1\" _module_preset=\"default\" text_text_color=\"#FFFFFF\" global_colors_info=\"{}\"]<p><strong>Design and Code<\/strong><\/p>\n<p>Roni Zongor \/ DESIGN<\/p>\n<p><em>\"Design with care\"<\/em><\/p>\n<p><a href=\"#\">www.design.ronizongor.com<\/a><\/p>[\/et_pb_text][\/et_pb_column][\/et_pb_row][\/et_pb_section]<\/div>\n<!-- \/wp:divi\/layout -->","_et_gb_content_width":"","footnotes":""},"class_list":["post-177","page","type-page","status-publish","hentry"],"_links":{"self":[{"href":"https:\/\/vpi.int\/pl\/wp-json\/wp\/v2\/pages\/177","targetHints":{"allow":["GET"]}}],"collection":[{"href":"https:\/\/vpi.int\/pl\/wp-json\/wp\/v2\/pages"}],"about":[{"href":"https:\/\/vpi.int\/pl\/wp-json\/wp\/v2\/types\/page"}],"author":[{"embeddable":true,"href":"https:\/\/vpi.int\/pl\/wp-json\/wp\/v2\/users\/2"}],"replies":[{"embeddable":true,"href":"https:\/\/vpi.int\/pl\/wp-json\/wp\/v2\/comments?post=177"}],"version-history":[{"count":107,"href":"https:\/\/vpi.int\/pl\/wp-json\/wp\/v2\/pages\/177\/revisions"}],"predecessor-version":[{"id":1690,"href":"https:\/\/vpi.int\/pl\/wp-json\/wp\/v2\/pages\/177\/revisions\/1690"}],"wp:attachment":[{"href":"https:\/\/vpi.int\/pl\/wp-json\/wp\/v2\/media?parent=177"}],"curies":[{"name":"wp","href":"https:\/\/api.w.org\/{rel}","templated":true}]}}